{"version":"1.0","provider_name":"Promin","provider_url":"https:\/\/www.promin.it\/fr\/","author_name":"Promin","author_url":"https:\/\/www.promin.it\/fr\/author\/promin\/","title":"Virus de la grippe et rhume - Promin","type":"rich","width":600,"height":338,"html":"<blockquote class=\"wp-embedded-content\" data-secret=\"yjv7dfqg0f\"><a href=\"https:\/\/www.promin.it\/fr\/virus-de-la-grippe-et-le-rhume-maladie\/\">Virus de la grippe et rhume<\/a><\/blockquote><iframe sandbox=\"allow-scripts\" security=\"restricted\" src=\"https:\/\/www.promin.it\/fr\/virus-de-la-grippe-et-le-rhume-maladie\/embed\/#?secret=yjv7dfqg0f\" width=\"600\" height=\"338\" title=\"\u00ab\u00a0Virus de la grippe et rhume\u00a0\u00bb &#8212; Promin\" data-secret=\"yjv7dfqg0f\" frameborder=\"0\" marginwidth=\"0\" marginheight=\"0\" scrolling=\"no\" class=\"wp-embedded-content\"><\/iframe><script>\n\/*! This file is auto-generated *\/\n!function(d,l){\"use strict\";l.querySelector&&d.addEventListener&&\"undefined\"!=typeof URL&&(d.wp=d.wp||{},d.wp.receiveEmbedMessage||(d.wp.receiveEmbedMessage=function(e){var t=e.data;if((t||t.secret||t.message||t.value)&&!\/[^a-zA-Z0-9]\/.test(t.secret)){for(var s,r,n,a=l.querySelectorAll('iframe[data-secret=\"'+t.secret+'\"]'),o=l.querySelectorAll('blockquote[data-secret=\"'+t.secret+'\"]'),c=new RegExp(\"^https?:$\",\"i\"),i=0;i<o.length;i++)o[i].style.display=\"none\";for(i=0;i<a.length;i++)s=a[i],e.source===s.contentWindow&&(s.removeAttribute(\"style\"),\"height\"===t.message?(1e3<(r=parseInt(t.value,10))?r=1e3:~~r<200&&(r=200),s.height=r):\"link\"===t.message&&(r=new URL(s.getAttribute(\"src\")),n=new URL(t.value),c.test(n.protocol))&&n.host===r.host&&l.activeElement===s&&(d.top.location.href=t.value))}},d.addEventListener(\"message\",d.wp.receiveEmbedMessage,!1),l.addEventListener(\"DOMContentLoaded\",function(){for(var e,t,s=l.querySelectorAll(\"iframe.wp-embedded-content\"),r=0;r<s.length;r++)(t=(e=s[r]).getAttribute(\"data-secret\"))||(t=Math.random().toString(36).substring(2,12),e.src+=\"#?secret=\"+t,e.setAttribute(\"data-secret\",t)),e.contentWindow.postMessage({message:\"ready\",secret:t},\"*\")},!1)))}(window,document);\n<\/script>\n","thumbnail_url":"https:\/\/www.promin.it\/wp-content\/uploads\/2024\/05\/allergy-18656_1280.webp","thumbnail_width":853,"thumbnail_height":1280,"description":"Pour une protection naturelle, la vitamine C et les herbes m\u00e9dicinales adapt\u00e9es \u00e0 l\u2019hiver sont en pole position. C\u2019est toujours la protection de base, recommand\u00e9e pour sa fonction antioxydante et pour son action de stimulation du syst\u00e8me immunitaire. La vitamine C est adapt\u00e9e pour nous prot\u00e9ger des infections virales, des bact\u00e9ries, des substances toxiques, du..."}