{"id":19179,"date":"2024-09-30T17:40:23","date_gmt":"2024-09-30T15:40:23","guid":{"rendered":"https:\/\/www.promin.it\/?page_id=19179"},"modified":"2024-12-09T09:23:03","modified_gmt":"2024-12-09T08:23:03","slug":"promin-complements-alimentaires-inositol-haie-moutarde-integree","status":"publish","type":"page","link":"https:\/\/www.promin.it\/fr\/","title":{"rendered":"Promin &#8211; Compl\u00e9ments alimentaires &#8211; Inositol &#8211; Moutarde des haies &#8211; M\u00e9decine int\u00e9grative"},"content":{"rendered":"<section class=\"l-section wpb_row visore-interno hp height_auto width_full\"><div class=\"l-section-h i-cf\"><div class=\"g-cols vc_row via_grid cols_5 laptops-cols_inherit tablets-cols_inherit mobiles-cols_1 valign_middle type_default stacking_default\" style=\"--gap:0rem;\"><div class=\"wpb_column vc_column_container col-visore\"><div class=\"vc_column-inner\"><div class=\"w-image logo-promin-v align_none\"><div class=\"w-image-h\"><img decoding=\"async\" width=\"268\" height=\"117\" src=\"https:\/\/www.promin.it\/wp-content\/uploads\/2024\/09\/promin-logo-v.svg\" class=\"attachment-large size-large\" alt=\"\" loading=\"lazy\" \/><\/div><\/div><\/div><\/div><div class=\"wpb_column vc_column_container col-img hp-prodotti has-link\"><div class=\"vc_column-overlay\" style=\"background:rgba(0,0,0,0.0)\"><\/div><div class=\"vc_column-inner\"><div class=\"wpb_text_column\"><div class=\"wpb_wrapper\"><h1>Produits<\/h1>\n<\/div><\/div><\/div><a href=\"https:\/\/www.promin.it\/fr\/produits-promin\/\" class=\"vc_column-link smooth-scroll\" aria-label=\"Lien\"><\/a><\/div><div class=\"wpb_column vc_column_container col-img hp-aree-ter has-link\"><div class=\"vc_column-overlay\" style=\"background:rgba(0,0,0,0.00)\"><\/div><div class=\"vc_column-inner\"><div class=\"wpb_text_column\"><div class=\"wpb_wrapper\"><h2>Domaines<br \/>\nTh\u00e9rapeutiques<\/h2>\n<\/div><\/div><\/div><a href=\"https:\/\/www.promin.it\/fr\/domaines-therapeutiques\/\" class=\"vc_column-link smooth-scroll\" aria-label=\"Lien\"><\/a><\/div><div class=\"wpb_column vc_column_container col-img hp-componenti has-link\"><div class=\"vc_column-overlay\" style=\"background:rgba(0,0,0,0.00)\"><\/div><div class=\"vc_column-inner\"><div class=\"wpb_text_column\"><div class=\"wpb_wrapper\"><h2>Composants<br \/>\nactifs<\/h2>\n<\/div><\/div><\/div><a href=\"https:\/\/www.promin.it\/fr\/composants-actifs\/\" class=\"vc_column-link smooth-scroll\" aria-label=\"Lien\"><\/a><\/div><div class=\"wpb_column vc_column_container col-img hp-inositolo has-link\"><div class=\"vc_column-overlay\" style=\"background:rgba(0,0,0,0.00)\"><\/div><div class=\"vc_column-inner\"><div class=\"wpb_text_column\"><div class=\"wpb_wrapper\"><h2>Inositolo<\/h2>\n<\/div><\/div><\/div><a href=\"https:\/\/www.promin.it\/fr\/inositolo\/\" class=\"vc_column-link smooth-scroll\" aria-label=\"Lien\"><\/a><\/div><\/div><\/div><\/section><section class=\"l-section wpb_row hp-fascia-uno height_medium\"><div class=\"l-section-h i-cf\"><div class=\"g-cols vc_row via_grid cols_1 laptops-cols_inherit tablets-cols_inherit mobiles-cols_1 valign_top type_default stacking_default\"><div class=\"wpb_column vc_column_container\"><div class=\"vc_column-inner\"><div class=\"w-grid type_carousel layout_17198\" id=\"us_grid_1\" style=\"--gap:1.5rem;\"><style>.layout_17198 .w-grid-item-h{}<\/style><div class=\"w-grid-list owl-carousel navstyle_circle navpos_outside with_dots dotstyle_circle\">\t<article class=\"w-grid-item post-19923 notizie_in_evidenza type-notizie_in_evidenza status-publish has-post-thumbnail hentry\" data-id=\"19923\">\r\n\t\t<div class=\"w-grid-item-h\">\r\n\t\t\t\t\t\t<div class=\"w-hwrapper usg_hwrapper_1 align_none valign_middle\"><div class=\"w-vwrapper usg_vwrapper_1 immagine align_none valign_top\"><div class=\"w-post-elm post_image usg_post_image_1 has_ratio\"><a href=\"https:\/\/www.promin.it\/fr\/notizie_in_evidenza\/moutarde-faux-grillon\/\" aria-label=\"Si l\u2019humeur est plus fragile en automne\"><img decoding=\"async\" width=\"957\" height=\"626\" src=\"https:\/\/www.promin.it\/wp-content\/uploads\/2024\/09\/autunno.webp\" class=\"attachment-full size-full wp-post-image\" alt=\"\" srcset=\"https:\/\/www.promin.it\/wp-content\/uploads\/2024\/09\/autunno.webp 957w, https:\/\/www.promin.it\/wp-content\/uploads\/2024\/09\/autunno-300x196.webp 300w, https:\/\/www.promin.it\/wp-content\/uploads\/2024\/09\/autunno-600x392.webp 600w\" sizes=\"(max-width: 957px) 100vw, 957px\" \/><\/a><div style=\"padding-bottom:75%\"><\/div><\/div><\/div><div class=\"w-vwrapper usg_vwrapper_2 testo align_none valign_top\"><h2 class=\"w-post-elm post_title usg_post_title_1 entry-title color_link_inherit\"><a href=\"https:\/\/www.promin.it\/fr\/notizie_in_evidenza\/moutarde-faux-grillon\/\">Si l\u2019humeur est plus fragile en automne<\/a><\/h2><h3 class=\"w-post-elm post_custom_field usg_post_custom_field_1 type_text sottotitolo_notizia color_link_inherit\"><span class=\"w-post-elm-value\">Comment soulager les maux engendr\u00e9s par le changement de saison ?<\/span><\/h3><div class=\"w-post-elm post_content usg_post_content_1\">Les sympt\u00f4mes du TAS, tels que l\u2019apathie et l\u2019anxi\u00e9t\u00e9, s\u2019aggravent \u00e0 l\u2019automne, en particulier avec le changement d\u2019heure et la r\u00e9duction des heures de clart\u00e9.<\/div><a class=\"w-btn us-btn-style_2 usg_btn_1\" href=\"https:\/\/www.promin.it\/se-lumore-e-piu-fragile-in-autunno\/\"><span class=\"w-btn-label\">Plus d&rsquo;informations<\/span><\/a><\/div><\/div>\t\t<\/div>\r\n\t\t\t<\/article>\r\n<\/div>\t<div class=\"g-preloader type_1\">\r\n\t\t<div><\/div>\r\n\t<\/div>\r\n\t\t<div class=\"w-grid-json hidden\" onclick='return {&quot;action&quot;:&quot;us_ajax_grid&quot;,&quot;infinite_scroll&quot;:0,&quot;max_num_pages&quot;:1,&quot;pagination&quot;:&quot;none&quot;,&quot;template_vars&quot;:{&quot;columns&quot;:&quot;1&quot;,&quot;exclude_items&quot;:&quot;none&quot;,&quot;img_size&quot;:&quot;default&quot;,&quot;ignore_items_size&quot;:0,&quot;items_layout&quot;:&quot;17198&quot;,&quot;items_offset&quot;:&quot;1&quot;,&quot;load_animation&quot;:&quot;none&quot;,&quot;overriding_link&quot;:&quot;{\\&quot;url\\&quot;:\\&quot;\\&quot;}&quot;,&quot;post_id&quot;:0,&quot;query_args&quot;:{&quot;post_type&quot;:[&quot;notizie_in_evidenza&quot;],&quot;post_status&quot;:[&quot;publish&quot;,&quot;acf-disabled&quot;,&quot;mapped&quot;,&quot;needs_update&quot;],&quot;posts_per_page&quot;:&quot;10&quot;},&quot;orderby_query_args&quot;:{&quot;orderby&quot;:{&quot;date&quot;:&quot;DESC&quot;}},&quot;type&quot;:&quot;carousel&quot;,&quot;us_grid_post_type&quot;:&quot;notizie_in_evidenza&quot;,&quot;us_grid_ajax_index&quot;:1,&quot;us_grid_filter_query_string&quot;:null,&quot;us_grid_index&quot;:1,&quot;page_args&quot;:[],&quot;lang&quot;:&quot;fr&quot;},&quot;carousel_settings&quot;:{&quot;autoHeight&quot;:0,&quot;autoplay&quot;:0,&quot;carousel_fade&quot;:0,&quot;center&quot;:0,&quot;dots&quot;:1,&quot;items&quot;:&quot;1&quot;,&quot;loop&quot;:0,&quot;nav&quot;:0,&quot;slideby&quot;:&quot;1&quot;,&quot;smooth_play&quot;:0,&quot;speed&quot;:250,&quot;timeout&quot;:3000,&quot;transition&quot;:&quot;&quot;,&quot;aria_labels&quot;:{&quot;prev&quot;:&quot;Pr\\u00e9c\\u00e9dent&quot;,&quot;next&quot;:&quot;Suivant&quot;}},&quot;carousel_breakpoints&quot;:{&quot;0&quot;:{&quot;autoHeight&quot;:0,&quot;autoplay&quot;:0,&quot;autoplayHoverPause&quot;:0,&quot;items&quot;:1,&quot;loop&quot;:0,&quot;stagePadding&quot;:0},&quot;601&quot;:{&quot;autoHeight&quot;:0,&quot;autoplay&quot;:1,&quot;autoplayHoverPause&quot;:1,&quot;items&quot;:1,&quot;loop&quot;:true,&quot;stagePadding&quot;:0},&quot;1025&quot;:{&quot;autoHeight&quot;:0,&quot;autoplay&quot;:1,&quot;autoplayHoverPause&quot;:1,&quot;items&quot;:1,&quot;loop&quot;:true,&quot;stagePadding&quot;:0},&quot;1381&quot;:{&quot;items&quot;:1,&quot;stagePadding&quot;:0}}}'><\/div>\r\n\t<\/div><\/div><\/div><\/div><\/div><\/section><section class=\"l-section wpb_row hp-fascia-due height_medium\"><div class=\"l-section-h i-cf\"><div class=\"g-cols vc_row via_grid cols_1 laptops-cols_inherit tablets-cols_inherit mobiles-cols_1 valign_top type_default stacking_default\"><div class=\"wpb_column vc_column_container\"><div class=\"vc_column-inner\"><div class=\"wpb_text_column\"><div class=\"wpb_wrapper\"><h3>Mise en \u00e9vidence <span class=\"azzurro\">ce mois<\/span><\/h3>\n<p>D\u00e9couvrez les produits les plus int\u00e9ressants s\u00e9lectionn\u00e9s pour vous.<\/p>\n<\/div><\/div><div class=\"w-grid box-prod-in-evidenza type_grid layout_17338 cols_2\" id=\"us_grid_2\" style=\"--gap:1.5rem;\" data-filterable=\"true\"><style>@media (max-width:600px){#us_grid_2 .w-grid-list{margin:0}#us_grid_2 .w-grid-item{width:100%;padding:0;margin-bottom:var(--gap,0px)}}.layout_17338 .w-grid-item-h{}<\/style><div class=\"w-grid-list\">\t<article class=\"w-grid-item size_1x1 post-19214 schede_prodotto type-schede_prodotto status-publish has-post-thumbnail hentry schede_prodotto_in_evidenza-in-evidenza\" data-id=\"19214\">\r\n\t\t<div class=\"w-grid-item-h\">\r\n\t\t\t\t\t\t<div class=\"w-hwrapper usg_hwrapper_1 box-evidenza align_none valign_middle\"><div class=\"w-vwrapper usg_vwrapper_1 immagine align_none valign_top\"><div class=\"w-post-elm post_image usg_post_image_1 stretched\"><a href=\"https:\/\/www.promin.it\/fr\/schede_prodotto\/rainrain-haie-moutarde-zero\/\" aria-label=\"Chorus Haie Moutarde Z\u00e9ro\"><img decoding=\"async\" width=\"600\" height=\"600\" src=\"https:\/\/www.promin.it\/wp-content\/uploads\/2024\/10\/coro-erisimo-zero-compresse-orosolubili-1.jpg\" class=\"attachment-full size-full wp-post-image\" alt=\"\" srcset=\"https:\/\/www.promin.it\/wp-content\/uploads\/2024\/10\/coro-erisimo-zero-compresse-orosolubili-1.jpg 600w, https:\/\/www.promin.it\/wp-content\/uploads\/2024\/10\/coro-erisimo-zero-compresse-orosolubili-1-300x300.jpg 300w, https:\/\/www.promin.it\/wp-content\/uploads\/2024\/10\/coro-erisimo-zero-compresse-orosolubili-1-150x150.jpg 150w\" sizes=\"(max-width: 600px) 100vw, 600px\" \/><\/a><\/div><\/div><div class=\"w-vwrapper usg_vwrapper_2 testo align_none valign_top\"><h4 class=\"w-post-elm post_title usg_post_title_1 entry-title color_link_inherit\"><a href=\"https:\/\/www.promin.it\/fr\/schede_prodotto\/rainrain-haie-moutarde-zero\/\">Chorus Haie Moutarde Z\u00e9ro<\/a><\/h4><h5 class=\"w-post-elm post_custom_field usg_post_custom_field_1 type_text sottotitolo_in_evidenza color_link_inherit\"><span class=\"w-post-elm-value\">Compl\u00e9ment alimentaire sans sucre, sans gluten et sans \u00e9dulcorants intenses<\/span><\/h5><div class=\"w-post-elm post_custom_field usg_post_custom_field_2 type_text descrizione_in_evidenza color_link_inherit\"><p>Agit sur les aphonies, l&rsquo;enrouement, l&rsquo;abaissement de la voix<\/p>\n<\/div><a class=\"w-btn us-btn-style_2 usg_btn_1\" href=\"https:\/\/www.promin.it\/fr\/schede_prodotto\/rainrain-haie-moutarde-zero\/\"><span class=\"w-btn-label\">Aller au produit<\/span><\/a><\/div><\/div>\t\t<\/div>\r\n\t\t\t<\/article>\r\n\t<article class=\"w-grid-item size_1x1 post-19223 schede_prodotto type-schede_prodotto status-publish has-post-thumbnail hentry schede_prodotto_in_evidenza-in-evidenza\" data-id=\"19223\">\r\n\t\t<div class=\"w-grid-item-h\">\r\n\t\t\t\t\t\t<div class=\"w-hwrapper usg_hwrapper_1 box-evidenza align_none valign_middle\"><div class=\"w-vwrapper usg_vwrapper_1 immagine align_none valign_top\"><div class=\"w-post-elm post_image usg_post_image_1 stretched\"><a href=\"https:\/\/www.promin.it\/fr\/schede_prodotto\/inovitite\/\" aria-label=\"InoVITIS\"><img decoding=\"async\" width=\"600\" height=\"600\" src=\"https:\/\/www.promin.it\/wp-content\/uploads\/2024\/10\/inovitis-inositolo-cromo-ecovitis.jpg\" class=\"attachment-full size-full wp-post-image\" alt=\"\" srcset=\"https:\/\/www.promin.it\/wp-content\/uploads\/2024\/10\/inovitis-inositolo-cromo-ecovitis.jpg 600w, https:\/\/www.promin.it\/wp-content\/uploads\/2024\/10\/inovitis-inositolo-cromo-ecovitis-300x300.jpg 300w, https:\/\/www.promin.it\/wp-content\/uploads\/2024\/10\/inovitis-inositolo-cromo-ecovitis-150x150.jpg 150w\" sizes=\"(max-width: 600px) 100vw, 600px\" \/><\/a><\/div><\/div><div class=\"w-vwrapper usg_vwrapper_2 testo align_none valign_top\"><h4 class=\"w-post-elm post_title usg_post_title_1 entry-title color_link_inherit\"><a href=\"https:\/\/www.promin.it\/fr\/schede_prodotto\/inovitite\/\">InoVITIS<\/a><\/h4><h5 class=\"w-post-elm post_custom_field usg_post_custom_field_1 type_text sottotitolo_in_evidenza color_link_inherit\"><span class=\"w-post-elm-value\">Compl\u00e9ment alimentaire d'Inositol, de Chrome et d'Ecovitis\u00ae.<\/span><\/h5><div class=\"w-post-elm post_custom_field usg_post_custom_field_2 type_text descrizione_in_evidenza color_link_inherit\"><p>Agit sur la r\u00e9sistance \u00e0 l&rsquo;insuline et le m\u00e9tabolisme du sucre.<\/p>\n<\/div><a class=\"w-btn us-btn-style_2 usg_btn_1\" href=\"https:\/\/www.promin.it\/fr\/schede_prodotto\/inovitite\/\"><span class=\"w-btn-label\">Aller au produit<\/span><\/a><\/div><\/div>\t\t<\/div>\r\n\t\t\t<\/article>\r\n<\/div><div class=\"w-grid-preloader\">\t<div class=\"g-preloader type_1\">\r\n\t\t<div><\/div>\r\n\t<\/div>\r\n\t<\/div>\t<div class=\"w-grid-json hidden\" onclick='return {&quot;action&quot;:&quot;us_ajax_grid&quot;,&quot;infinite_scroll&quot;:0,&quot;max_num_pages&quot;:2,&quot;pagination&quot;:&quot;none&quot;,&quot;template_vars&quot;:{&quot;columns&quot;:&quot;2&quot;,&quot;exclude_items&quot;:&quot;none&quot;,&quot;img_size&quot;:&quot;default&quot;,&quot;ignore_items_size&quot;:0,&quot;items_layout&quot;:&quot;17338&quot;,&quot;items_offset&quot;:&quot;1&quot;,&quot;load_animation&quot;:&quot;none&quot;,&quot;overriding_link&quot;:&quot;%7B%22url%22%3A%22%22%7D&quot;,&quot;post_id&quot;:0,&quot;query_args&quot;:{&quot;post_type&quot;:[&quot;schede_prodotto&quot;],&quot;tax_query&quot;:[{&quot;taxonomy&quot;:&quot;schede_prodotto_in_evidenza&quot;,&quot;field&quot;:&quot;slug&quot;,&quot;terms&quot;:[&quot;in-evidenza&quot;]}],&quot;post_status&quot;:[&quot;publish&quot;,&quot;acf-disabled&quot;,&quot;mapped&quot;,&quot;needs_update&quot;],&quot;posts_per_page&quot;:&quot;2&quot;},&quot;orderby_query_args&quot;:{&quot;orderby&quot;:{&quot;date&quot;:&quot;DESC&quot;}},&quot;type&quot;:&quot;grid&quot;,&quot;us_grid_post_type&quot;:&quot;schede_prodotto&quot;,&quot;us_grid_ajax_index&quot;:2,&quot;us_grid_filter_query_string&quot;:null,&quot;us_grid_index&quot;:2,&quot;page_args&quot;:[],&quot;lang&quot;:&quot;fr&quot;}}'><\/div>\r\n\t<\/div><\/div><\/div><\/div><\/div><\/section><section class=\"l-section wpb_row hp-fascia-tre height_medium\"><div class=\"l-section-h i-cf\"><div class=\"g-cols vc_row via_grid cols_3 laptops-cols_inherit tablets-cols_inherit mobiles-cols_1 valign_top type_default stacking_default\"><div class=\"wpb_column vc_column_container\"><div class=\"vc_column-inner\"><div class=\"g-cols wpb_row box via_grid cols_1 laptops-cols_inherit tablets-cols_inherit mobiles-cols_1 valign_top type_default stacking_default\" style=\"--gap:3rem;\"><div class=\"wpb_column vc_column_container\"><div class=\"vc_column-inner\"><div class=\"w-image align_none\"><div class=\"w-image-h\"><img decoding=\"async\" width=\"492\" height=\"302\" src=\"https:\/\/www.promin.it\/wp-content\/uploads\/2024\/10\/promin-medicina-integrata.jpg\" class=\"attachment-large size-large\" alt=\"\" loading=\"lazy\" srcset=\"https:\/\/www.promin.it\/wp-content\/uploads\/2024\/10\/promin-medicina-integrata.jpg 492w, https:\/\/www.promin.it\/wp-content\/uploads\/2024\/10\/promin-medicina-integrata-300x184.jpg 300w\" sizes=\"(max-width: 492px) 100vw, 492px\" \/><\/div><\/div><div class=\"wpb_text_column txt\"><div class=\"wpb_wrapper\"><h2>Promin<\/h2>\n<h4>Produits M\u00e9decine int\u00e9grative<\/h4>\n<p>Promin veut aujourd\u2019hui \u00eatre un point de r\u00e9f\u00e9rence incontournable pour ceux qui recherchent des compl\u00e9ments alimentaires de qualit\u00e9 certifi\u00e9e, s\u00fbrs et efficaces, dans un secteur de march\u00e9 en pleine croissance.<\/p>\n<p>La recherche scientifique, la documentation bibliographique, les mati\u00e8res premi\u00e8res innovantes, les brevets et les technologies gal\u00e9niques particuli\u00e8res sont les principes qui guident les choix des produits Promin.<\/p>\n<\/div><\/div><\/div><\/div><\/div><\/div><\/div><div class=\"wpb_column vc_column_container\"><div class=\"vc_column-inner\"><div class=\"g-cols wpb_row box via_grid cols_1 laptops-cols_inherit tablets-cols_inherit mobiles-cols_1 valign_top type_default stacking_default\" style=\"--gap:3rem;\"><div class=\"wpb_column vc_column_container\"><div class=\"vc_column-inner\"><div class=\"w-image align_none\"><div class=\"w-image-h\"><img decoding=\"async\" width=\"492\" height=\"302\" src=\"https:\/\/www.promin.it\/wp-content\/uploads\/2024\/10\/promin-metodo-1.jpg\" class=\"attachment-large size-large\" alt=\"\" loading=\"lazy\" srcset=\"https:\/\/www.promin.it\/wp-content\/uploads\/2024\/10\/promin-metodo-1.jpg 492w, https:\/\/www.promin.it\/wp-content\/uploads\/2024\/10\/promin-metodo-1-300x184.jpg 300w\" sizes=\"(max-width: 492px) 100vw, 492px\" \/><\/div><\/div><div class=\"wpb_text_column txt\"><div class=\"wpb_wrapper\"><h2>La m\u00e9thode Promin<\/h2>\n<h4>Qualit\u00e9, efficacit\u00e9 et innocuit\u00e9<\/h4>\n<p>Ce sont les valeurs d\u00e9riv\u00e9es du monde pharmaceutique \u00e0 la base de notre philosophie et le fil conducteur du d\u00e9veloppement de nouveaux produits.<\/p>\n<p>Les compl\u00e9ments alimentaires sont d\u00e9velopp\u00e9s et produits avec des composants actifs naturels s\u00fbrs, s\u00e9lectionn\u00e9s et test\u00e9s, savamment m\u00e9lang\u00e9s en tirant parti de leurs caract\u00e9ristiques th\u00e9rapeutiques et nutritionnelles, avec des applications dans de nombreux domaines th\u00e9rapeutiques.<\/p>\n<\/div><\/div><\/div><\/div><\/div><\/div><\/div><div class=\"wpb_column vc_column_container\"><div class=\"vc_column-inner\"><div class=\"g-cols wpb_row box via_grid cols_1 laptops-cols_inherit tablets-cols_inherit mobiles-cols_1 valign_top type_default stacking_default\" style=\"--gap:3rem;\"><div class=\"wpb_column vc_column_container\"><div class=\"vc_column-inner\"><div class=\"w-image align_none\"><div class=\"w-image-h\"><img decoding=\"async\" width=\"492\" height=\"302\" src=\"https:\/\/www.promin.it\/wp-content\/uploads\/2024\/10\/promin-prodotti-1.jpg\" class=\"attachment-large size-large\" alt=\"\" loading=\"lazy\" srcset=\"https:\/\/www.promin.it\/wp-content\/uploads\/2024\/10\/promin-prodotti-1.jpg 492w, https:\/\/www.promin.it\/wp-content\/uploads\/2024\/10\/promin-prodotti-1-300x184.jpg 300w\" sizes=\"(max-width: 492px) 100vw, 492px\" \/><\/div><\/div><div class=\"wpb_text_column txt\"><div class=\"wpb_wrapper\"><h2>Production<\/h2>\n<h4>Produits de marque<br \/>\net de tiers<\/h4>\n<p>Promin propose un catalogue complet et h\u00e9t\u00e9rog\u00e8ne de produits de marque, distribu\u00e9s principalement en pharmacie, de compl\u00e9ments alimentaires incluant la technologie brevet\u00e9e, de produits phytoth\u00e9rapeutiques, de produits hom\u00e9opathiques, de supports d\u2019opoth\u00e9rapie, de cr\u00e8mes eudermiques et bien plus encore.<\/p>\n<p>L\u2019usine Promin est autoris\u00e9e par le Minist\u00e8re de la Sant\u00e9 pour la production et le conditionnement de compl\u00e9ments alimentaires et d\u2019aliments \u00e0 des fins m\u00e9dicales sp\u00e9ciales.<\/p>\n<\/div><\/div><\/div><\/div><\/div><\/div><\/div><\/div><\/div><\/section><section class=\"l-section wpb_row hp-fascia-quattro height_small\"><div class=\"l-section-h i-cf\"><div class=\"g-cols vc_row via_grid cols_1 laptops-cols_inherit tablets-cols_inherit mobiles-cols_1 valign_top type_default stacking_default\"><div class=\"wpb_column vc_column_container\"><div class=\"vc_column-inner\"><div class=\"wpb_text_column\"><div class=\"wpb_wrapper\"><h3>Actualit\u00e9s et <span class=\"azzurro\">articles<\/span><\/h3>\n<\/div><\/div><div class=\"w-separator size_medium\"><\/div><div class=\"w-grid type_grid layout_16987 cols_3\" id=\"us_grid_3\" style=\"--gap:1.5rem;\" data-filterable=\"true\"><style>@media (max-width:1024px){#us_grid_3 .w-grid-item{width:50%}}@media (max-width:600px){#us_grid_3 .w-grid-list{margin:0}#us_grid_3 .w-grid-item{width:100%;padding:0;margin-bottom:var(--gap,0px)}}.layout_16987 .w-grid-item-h{}<\/style><div class=\"w-grid-list\">\t<article class=\"w-grid-item size_1x1 post-19444 post type-post status-publish format-aside has-post-thumbnail hentry category-non-classifiee category-points-forts tag-ascopromine-mg tag-ck-promin-fr tag-inflammation tag-joints tag-prele tag-quisedol-fr post_format-post-format-aside\" data-id=\"19444\">\r\n\t\t<div class=\"w-grid-item-h\">\r\n\t\t\t\t\t\t<div class=\"w-vwrapper usg_vwrapper_1 align_none valign_top\"><div class=\"w-post-elm post_image usg_post_image_1 has_ratio\"><a href=\"https:\/\/www.promin.it\/fr\/troubles-osteoarticulaires\/\" aria-label=\"Troubles ost\u00e9oarticulaires\"><img decoding=\"async\" width=\"728\" height=\"476\" src=\"https:\/\/www.promin.it\/wp-content\/uploads\/2023\/02\/mal-di-schiena-dolore.jpg\" class=\"attachment-full size-full wp-post-image\" alt=\"\" srcset=\"https:\/\/www.promin.it\/wp-content\/uploads\/2023\/02\/mal-di-schiena-dolore.jpg 728w, https:\/\/www.promin.it\/wp-content\/uploads\/2023\/02\/mal-di-schiena-dolore-300x196.jpg 300w, https:\/\/www.promin.it\/wp-content\/uploads\/2023\/02\/mal-di-schiena-dolore-600x392.jpg 600w\" sizes=\"(max-width: 728px) 100vw, 728px\" \/><\/a><div style=\"padding-bottom:75%\"><\/div><\/div><time class=\"w-post-elm post_date usg_post_date_1 entry-date published\" datetime=\"2025-09-02T10:42:53+02:00\">02.9.2025<\/time><h2 class=\"w-post-elm post_title usg_post_title_1 entry-title color_link_inherit\"><a href=\"https:\/\/www.promin.it\/fr\/troubles-osteoarticulaires\/\">Troubles ost\u00e9oarticulaires<\/a><\/h2><div class=\"w-post-elm post_content usg_post_content_1\">Est-il possible de g\u00e9rer l\u2019inflammation et les douleurs articulaires naturellement, sans recourir \u00e0 l\u2019utilisation\u2026<\/div><a class=\"w-btn us-btn-style_2 usg_btn_1\" href=\"https:\/\/www.promin.it\/fr\/troubles-osteoarticulaires\/\"><span class=\"w-btn-label\">Lire plus<\/span><\/a><\/div>\t\t<\/div>\r\n\t\t\t<\/article>\r\n\t<article class=\"w-grid-item size_1x1 post-19430 post type-post status-publish format-aside has-post-thumbnail hentry category-non-classifiee category-points-forts post_format-post-format-aside\" data-id=\"19430\">\r\n\t\t<div class=\"w-grid-item-h\">\r\n\t\t\t\t\t\t<div class=\"w-vwrapper usg_vwrapper_1 align_none valign_top\"><div class=\"w-post-elm post_image usg_post_image_1 has_ratio\"><a href=\"https:\/\/www.promin.it\/fr\/choeur-de-moutarde-de-promettre-la-ligne-complete-formulee-pour-le-bien-etre-de-la-voix-et-de-la-gorge\/\" aria-label=\"Coro Erisimo de Promin, la ligne compl\u00e8te formul\u00e9e pour le bien-\u00eatre de la voix et de la gorge\"><img decoding=\"async\" width=\"960\" height=\"719\" src=\"https:\/\/www.promin.it\/wp-content\/uploads\/2024\/04\/CORO-ERISIMO-PROMIN.webp\" class=\"attachment-full size-full wp-post-image\" alt=\"\" srcset=\"https:\/\/www.promin.it\/wp-content\/uploads\/2024\/04\/CORO-ERISIMO-PROMIN.webp 960w, https:\/\/www.promin.it\/wp-content\/uploads\/2024\/04\/CORO-ERISIMO-PROMIN-300x225.webp 300w, https:\/\/www.promin.it\/wp-content\/uploads\/2024\/04\/CORO-ERISIMO-PROMIN-600x449.webp 600w\" sizes=\"(max-width: 960px) 100vw, 960px\" \/><\/a><div style=\"padding-bottom:75%\"><\/div><\/div><time class=\"w-post-elm post_date usg_post_date_1 entry-date published\" datetime=\"2024-11-21T12:20:38+01:00\">21.11.2024<\/time><h2 class=\"w-post-elm post_title usg_post_title_1 entry-title color_link_inherit\"><a href=\"https:\/\/www.promin.it\/fr\/choeur-de-moutarde-de-promettre-la-ligne-complete-formulee-pour-le-bien-etre-de-la-voix-et-de-la-gorge\/\">Coro Erisimo de Promin, la ligne compl\u00e8te formul\u00e9e pour le bien-\u00eatre de la voix et de la gorge<\/a><\/h2><div class=\"w-post-elm post_content usg_post_content_1\">D\u00e9di\u00e9 \u00e0 ceux qui parlent, agissent, chantent, ou simplement \u00e0 ceux qui ont des\u2026<\/div><a class=\"w-btn us-btn-style_2 usg_btn_1\" href=\"https:\/\/www.promin.it\/fr\/choeur-de-moutarde-de-promettre-la-ligne-complete-formulee-pour-le-bien-etre-de-la-voix-et-de-la-gorge\/\"><span class=\"w-btn-label\">Lire plus<\/span><\/a><\/div>\t\t<\/div>\r\n\t\t\t<\/article>\r\n\t<article class=\"w-grid-item size_1x1 post-19439 post type-post status-publish format-aside has-post-thumbnail hentry category-non-classifiee category-points-forts tag-ascorbates-mineraux tag-chorus-hedge-spray-moutarde tag-chorus-line-moutarde-des-haies tag-ck-promin-fr tag-ligne-ascorbate tag-moutarde-des-haies tag-protection-hivernale post_format-post-format-aside\" data-id=\"19439\">\r\n\t\t<div class=\"w-grid-item-h\">\r\n\t\t\t\t\t\t<div class=\"w-vwrapper usg_vwrapper_1 align_none valign_top\"><div class=\"w-post-elm post_image usg_post_image_1 has_ratio\"><a href=\"https:\/\/www.promin.it\/fr\/virus-de-la-grippe-et-le-rhume-maladie\/\" aria-label=\"Virus de la grippe et rhume\"><img decoding=\"async\" width=\"853\" height=\"1280\" src=\"https:\/\/www.promin.it\/wp-content\/uploads\/2024\/05\/allergy-18656_1280.webp\" class=\"attachment-full size-full wp-post-image\" alt=\"\" srcset=\"https:\/\/www.promin.it\/wp-content\/uploads\/2024\/05\/allergy-18656_1280.webp 853w, https:\/\/www.promin.it\/wp-content\/uploads\/2024\/05\/allergy-18656_1280-200x300.webp 200w, https:\/\/www.promin.it\/wp-content\/uploads\/2024\/05\/allergy-18656_1280-682x1024.webp 682w, https:\/\/www.promin.it\/wp-content\/uploads\/2024\/05\/allergy-18656_1280-600x900.webp 600w\" sizes=\"(max-width: 853px) 100vw, 853px\" \/><\/a><div style=\"padding-bottom:75%\"><\/div><\/div><time class=\"w-post-elm post_date usg_post_date_1 entry-date published\" datetime=\"2024-09-01T12:48:36+02:00\">01.9.2024<\/time><h2 class=\"w-post-elm post_title usg_post_title_1 entry-title color_link_inherit\"><a href=\"https:\/\/www.promin.it\/fr\/virus-de-la-grippe-et-le-rhume-maladie\/\">Virus de la grippe et rhume<\/a><\/h2><div class=\"w-post-elm post_content usg_post_content_1\">Pour une protection naturelle, la vitamine C et les herbes m\u00e9dicinales adapt\u00e9es \u00e0 l\u2019hiver\u2026<\/div><a class=\"w-btn us-btn-style_2 usg_btn_1\" href=\"https:\/\/www.promin.it\/fr\/virus-de-la-grippe-et-le-rhume-maladie\/\"><span class=\"w-btn-label\">Lire plus<\/span><\/a><\/div>\t\t<\/div>\r\n\t\t\t<\/article>\r\n<\/div><div class=\"w-grid-preloader\">\t<div class=\"g-preloader type_1\">\r\n\t\t<div><\/div>\r\n\t<\/div>\r\n\t<\/div>\t<div class=\"w-grid-json hidden\" onclick='return {&quot;action&quot;:&quot;us_ajax_grid&quot;,&quot;infinite_scroll&quot;:0,&quot;max_num_pages&quot;:1,&quot;pagination&quot;:&quot;none&quot;,&quot;template_vars&quot;:{&quot;columns&quot;:&quot;3&quot;,&quot;exclude_items&quot;:&quot;none&quot;,&quot;img_size&quot;:&quot;default&quot;,&quot;ignore_items_size&quot;:0,&quot;items_layout&quot;:&quot;16987&quot;,&quot;items_offset&quot;:&quot;1&quot;,&quot;load_animation&quot;:&quot;none&quot;,&quot;overriding_link&quot;:&quot;{\\&quot;url\\&quot;:\\&quot;\\&quot;}&quot;,&quot;post_id&quot;:0,&quot;query_args&quot;:{&quot;post_type&quot;:[&quot;post&quot;],&quot;tax_query&quot;:[{&quot;taxonomy&quot;:&quot;category&quot;,&quot;field&quot;:&quot;slug&quot;,&quot;terms&quot;:[&quot;in-evidenza&quot;]}],&quot;post_status&quot;:[&quot;publish&quot;,&quot;acf-disabled&quot;,&quot;mapped&quot;,&quot;needs_update&quot;],&quot;posts_per_page&quot;:&quot;3&quot;},&quot;orderby_query_args&quot;:{&quot;orderby&quot;:{&quot;date&quot;:&quot;DESC&quot;}},&quot;type&quot;:&quot;grid&quot;,&quot;us_grid_post_type&quot;:&quot;post&quot;,&quot;us_grid_ajax_index&quot;:3,&quot;us_grid_filter_query_string&quot;:null,&quot;us_grid_index&quot;:3,&quot;page_args&quot;:[],&quot;lang&quot;:&quot;fr&quot;}}'><\/div>\r\n\t<\/div><div class=\"w-separator size_custom\" style=\"height:4.5rem\"><\/div><div class=\"w-btn-wrapper align_center\"><a class=\"w-btn us-btn-style_1\" href=\"\/category\/news-promin\/\"><span class=\"w-btn-label\">Voir toutes les actualit\u00e9s<\/span><\/a><\/div><\/div><\/div><\/div><\/div><\/section><section class=\"l-section wpb_row height_auto width_full\"><div class=\"l-section-h i-cf\"><div class=\"g-cols vc_row via_grid cols_1 laptops-cols_inherit tablets-cols_inherit mobiles-cols_1 valign_top type_default stacking_default\"><div class=\"wpb_column vc_column_container\"><div class=\"vc_column-inner\"><section class=\"l-section wpb_row fascia-nl height_small\"><div class=\"l-section-h i-cf\"><div class=\"g-cols vc_row via_grid cols_1 laptops-cols_inherit tablets-cols_inherit mobiles-cols_1 valign_top type_default stacking_default\"><div class=\"wpb_column vc_column_container\"><div class=\"vc_column-inner\"><div class=\"wpb_text_column\"><div class=\"wpb_wrapper\"><h2 style=\"text-align: center;\">Inscrivez-vous pour recevoir<br \/>\n<span class=\"giallo\">nos actualit\u00e9s<\/span><\/h2>\n<\/div><\/div><div class=\"wpb_text_column hide_on_default hide_on_laptops hide_on_tablets hide_on_mobiles\"><div class=\"wpb_wrapper\"><p style=\"text-align: center;\">Lorem ipsum dolor sit amet, consectetur adipiscing elit<\/p>\n<\/div><\/div><div class=\"wpb_text_column hide_on_default hide_on_laptops hide_on_tablets hide_on_mobiles\"><div class=\"wpb_wrapper\"><h4 style=\"text-align: center;\">Lorem ipsum dolor sit amet,consectetur<br \/>\n adipiscing elit<\/h4>\n<\/div><\/div>\n<div class=\"wpcf7 no-js\" id=\"wpcf7-f20199-o1\" lang=\"fr-FR\" dir=\"ltr\" data-wpcf7-id=\"20199\">\n<div class=\"screen-reader-response\"><p role=\"status\" aria-live=\"polite\" aria-atomic=\"true\"><\/p> <ul><\/ul><\/div>\n<form action=\"\/fr\/wp-json\/wp\/v2\/pages\/19179#wpcf7-f20199-o1\" method=\"post\" class=\"wpcf7-form init\" aria-label=\"Formulaire de contact\" novalidate=\"novalidate\" data-status=\"init\">\n<div style=\"display: none;\">\n<input type=\"hidden\" name=\"_wpcf7\" value=\"20199\" \/>\n<input type=\"hidden\" name=\"_wpcf7_version\" value=\"6.0\" \/>\n<input type=\"hidden\" name=\"_wpcf7_locale\" value=\"fr_FR\" \/>\n<input type=\"hidden\" name=\"_wpcf7_unit_tag\" value=\"wpcf7-f20199-o1\" \/>\n<input type=\"hidden\" name=\"_wpcf7_container_post\" value=\"0\" \/>\n<input type=\"hidden\" name=\"_wpcf7_posted_data_hash\" value=\"\" \/>\n<\/div>\n<div class=\"form-nl\">\n\t<div class=\"col-sx\">\n\t\t<p><span class=\"wpcf7-form-control-wrap\" data-name=\"email-73\"><input size=\"40\" maxlength=\"400\" class=\"wpcf7-form-control wpcf7-email wpcf7-validates-as-required wpcf7-text wpcf7-validates-as-email\" aria-required=\"true\" aria-invalid=\"false\" placeholder=\"e-mail\" value=\"\" type=\"email\" name=\"email-73\" \/><\/span>\n\t\t<\/p>\n\t<\/div>\n\t<div class=\"col-dx\">\n\t\t<p><input class=\"wpcf7-form-control wpcf7-submit has-spinner\" type=\"submit\" value=\"Envoyer\" \/>\n\t\t<\/p>\n\t<\/div>\n<\/div>\n<div class=\"accettazione\">\n\t<div>\n\t\t<p><label><span class=\"wpcf7-form-control-wrap\" data-name=\"accettazione\"><span class=\"wpcf7-form-control wpcf7-acceptance\"><span class=\"wpcf7-list-item\"><label><input type=\"checkbox\" name=\"accettazione\" value=\"1\" aria-invalid=\"false\" \/><span class=\"wpcf7-list-item-label\">Je consens \u00e0 ce que Promin recueille et stocke mes donn\u00e9es personnelles dans leur base de donn\u00e9es afin de recevoir des informations sur leurs services. \u00c0 tout moment, je peux demander \u00e0 consulter, modifier ou supprimer mes donn\u00e9es, conform\u00e9ment au GDPR 2016\/679. Lisez notre <a href=\"https:\/\/www.iubenda.com\/privacy-policy\/41782575\" class=\"iubenda-nostyle no-brand iubenda-noiframe iubenda-embed iubenda-noiframe \" title=\"Politique de confidentialit\u00e9 \" style=\"text-decoration: underline;\">politique de confidentialit\u00e9<\/a><\/span><\/label><\/span><\/span><\/span><\/label>\n\t\t<\/p>\n\t<\/div>\n<\/div><div class=\"wpcf7-response-output\" aria-hidden=\"true\"><\/div>\n<\/form>\n<\/div>\n<\/div><\/div><\/div><\/div><\/section>\n<\/div><\/div><\/div><\/div><\/section>\n","protected":false},"excerpt":{"rendered":"Pour une protection naturelle, la vitamine C et les herbes m\u00e9dicinales adapt\u00e9es \u00e0 l\u2019hiver sont en pole position. C\u2019est toujours la protection de base, recommand\u00e9e pour sa fonction antioxydante et pour son action de stimulation du syst\u00e8me immunitaire. La vitamine C est adapt\u00e9e pour nous prot\u00e9ger des infections virales, des bact\u00e9ries, des substances toxiques, du...","protected":false},"author":193,"featured_media":0,"parent":0,"menu_order":0,"comment_status":"closed","ping_status":"closed","template":"","meta":{"_acf_changed":false,"jetpack_post_was_ever_published":false,"footnotes":""},"class_list":["post-19179","page","type-page","status-publish","hentry"],"acf":[],"yoast_head":"<!-- This site is optimized with the Yoast SEO plugin v23.4 - https:\/\/yoast.com\/wordpress\/plugins\/seo\/ -->\n<title>Promin - Compl\u00e9ments Alimentaires pour la Sant\u00e9 | Promin<\/title>\n<meta name=\"description\" content=\"D\u00e9couvrez nos compl\u00e9ments alimentaires pour votre bien-\u00eatre g\u00e9n\u00e9ral. Des solutions naturelles pour am\u00e9liorer votre sant\u00e9 au quotidien.\" \/>\n<meta name=\"robots\" content=\"index, follow, max-snippet:-1, max-image-preview:large, max-video-preview:-1\" \/>\n<link rel=\"canonical\" href=\"https:\/\/www.promin.it\/fr\/\" \/>\n<meta property=\"og:locale\" content=\"fr_FR\" \/>\n<meta property=\"og:type\" content=\"article\" \/>\n<meta property=\"og:title\" content=\"Promin - Compl\u00e9ments Alimentaires pour la Sant\u00e9 | Promin\" \/>\n<meta property=\"og:description\" content=\"D\u00e9couvrez nos compl\u00e9ments alimentaires pour votre bien-\u00eatre g\u00e9n\u00e9ral. Des solutions naturelles pour am\u00e9liorer votre sant\u00e9 au quotidien.\" \/>\n<meta property=\"og:url\" content=\"https:\/\/www.promin.it\/fr\/\" \/>\n<meta property=\"og:site_name\" content=\"Promin\" \/>\n<meta property=\"article:publisher\" content=\"https:\/\/www.facebook.com\/prominmed\" \/>\n<meta property=\"article:modified_time\" content=\"2024-12-09T08:23:03+00:00\" \/>\n<meta property=\"og:image\" content=\"https:\/\/www.promin.it\/wp-content\/uploads\/2024\/11\/logo-promin-seo-1200.jpg\" \/>\n\t<meta property=\"og:image:width\" content=\"1200\" \/>\n\t<meta property=\"og:image:height\" content=\"675\" \/>\n\t<meta property=\"og:image:type\" content=\"image\/jpeg\" \/>\n<meta name=\"twitter:card\" content=\"summary_large_image\" \/>\n<script type=\"application\/ld+json\" class=\"yoast-schema-graph\">{\"@context\":\"https:\/\/schema.org\",\"@graph\":[{\"@type\":\"WebPage\",\"@id\":\"https:\/\/www.promin.it\/fr\/\",\"url\":\"https:\/\/www.promin.it\/fr\/\",\"name\":\"Promin - Compl\u00e9ments Alimentaires pour la Sant\u00e9 | Promin\",\"isPartOf\":{\"@id\":\"https:\/\/www.promin.it\/#website\"},\"datePublished\":\"2024-09-30T15:40:23+00:00\",\"dateModified\":\"2024-12-09T08:23:03+00:00\",\"description\":\"D\u00e9couvrez nos compl\u00e9ments alimentaires pour votre bien-\u00eatre g\u00e9n\u00e9ral. Des solutions naturelles pour am\u00e9liorer votre sant\u00e9 au quotidien.\",\"breadcrumb\":{\"@id\":\"https:\/\/www.promin.it\/fr\/#breadcrumb\"},\"inLanguage\":\"fr-FR\",\"potentialAction\":[{\"@type\":\"ReadAction\",\"target\":[\"https:\/\/www.promin.it\/fr\/\"]}]},{\"@type\":\"BreadcrumbList\",\"@id\":\"https:\/\/www.promin.it\/fr\/#breadcrumb\",\"itemListElement\":[{\"@type\":\"ListItem\",\"position\":1,\"name\":\"Accueil\",\"item\":\"https:\/\/www.promin.it\/fr\/\"},{\"@type\":\"ListItem\",\"position\":2,\"name\":\"Promin &#8211; Compl\u00e9ments alimentaires &#8211; Inositol &#8211; Moutarde des haies &#8211; M\u00e9decine int\u00e9grative\"}]},{\"@type\":\"WebSite\",\"@id\":\"https:\/\/www.promin.it\/#website\",\"url\":\"https:\/\/www.promin.it\/\",\"name\":\"Promin\",\"description\":\"Prodotti Medicina Integrata\",\"publisher\":{\"@id\":\"https:\/\/www.promin.it\/#organization\"},\"potentialAction\":[{\"@type\":\"SearchAction\",\"target\":{\"@type\":\"EntryPoint\",\"urlTemplate\":\"https:\/\/www.promin.it\/?s={search_term_string}\"},\"query-input\":{\"@type\":\"PropertyValueSpecification\",\"valueRequired\":true,\"valueName\":\"search_term_string\"}}],\"inLanguage\":\"fr-FR\"},{\"@type\":\"Organization\",\"@id\":\"https:\/\/www.promin.it\/#organization\",\"name\":\"Promin Srl\",\"alternateName\":\"Promin - Prodotti Medicina Integrata\",\"url\":\"https:\/\/www.promin.it\/\",\"logo\":{\"@type\":\"ImageObject\",\"inLanguage\":\"fr-FR\",\"@id\":\"https:\/\/www.promin.it\/#\/schema\/logo\/image\/\",\"url\":\"https:\/\/www.promin.it\/wp-content\/uploads\/2024\/11\/logo-promin-seo.jpg\",\"contentUrl\":\"https:\/\/www.promin.it\/wp-content\/uploads\/2024\/11\/logo-promin-seo.jpg\",\"width\":512,\"height\":512,\"caption\":\"Promin Srl\"},\"image\":{\"@id\":\"https:\/\/www.promin.it\/#\/schema\/logo\/image\/\"},\"sameAs\":[\"https:\/\/www.facebook.com\/prominmed\",\"https:\/\/www.instagram.com\/promin_medicina_integrata\/\",\"https:\/\/www.linkedin.com\/company\/promin-prodotti-medicina-integrata\/\"]}]}<\/script>\n<!-- \/ Yoast SEO plugin. -->","yoast_head_json":{"title":"Promin - Compl\u00e9ments Alimentaires pour la Sant\u00e9 | Promin","description":"D\u00e9couvrez nos compl\u00e9ments alimentaires pour votre bien-\u00eatre g\u00e9n\u00e9ral. Des solutions naturelles pour am\u00e9liorer votre sant\u00e9 au quotidien.","robots":{"index":"index","follow":"follow","max-snippet":"max-snippet:-1","max-image-preview":"max-image-preview:large","max-video-preview":"max-video-preview:-1"},"canonical":"https:\/\/www.promin.it\/fr\/","og_locale":"fr_FR","og_type":"article","og_title":"Promin - Compl\u00e9ments Alimentaires pour la Sant\u00e9 | Promin","og_description":"D\u00e9couvrez nos compl\u00e9ments alimentaires pour votre bien-\u00eatre g\u00e9n\u00e9ral. Des solutions naturelles pour am\u00e9liorer votre sant\u00e9 au quotidien.","og_url":"https:\/\/www.promin.it\/fr\/","og_site_name":"Promin","article_publisher":"https:\/\/www.facebook.com\/prominmed","article_modified_time":"2024-12-09T08:23:03+00:00","og_image":[{"width":1200,"height":675,"url":"https:\/\/www.promin.it\/wp-content\/uploads\/2024\/11\/logo-promin-seo-1200.jpg","type":"image\/jpeg"}],"twitter_card":"summary_large_image","schema":{"@context":"https:\/\/schema.org","@graph":[{"@type":"WebPage","@id":"https:\/\/www.promin.it\/fr\/","url":"https:\/\/www.promin.it\/fr\/","name":"Promin - Compl\u00e9ments Alimentaires pour la Sant\u00e9 | Promin","isPartOf":{"@id":"https:\/\/www.promin.it\/#website"},"datePublished":"2024-09-30T15:40:23+00:00","dateModified":"2024-12-09T08:23:03+00:00","description":"D\u00e9couvrez nos compl\u00e9ments alimentaires pour votre bien-\u00eatre g\u00e9n\u00e9ral. Des solutions naturelles pour am\u00e9liorer votre sant\u00e9 au quotidien.","breadcrumb":{"@id":"https:\/\/www.promin.it\/fr\/#breadcrumb"},"inLanguage":"fr-FR","potentialAction":[{"@type":"ReadAction","target":["https:\/\/www.promin.it\/fr\/"]}]},{"@type":"BreadcrumbList","@id":"https:\/\/www.promin.it\/fr\/#breadcrumb","itemListElement":[{"@type":"ListItem","position":1,"name":"Accueil","item":"https:\/\/www.promin.it\/fr\/"},{"@type":"ListItem","position":2,"name":"Promin &#8211; Compl\u00e9ments alimentaires &#8211; Inositol &#8211; Moutarde des haies &#8211; M\u00e9decine int\u00e9grative"}]},{"@type":"WebSite","@id":"https:\/\/www.promin.it\/#website","url":"https:\/\/www.promin.it\/","name":"Promin","description":"Prodotti Medicina Integrata","publisher":{"@id":"https:\/\/www.promin.it\/#organization"},"potentialAction":[{"@type":"SearchAction","target":{"@type":"EntryPoint","urlTemplate":"https:\/\/www.promin.it\/?s={search_term_string}"},"query-input":{"@type":"PropertyValueSpecification","valueRequired":true,"valueName":"search_term_string"}}],"inLanguage":"fr-FR"},{"@type":"Organization","@id":"https:\/\/www.promin.it\/#organization","name":"Promin Srl","alternateName":"Promin - Prodotti Medicina Integrata","url":"https:\/\/www.promin.it\/","logo":{"@type":"ImageObject","inLanguage":"fr-FR","@id":"https:\/\/www.promin.it\/#\/schema\/logo\/image\/","url":"https:\/\/www.promin.it\/wp-content\/uploads\/2024\/11\/logo-promin-seo.jpg","contentUrl":"https:\/\/www.promin.it\/wp-content\/uploads\/2024\/11\/logo-promin-seo.jpg","width":512,"height":512,"caption":"Promin Srl"},"image":{"@id":"https:\/\/www.promin.it\/#\/schema\/logo\/image\/"},"sameAs":["https:\/\/www.facebook.com\/prominmed","https:\/\/www.instagram.com\/promin_medicina_integrata\/","https:\/\/www.linkedin.com\/company\/promin-prodotti-medicina-integrata\/"]}]}},"jetpack_sharing_enabled":true,"jetpack_shortlink":"https:\/\/wp.me\/PaiRmh-4Zl","_links":{"self":[{"href":"https:\/\/www.promin.it\/fr\/wp-json\/wp\/v2\/pages\/19179"}],"collection":[{"href":"https:\/\/www.promin.it\/fr\/wp-json\/wp\/v2\/pages"}],"about":[{"href":"https:\/\/www.promin.it\/fr\/wp-json\/wp\/v2\/types\/page"}],"author":[{"embeddable":true,"href":"https:\/\/www.promin.it\/fr\/wp-json\/wp\/v2\/users\/193"}],"replies":[{"embeddable":true,"href":"https:\/\/www.promin.it\/fr\/wp-json\/wp\/v2\/comments?post=19179"}],"version-history":[{"count":37,"href":"https:\/\/www.promin.it\/fr\/wp-json\/wp\/v2\/pages\/19179\/revisions"}],"predecessor-version":[{"id":20096,"href":"https:\/\/www.promin.it\/fr\/wp-json\/wp\/v2\/pages\/19179\/revisions\/20096"}],"wp:attachment":[{"href":"https:\/\/www.promin.it\/fr\/wp-json\/wp\/v2\/media?parent=19179"}],"curies":[{"name":"wp","href":"https:\/\/api.w.org\/{rel}","templated":true}]}}