{"id":19197,"date":"2024-10-02T01:03:30","date_gmt":"2024-10-01T23:03:30","guid":{"rendered":"https:\/\/www.promin.it\/?page_id=19197"},"modified":"2024-11-12T12:10:23","modified_gmt":"2024-11-12T11:10:23","slug":"composants-actifs","status":"publish","type":"page","link":"https:\/\/www.promin.it\/fr\/composants-actifs\/","title":{"rendered":"Composants actifs"},"content":{"rendered":"<section class=\"l-section wpb_row visore-interno height_auto width_full\"><div class=\"l-section-h i-cf\"><div class=\"g-cols vc_row via_grid cols_1-3 laptops-cols_inherit tablets-cols_inherit mobiles-cols_1 valign_middle type_default stacking_default\" style=\"--gap:0rem;\"><div class=\"wpb_column vc_column_container col-visore\"><div class=\"vc_column-inner\"><div class=\"w-image logo-promin-v align_none\"><div class=\"w-image-h\"><img decoding=\"async\" width=\"268\" height=\"117\" src=\"https:\/\/www.promin.it\/wp-content\/uploads\/2024\/09\/promin-logo-v.svg\" class=\"attachment-large size-large\" alt=\"\" loading=\"lazy\" \/><\/div><\/div><\/div><\/div><div class=\"wpb_column vc_column_container col-img componenti\"><div class=\"vc_column-inner\"><div class=\"wpb_text_column\"><div class=\"wpb_wrapper\"><h1>Composants actifs<\/h1>\n<\/div><\/div><\/div><\/div><\/div><\/div><\/section><section class=\"l-section wpb_row fascia-breadcrums height_auto\"><div class=\"l-section-h i-cf\"><div class=\"g-cols vc_row via_grid cols_1 laptops-cols_inherit tablets-cols_inherit mobiles-cols_1 valign_top type_default stacking_default\"><div class=\"wpb_column vc_column_container\"><div class=\"vc_column-inner\"><\/div><\/div><\/div><\/div><\/section><section class=\"l-section wpb_row height_small\"><div class=\"l-section-h i-cf\"><div class=\"g-cols vc_row via_grid cols_1 laptops-cols_inherit tablets-cols_inherit mobiles-cols_1 valign_top type_default stacking_default\"><div class=\"wpb_column vc_column_container\"><div class=\"vc_column-inner\"><div class=\"w-grid box-comp-attivi type_grid layout_17379 cols_2 pagination_ajax\" id=\"us_grid_1\" style=\"--gap:1.5rem;\"><style>@media (max-width:600px){#us_grid_1 .w-grid-list{margin:0}#us_grid_1 .w-grid-item{width:100%;padding:0;margin-bottom:var(--gap,0px)}}.layout_17379 .w-grid-item-h{}<\/style><div class=\"w-grid-list\">\t<article class=\"w-grid-item size_1x1 post-19633 page type-page status-publish has-post-thumbnail hentry\" data-id=\"19633\">\r\n\t\t<div class=\"w-grid-item-h\">\r\n\t\t\t\t\t\t<div class=\"w-hwrapper usg_hwrapper_1 box-evidenza align_none valign_middle\"><div class=\"w-vwrapper usg_vwrapper_1 immagine align_none valign_top\"><div class=\"w-post-elm post_image usg_post_image_1 stretched\"><a href=\"https:\/\/www.promin.it\/fr\/altea\/\" aria-label=\"Altea\"><img decoding=\"async\" width=\"300\" height=\"300\" src=\"https:\/\/www.promin.it\/wp-content\/uploads\/2024\/10\/Altea-1024-px-300x300-1.jpg\" class=\"attachment-full size-full wp-post-image\" alt=\"\" srcset=\"https:\/\/www.promin.it\/wp-content\/uploads\/2024\/10\/Altea-1024-px-300x300-1.jpg 300w, https:\/\/www.promin.it\/wp-content\/uploads\/2024\/10\/Altea-1024-px-300x300-1-150x150.jpg 150w\" sizes=\"(max-width: 300px) 100vw, 300px\" \/><\/a><\/div><\/div><div class=\"w-vwrapper usg_vwrapper_2 testo align_none valign_top\"><h4 class=\"w-post-elm post_title usg_post_title_1 entry-title color_link_inherit\"><a href=\"https:\/\/www.promin.it\/fr\/altea\/\">Altea<\/a><\/h4><p class=\"w-post-elm post_custom_field usg_post_custom_field_1 type_text 1er_box_pagina_di_elenco_1 color_link_inherit\"><p><em>Description : L&rsquo;altea est une plante appartenant \u00e0 la famille des Malvaceae<\/em>.<\/p>\n<\/p><a class=\"w-btn us-btn-style_2 usg_btn_1\" href=\"https:\/\/www.promin.it\/fr\/altea\/\"><span class=\"w-btn-label\">Plus d&rsquo;informations<\/span><\/a><\/div><\/div>\t\t<\/div>\r\n\t\t\t<\/article>\r\n\t<article class=\"w-grid-item size_1x1 post-19636 page type-page status-publish has-post-thumbnail hentry\" data-id=\"19636\">\r\n\t\t<div class=\"w-grid-item-h\">\r\n\t\t\t\t\t\t<div class=\"w-hwrapper usg_hwrapper_1 box-evidenza align_none valign_middle\"><div class=\"w-vwrapper usg_vwrapper_1 immagine align_none valign_top\"><div class=\"w-post-elm post_image usg_post_image_1 stretched\"><a href=\"https:\/\/www.promin.it\/fr\/boswellia\/\" aria-label=\"Boswellia\"><img decoding=\"async\" width=\"250\" height=\"250\" src=\"https:\/\/www.promin.it\/wp-content\/uploads\/2024\/10\/Boswellia-1024-px-250x250-1.jpg\" class=\"attachment-full size-full wp-post-image\" alt=\"\" srcset=\"https:\/\/www.promin.it\/wp-content\/uploads\/2024\/10\/Boswellia-1024-px-250x250-1.jpg 250w, https:\/\/www.promin.it\/wp-content\/uploads\/2024\/10\/Boswellia-1024-px-250x250-1-150x150.jpg 150w\" sizes=\"(max-width: 250px) 100vw, 250px\" \/><\/a><\/div><\/div><div class=\"w-vwrapper usg_vwrapper_2 testo align_none valign_top\"><h4 class=\"w-post-elm post_title usg_post_title_1 entry-title color_link_inherit\"><a href=\"https:\/\/www.promin.it\/fr\/boswellia\/\">Boswellia<\/a><\/h4><p class=\"w-post-elm post_custom_field usg_post_custom_field_1 type_text 1er_box_pagina_di_elenco_1 color_link_inherit\"><p><em>Description : Le Boswellia est une plante de la famille des Burseraceae.<\/em><\/p>\n<\/p><a class=\"w-btn us-btn-style_2 usg_btn_1\" href=\"https:\/\/www.promin.it\/fr\/boswellia\/\"><span class=\"w-btn-label\">Plus d&rsquo;informations<\/span><\/a><\/div><\/div>\t\t<\/div>\r\n\t\t\t<\/article>\r\n\t<article class=\"w-grid-item size_1x1 post-19639 page type-page status-publish has-post-thumbnail hentry\" data-id=\"19639\">\r\n\t\t<div class=\"w-grid-item-h\">\r\n\t\t\t\t\t\t<div class=\"w-hwrapper usg_hwrapper_1 box-evidenza align_none valign_middle\"><div class=\"w-vwrapper usg_vwrapper_1 immagine align_none valign_top\"><div class=\"w-post-elm post_image usg_post_image_1 stretched\"><a href=\"https:\/\/www.promin.it\/fr\/bicarbonate-de-potassium\/\" aria-label=\"Bicarbonate de potassium\"><img decoding=\"async\" width=\"1024\" height=\"1024\" src=\"https:\/\/www.promin.it\/wp-content\/uploads\/2024\/10\/Granulato-1024-px-bicarbonato-di-potassio-formula-chimica.webp\" class=\"attachment-full size-full wp-post-image\" alt=\"\" srcset=\"https:\/\/www.promin.it\/wp-content\/uploads\/2024\/10\/Granulato-1024-px-bicarbonato-di-potassio-formula-chimica.webp 1024w, https:\/\/www.promin.it\/wp-content\/uploads\/2024\/10\/Granulato-1024-px-bicarbonato-di-potassio-formula-chimica-300x300.webp 300w, https:\/\/www.promin.it\/wp-content\/uploads\/2024\/10\/Granulato-1024-px-bicarbonato-di-potassio-formula-chimica-150x150.webp 150w, https:\/\/www.promin.it\/wp-content\/uploads\/2024\/10\/Granulato-1024-px-bicarbonato-di-potassio-formula-chimica-600x600.webp 600w\" sizes=\"(max-width: 1024px) 100vw, 1024px\" \/><\/a><\/div><\/div><div class=\"w-vwrapper usg_vwrapper_2 testo align_none valign_top\"><h4 class=\"w-post-elm post_title usg_post_title_1 entry-title color_link_inherit\"><a href=\"https:\/\/www.promin.it\/fr\/bicarbonate-de-potassium\/\">Bicarbonate de potassium<\/a><\/h4><p class=\"w-post-elm post_custom_field usg_post_custom_field_1 type_text 1er_box_pagina_di_elenco_1 color_link_inherit\"><p><em>Description : Le bicarbonate de potassium est un sel inorganique.<\/em><\/p>\n<\/p><a class=\"w-btn us-btn-style_2 usg_btn_1\" href=\"https:\/\/www.promin.it\/fr\/bicarbonate-de-potassium\/\"><span class=\"w-btn-label\">Plus d&rsquo;informations<\/span><\/a><\/div><\/div>\t\t<\/div>\r\n\t\t\t<\/article>\r\n\t<article class=\"w-grid-item size_1x1 post-19642 page type-page status-publish has-post-thumbnail hentry\" data-id=\"19642\">\r\n\t\t<div class=\"w-grid-item-h\">\r\n\t\t\t\t\t\t<div class=\"w-hwrapper usg_hwrapper_1 box-evidenza align_none valign_middle\"><div class=\"w-vwrapper usg_vwrapper_1 immagine align_none valign_top\"><div class=\"w-post-elm post_image usg_post_image_1 stretched\"><a href=\"https:\/\/www.promin.it\/fr\/bromelaine\/\" aria-label=\"Brom\u00e9la\u00efne\"><img decoding=\"async\" width=\"1024\" height=\"1024\" src=\"https:\/\/www.promin.it\/wp-content\/uploads\/2024\/10\/Ananas-1024-px-bromelina-formula-chimica.webp\" class=\"attachment-full size-full wp-post-image\" alt=\"\" srcset=\"https:\/\/www.promin.it\/wp-content\/uploads\/2024\/10\/Ananas-1024-px-bromelina-formula-chimica.webp 1024w, https:\/\/www.promin.it\/wp-content\/uploads\/2024\/10\/Ananas-1024-px-bromelina-formula-chimica-300x300.webp 300w, https:\/\/www.promin.it\/wp-content\/uploads\/2024\/10\/Ananas-1024-px-bromelina-formula-chimica-150x150.webp 150w, https:\/\/www.promin.it\/wp-content\/uploads\/2024\/10\/Ananas-1024-px-bromelina-formula-chimica-600x600.webp 600w\" sizes=\"(max-width: 1024px) 100vw, 1024px\" \/><\/a><\/div><\/div><div class=\"w-vwrapper usg_vwrapper_2 testo align_none valign_top\"><h4 class=\"w-post-elm post_title usg_post_title_1 entry-title color_link_inherit\"><a href=\"https:\/\/www.promin.it\/fr\/bromelaine\/\">Brom\u00e9la\u00efne<\/a><\/h4><p class=\"w-post-elm post_custom_field usg_post_custom_field_1 type_text 1er_box_pagina_di_elenco_1 color_link_inherit\"><p><em>Description : La brom\u00e9line est une enzyme extraite de l&rsquo;ananas cmosus.<\/em>.<\/p>\n<\/p><a class=\"w-btn us-btn-style_2 usg_btn_1\" href=\"https:\/\/www.promin.it\/fr\/bromelaine\/\"><span class=\"w-btn-label\">Plus d&rsquo;informations<\/span><\/a><\/div><\/div>\t\t<\/div>\r\n\t\t\t<\/article>\r\n\t<article class=\"w-grid-item size_1x1 post-19645 page type-page status-publish has-post-thumbnail hentry\" data-id=\"19645\">\r\n\t\t<div class=\"w-grid-item-h\">\r\n\t\t\t\t\t\t<div class=\"w-hwrapper usg_hwrapper_1 box-evidenza align_none valign_middle\"><div class=\"w-vwrapper usg_vwrapper_1 immagine align_none valign_top\"><div class=\"w-post-elm post_image usg_post_image_1 stretched\"><a href=\"https:\/\/www.promin.it\/fr\/cannelle\/\" aria-label=\"Cannelle\"><img decoding=\"async\" width=\"1024\" height=\"1024\" src=\"https:\/\/www.promin.it\/wp-content\/uploads\/2024\/10\/Cannella-4-1024-px.webp\" class=\"attachment-full size-full wp-post-image\" alt=\"\" srcset=\"https:\/\/www.promin.it\/wp-content\/uploads\/2024\/10\/Cannella-4-1024-px.webp 1024w, https:\/\/www.promin.it\/wp-content\/uploads\/2024\/10\/Cannella-4-1024-px-300x300.webp 300w, https:\/\/www.promin.it\/wp-content\/uploads\/2024\/10\/Cannella-4-1024-px-150x150.webp 150w, https:\/\/www.promin.it\/wp-content\/uploads\/2024\/10\/Cannella-4-1024-px-600x600.webp 600w\" sizes=\"(max-width: 1024px) 100vw, 1024px\" \/><\/a><\/div><\/div><div class=\"w-vwrapper usg_vwrapper_2 testo align_none valign_top\"><h4 class=\"w-post-elm post_title usg_post_title_1 entry-title color_link_inherit\"><a href=\"https:\/\/www.promin.it\/fr\/cannelle\/\">Cannelle<\/a><\/h4><p class=\"w-post-elm post_custom_field usg_post_custom_field_1 type_text 1er_box_pagina_di_elenco_1 color_link_inherit\"><p><em>Description : La cannelle est une plante \u00e0 feuilles persistantes appartenant \u00e0 la famille des Lauraceae.<\/em><\/p>\n<\/p><a class=\"w-btn us-btn-style_2 usg_btn_1\" href=\"https:\/\/www.promin.it\/fr\/cannelle\/\"><span class=\"w-btn-label\">Plus d&rsquo;informations<\/span><\/a><\/div><\/div>\t\t<\/div>\r\n\t\t\t<\/article>\r\n\t<article class=\"w-grid-item size_1x1 post-19648 page type-page status-publish has-post-thumbnail hentry\" data-id=\"19648\">\r\n\t\t<div class=\"w-grid-item-h\">\r\n\t\t\t\t\t\t<div class=\"w-hwrapper usg_hwrapper_1 box-evidenza align_none valign_middle\"><div class=\"w-vwrapper usg_vwrapper_1 immagine align_none valign_top\"><div class=\"w-post-elm post_image usg_post_image_1 stretched\"><a href=\"https:\/\/www.promin.it\/fr\/graines-de-cardamome\/\" aria-label=\"Graines de cardamome\"><img decoding=\"async\" width=\"1024\" height=\"1024\" src=\"https:\/\/www.promin.it\/wp-content\/uploads\/2024\/10\/cardamomo-semi-1024-px.webp\" class=\"attachment-full size-full wp-post-image\" alt=\"\" srcset=\"https:\/\/www.promin.it\/wp-content\/uploads\/2024\/10\/cardamomo-semi-1024-px.webp 1024w, https:\/\/www.promin.it\/wp-content\/uploads\/2024\/10\/cardamomo-semi-1024-px-300x300.webp 300w, https:\/\/www.promin.it\/wp-content\/uploads\/2024\/10\/cardamomo-semi-1024-px-150x150.webp 150w, https:\/\/www.promin.it\/wp-content\/uploads\/2024\/10\/cardamomo-semi-1024-px-600x600.webp 600w\" sizes=\"(max-width: 1024px) 100vw, 1024px\" \/><\/a><\/div><\/div><div class=\"w-vwrapper usg_vwrapper_2 testo align_none valign_top\"><h4 class=\"w-post-elm post_title usg_post_title_1 entry-title color_link_inherit\"><a href=\"https:\/\/www.promin.it\/fr\/graines-de-cardamome\/\">Graines de cardamome<\/a><\/h4><p class=\"w-post-elm post_custom_field usg_post_custom_field_1 type_text 1er_box_pagina_di_elenco_1 color_link_inherit\"><p><em>Description : La cardamome est une plante tropicale de la famille des Zingiberaceae.<\/em><\/p>\n<\/p><a class=\"w-btn us-btn-style_2 usg_btn_1\" href=\"https:\/\/www.promin.it\/fr\/graines-de-cardamome\/\"><span class=\"w-btn-label\">Plus d&rsquo;informations<\/span><\/a><\/div><\/div>\t\t<\/div>\r\n\t\t\t<\/article>\r\n<\/div><div class=\"w-grid-preloader\">\t<div class=\"g-preloader type_1\">\r\n\t\t<div><\/div>\r\n\t<\/div>\r\n\t<\/div>\t\t\t<div class=\"g-loadmore \">\r\n\t\t\t\t<div class=\"g-preloader type_1\">\r\n\t\t\t\t\t<div><\/div>\r\n\t\t\t\t<\/div>\r\n\t\t\t\t<button class=\"w-btn us-btn-style_1\">\r\n\t\t\t\t\t<span class=\"w-btn-label\">Charger d&apos;autres composants actifs<\/span>\r\n\t\t\t\t<\/button>\r\n\t\t\t<\/div>\r\n\t\t\t\t<div class=\"w-grid-json hidden\" onclick='return {&quot;action&quot;:&quot;us_ajax_grid&quot;,&quot;infinite_scroll&quot;:0,&quot;max_num_pages&quot;:6,&quot;pagination&quot;:&quot;ajax&quot;,&quot;template_vars&quot;:{&quot;columns&quot;:&quot;2&quot;,&quot;exclude_items&quot;:&quot;none&quot;,&quot;img_size&quot;:&quot;default&quot;,&quot;ignore_items_size&quot;:0,&quot;items_layout&quot;:&quot;17379&quot;,&quot;items_offset&quot;:&quot;1&quot;,&quot;load_animation&quot;:&quot;none&quot;,&quot;overriding_link&quot;:&quot;{\\&quot;url\\&quot;:\\&quot;\\&quot;}&quot;,&quot;post_id&quot;:0,&quot;query_args&quot;:{&quot;ignore_sticky_posts&quot;:1,&quot;post_type&quot;:&quot;any&quot;,&quot;post__in&quot;:[&quot;8551&quot;,&quot;8558&quot;,&quot;8556&quot;,&quot;8560&quot;,&quot;8562&quot;,&quot;8568&quot;,&quot;8570&quot;,&quot;8572&quot;,&quot;8574&quot;,&quot;8576&quot;,&quot;8579&quot;,&quot;8581&quot;,&quot;8583&quot;,&quot;8585&quot;,&quot;8588&quot;,&quot;8590&quot;,&quot;8630&quot;,&quot;8594&quot;,&quot;8596&quot;,&quot;8598&quot;,&quot;8600&quot;,&quot;8602&quot;,&quot;8604&quot;,&quot;8607&quot;,&quot;8609&quot;,&quot;8611&quot;,&quot;8613&quot;,&quot;9584&quot;,&quot;8615&quot;,&quot;8617&quot;,&quot;8619&quot;,&quot;8621&quot;,&quot;8623&quot;,&quot;8625&quot;,&quot;8628&quot;,&quot;8632&quot;],&quot;tax_query&quot;:[{&quot;taxonomy&quot;:&quot;product_visibility&quot;,&quot;field&quot;:&quot;slug&quot;,&quot;terms&quot;:[&quot;exclude-from-catalog&quot;],&quot;operator&quot;:&quot;NOT IN&quot;}],&quot;posts_per_page&quot;:&quot;6&quot;},&quot;orderby_query_args&quot;:{&quot;orderby&quot;:{&quot;post__in&quot;:&quot;ASC&quot;},&quot;order&quot;:&quot;ASC&quot;},&quot;type&quot;:&quot;grid&quot;,&quot;us_grid_post_type&quot;:&quot;ids&quot;,&quot;us_grid_ajax_index&quot;:1,&quot;us_grid_filter_query_string&quot;:null,&quot;us_grid_index&quot;:1,&quot;page_args&quot;:[],&quot;lang&quot;:&quot;fr&quot;}}'><\/div>\r\n\t<\/div><\/div><\/div><\/div><\/div><\/section>\n","protected":false},"excerpt":{"rendered":"Graines de cardamome [vc_raw_html]JTNDYSUyMGhyZWYlM0QlMjJodHRwcyUzQSUyRiUyRnRlc3QucHJvbWluLml0JTJGZnIlMkZjb21wb3NhbnRzLWFjdGlmcyUyRiUyMiUzRSUzQ3Rvcm5hJTIwYSUzRCUyMiUyMiUyMHR1dHRpJTNEJTIyJTIyJTIwaSUzRCUyMiUyMiUyMGNvbXBvbmVudGklM0QlMjIlMjIlMjBhdHRpdmklM0QlMjIlMjIlM0UlM0MlMkZ0b3JuYSUzRSUzQyUyRmElM0U=[\/vc_raw_html] Description\u00a0: La cardamome est une plante tropicale de la famille des Zingiberaceae. Nom botanique : Elettaria cardamomum WITHE. La cardamome est utilis\u00e9e depuis longtemps en m\u00e9decine traditionnelle en Orient et au Moyen-Orient, la partie de la plante qui est utilis\u00e9e sont les graines noires contenues dans la gousse verte. Il est...","protected":false},"author":193,"featured_media":0,"parent":0,"menu_order":0,"comment_status":"closed","ping_status":"closed","template":"","meta":{"_acf_changed":false,"jetpack_post_was_ever_published":false,"footnotes":""},"class_list":["post-19197","page","type-page","status-publish","hentry"],"acf":[],"yoast_head":"<!-- This site is optimized with the Yoast SEO plugin v23.4 - https:\/\/yoast.com\/wordpress\/plugins\/seo\/ -->\n<title>Composants actifs Suppl\u00e9ments Promin - Produits de m\u00e9decine int\u00e9gr\u00e9e<\/title>\n<meta name=\"description\" content=\"Composants Actifs Compl\u00e9ments Alimentaires - Promin - Produits Medicina Integrata s\u2019engage \u00e0 choisir des mati\u00e8res premi\u00e8res de valeur absolue, contr\u00f4l\u00e9es et test\u00e9es selon des normes strictes et dans le respect de toutes les exigences l\u00e9gales. D\u00e9couvrez toutes les propri\u00e9t\u00e9s des composants actifs des produits...\" \/>\n<meta name=\"robots\" content=\"index, follow, max-snippet:-1, max-image-preview:large, max-video-preview:-1\" \/>\n<link rel=\"canonical\" href=\"https:\/\/www.promin.it\/componenti-attivi\/\" \/>\n<meta property=\"og:locale\" content=\"fr_FR\" \/>\n<meta property=\"og:type\" content=\"article\" \/>\n<meta property=\"og:title\" content=\"Composants actifs Suppl\u00e9ments Promin - Produits de m\u00e9decine int\u00e9gr\u00e9e\" \/>\n<meta property=\"og:description\" content=\"Composants Actifs Compl\u00e9ments Alimentaires - Promin - Produits Medicina Integrata s\u2019engage \u00e0 choisir des mati\u00e8res premi\u00e8res de valeur absolue, contr\u00f4l\u00e9es et test\u00e9es selon des normes strictes et dans le respect de toutes les exigences l\u00e9gales. D\u00e9couvrez toutes les propri\u00e9t\u00e9s des composants actifs des produits...\" \/>\n<meta property=\"og:url\" content=\"https:\/\/www.promin.it\/componenti-attivi\/\" \/>\n<meta property=\"og:site_name\" content=\"Promin\" \/>\n<meta property=\"article:publisher\" content=\"https:\/\/www.facebook.com\/prominmed\" \/>\n<meta property=\"article:modified_time\" content=\"2024-11-12T11:10:23+00:00\" \/>\n<meta property=\"og:image\" content=\"https:\/\/www.promin.it\/wp-content\/uploads\/2024\/11\/logo-promin-seo-1200.jpg\" \/>\n\t<meta property=\"og:image:width\" content=\"1200\" \/>\n\t<meta property=\"og:image:height\" content=\"675\" \/>\n\t<meta property=\"og:image:type\" content=\"image\/jpeg\" \/>\n<meta name=\"twitter:card\" content=\"summary_large_image\" \/>\n<script type=\"application\/ld+json\" class=\"yoast-schema-graph\">{\"@context\":\"https:\/\/schema.org\",\"@graph\":[{\"@type\":\"WebPage\",\"@id\":\"https:\/\/www.promin.it\/componenti-attivi\/\",\"url\":\"https:\/\/www.promin.it\/componenti-attivi\/\",\"name\":\"Composants actifs Suppl\u00e9ments Promin - Produits de m\u00e9decine int\u00e9gr\u00e9e\",\"isPartOf\":{\"@id\":\"https:\/\/www.promin.it\/#website\"},\"datePublished\":\"2024-10-01T23:03:30+00:00\",\"dateModified\":\"2024-11-12T11:10:23+00:00\",\"description\":\"Composants Actifs Compl\u00e9ments Alimentaires - Promin - Produits Medicina Integrata s\u2019engage \u00e0 choisir des mati\u00e8res premi\u00e8res de valeur absolue, contr\u00f4l\u00e9es et test\u00e9es selon des normes strictes et dans le respect de toutes les exigences l\u00e9gales. D\u00e9couvrez toutes les propri\u00e9t\u00e9s des composants actifs des produits...\",\"breadcrumb\":{\"@id\":\"https:\/\/www.promin.it\/componenti-attivi\/#breadcrumb\"},\"inLanguage\":\"fr-FR\",\"potentialAction\":[{\"@type\":\"ReadAction\",\"target\":[\"https:\/\/www.promin.it\/componenti-attivi\/\"]}]},{\"@type\":\"BreadcrumbList\",\"@id\":\"https:\/\/www.promin.it\/componenti-attivi\/#breadcrumb\",\"itemListElement\":[{\"@type\":\"ListItem\",\"position\":1,\"name\":\"Accueil\",\"item\":\"https:\/\/www.promin.it\/fr\/\"},{\"@type\":\"ListItem\",\"position\":2,\"name\":\"Composants actifs\"}]},{\"@type\":\"WebSite\",\"@id\":\"https:\/\/www.promin.it\/#website\",\"url\":\"https:\/\/www.promin.it\/\",\"name\":\"Promin\",\"description\":\"Prodotti Medicina Integrata\",\"publisher\":{\"@id\":\"https:\/\/www.promin.it\/#organization\"},\"potentialAction\":[{\"@type\":\"SearchAction\",\"target\":{\"@type\":\"EntryPoint\",\"urlTemplate\":\"https:\/\/www.promin.it\/?s={search_term_string}\"},\"query-input\":{\"@type\":\"PropertyValueSpecification\",\"valueRequired\":true,\"valueName\":\"search_term_string\"}}],\"inLanguage\":\"fr-FR\"},{\"@type\":\"Organization\",\"@id\":\"https:\/\/www.promin.it\/#organization\",\"name\":\"Promin Srl\",\"alternateName\":\"Promin - Prodotti Medicina Integrata\",\"url\":\"https:\/\/www.promin.it\/\",\"logo\":{\"@type\":\"ImageObject\",\"inLanguage\":\"fr-FR\",\"@id\":\"https:\/\/www.promin.it\/#\/schema\/logo\/image\/\",\"url\":\"https:\/\/www.promin.it\/wp-content\/uploads\/2024\/11\/logo-promin-seo.jpg\",\"contentUrl\":\"https:\/\/www.promin.it\/wp-content\/uploads\/2024\/11\/logo-promin-seo.jpg\",\"width\":512,\"height\":512,\"caption\":\"Promin Srl\"},\"image\":{\"@id\":\"https:\/\/www.promin.it\/#\/schema\/logo\/image\/\"},\"sameAs\":[\"https:\/\/www.facebook.com\/prominmed\",\"https:\/\/www.instagram.com\/promin_medicina_integrata\/\",\"https:\/\/www.linkedin.com\/company\/promin-prodotti-medicina-integrata\/\"]}]}<\/script>\n<!-- \/ Yoast SEO plugin. -->","yoast_head_json":{"title":"Composants actifs Suppl\u00e9ments Promin - Produits de m\u00e9decine int\u00e9gr\u00e9e","description":"Composants Actifs Compl\u00e9ments Alimentaires - Promin - Produits Medicina Integrata s\u2019engage \u00e0 choisir des mati\u00e8res premi\u00e8res de valeur absolue, contr\u00f4l\u00e9es et test\u00e9es selon des normes strictes et dans le respect de toutes les exigences l\u00e9gales. D\u00e9couvrez toutes les propri\u00e9t\u00e9s des composants actifs des produits...","robots":{"index":"index","follow":"follow","max-snippet":"max-snippet:-1","max-image-preview":"max-image-preview:large","max-video-preview":"max-video-preview:-1"},"canonical":"https:\/\/www.promin.it\/componenti-attivi\/","og_locale":"fr_FR","og_type":"article","og_title":"Composants actifs Suppl\u00e9ments Promin - Produits de m\u00e9decine int\u00e9gr\u00e9e","og_description":"Composants Actifs Compl\u00e9ments Alimentaires - Promin - Produits Medicina Integrata s\u2019engage \u00e0 choisir des mati\u00e8res premi\u00e8res de valeur absolue, contr\u00f4l\u00e9es et test\u00e9es selon des normes strictes et dans le respect de toutes les exigences l\u00e9gales. D\u00e9couvrez toutes les propri\u00e9t\u00e9s des composants actifs des produits...","og_url":"https:\/\/www.promin.it\/componenti-attivi\/","og_site_name":"Promin","article_publisher":"https:\/\/www.facebook.com\/prominmed","article_modified_time":"2024-11-12T11:10:23+00:00","og_image":[{"width":1200,"height":675,"url":"https:\/\/www.promin.it\/wp-content\/uploads\/2024\/11\/logo-promin-seo-1200.jpg","type":"image\/jpeg"}],"twitter_card":"summary_large_image","schema":{"@context":"https:\/\/schema.org","@graph":[{"@type":"WebPage","@id":"https:\/\/www.promin.it\/componenti-attivi\/","url":"https:\/\/www.promin.it\/componenti-attivi\/","name":"Composants actifs Suppl\u00e9ments Promin - Produits de m\u00e9decine int\u00e9gr\u00e9e","isPartOf":{"@id":"https:\/\/www.promin.it\/#website"},"datePublished":"2024-10-01T23:03:30+00:00","dateModified":"2024-11-12T11:10:23+00:00","description":"Composants Actifs Compl\u00e9ments Alimentaires - Promin - Produits Medicina Integrata s\u2019engage \u00e0 choisir des mati\u00e8res premi\u00e8res de valeur absolue, contr\u00f4l\u00e9es et test\u00e9es selon des normes strictes et dans le respect de toutes les exigences l\u00e9gales. D\u00e9couvrez toutes les propri\u00e9t\u00e9s des composants actifs des produits...","breadcrumb":{"@id":"https:\/\/www.promin.it\/componenti-attivi\/#breadcrumb"},"inLanguage":"fr-FR","potentialAction":[{"@type":"ReadAction","target":["https:\/\/www.promin.it\/componenti-attivi\/"]}]},{"@type":"BreadcrumbList","@id":"https:\/\/www.promin.it\/componenti-attivi\/#breadcrumb","itemListElement":[{"@type":"ListItem","position":1,"name":"Accueil","item":"https:\/\/www.promin.it\/fr\/"},{"@type":"ListItem","position":2,"name":"Composants actifs"}]},{"@type":"WebSite","@id":"https:\/\/www.promin.it\/#website","url":"https:\/\/www.promin.it\/","name":"Promin","description":"Prodotti Medicina Integrata","publisher":{"@id":"https:\/\/www.promin.it\/#organization"},"potentialAction":[{"@type":"SearchAction","target":{"@type":"EntryPoint","urlTemplate":"https:\/\/www.promin.it\/?s={search_term_string}"},"query-input":{"@type":"PropertyValueSpecification","valueRequired":true,"valueName":"search_term_string"}}],"inLanguage":"fr-FR"},{"@type":"Organization","@id":"https:\/\/www.promin.it\/#organization","name":"Promin Srl","alternateName":"Promin - Prodotti Medicina Integrata","url":"https:\/\/www.promin.it\/","logo":{"@type":"ImageObject","inLanguage":"fr-FR","@id":"https:\/\/www.promin.it\/#\/schema\/logo\/image\/","url":"https:\/\/www.promin.it\/wp-content\/uploads\/2024\/11\/logo-promin-seo.jpg","contentUrl":"https:\/\/www.promin.it\/wp-content\/uploads\/2024\/11\/logo-promin-seo.jpg","width":512,"height":512,"caption":"Promin Srl"},"image":{"@id":"https:\/\/www.promin.it\/#\/schema\/logo\/image\/"},"sameAs":["https:\/\/www.facebook.com\/prominmed","https:\/\/www.instagram.com\/promin_medicina_integrata\/","https:\/\/www.linkedin.com\/company\/promin-prodotti-medicina-integrata\/"]}]}},"jetpack_sharing_enabled":true,"jetpack_shortlink":"https:\/\/wp.me\/PaiRmh-4ZD","_links":{"self":[{"href":"https:\/\/www.promin.it\/fr\/wp-json\/wp\/v2\/pages\/19197"}],"collection":[{"href":"https:\/\/www.promin.it\/fr\/wp-json\/wp\/v2\/pages"}],"about":[{"href":"https:\/\/www.promin.it\/fr\/wp-json\/wp\/v2\/types\/page"}],"author":[{"embeddable":true,"href":"https:\/\/www.promin.it\/fr\/wp-json\/wp\/v2\/users\/193"}],"replies":[{"embeddable":true,"href":"https:\/\/www.promin.it\/fr\/wp-json\/wp\/v2\/comments?post=19197"}],"version-history":[{"count":6,"href":"https:\/\/www.promin.it\/fr\/wp-json\/wp\/v2\/pages\/19197\/revisions"}],"predecessor-version":[{"id":20064,"href":"https:\/\/www.promin.it\/fr\/wp-json\/wp\/v2\/pages\/19197\/revisions\/20064"}],"wp:attachment":[{"href":"https:\/\/www.promin.it\/fr\/wp-json\/wp\/v2\/media?parent=19197"}],"curies":[{"name":"wp","href":"https:\/\/api.w.org\/{rel}","templated":true}]}}