{"id":19243,"date":"2018-01-18T11:13:40","date_gmt":"2018-01-18T10:13:40","guid":{"rendered":"https:\/\/www.promin.it\/?page_id=19243"},"modified":"2024-11-11T11:40:21","modified_gmt":"2024-11-11T10:40:21","slug":"opotherapie","status":"publish","type":"page","link":"https:\/\/www.promin.it\/fr\/opotherapie\/","title":{"rendered":"Opoth\u00e9rapie"},"content":{"rendered":"<section class=\"l-section wpb_row visore-interno height_auto width_full\"><div class=\"l-section-h i-cf\"><div class=\"g-cols vc_row via_grid cols_1-3 laptops-cols_inherit tablets-cols_inherit mobiles-cols_1 valign_middle type_default stacking_default\" style=\"--gap:0rem;\"><div class=\"wpb_column vc_column_container col-visore\"><div class=\"vc_column-inner\"><div class=\"w-image logo-promin-v align_none\"><div class=\"w-image-h\"><img decoding=\"async\" width=\"268\" height=\"117\" src=\"https:\/\/www.promin.it\/wp-content\/uploads\/2024\/09\/promin-logo-v.svg\" class=\"attachment-large size-large\" alt=\"\" loading=\"lazy\" \/><\/div><\/div><\/div><\/div><div class=\"wpb_column vc_column_container col-img chi-siamo\"><div class=\"vc_column-inner\"><div class=\"wpb_text_column\"><div class=\"wpb_wrapper\"><h1>Opoth\u00e9rapie<\/h1>\n<\/div><\/div><\/div><\/div><\/div><\/div><\/section><section class=\"l-section wpb_row fascia-breadcrums height_auto\"><div class=\"l-section-h i-cf\"><div class=\"g-cols vc_row via_grid cols_1 laptops-cols_inherit tablets-cols_inherit mobiles-cols_1 valign_top type_default stacking_default\"><div class=\"wpb_column vc_column_container\"><div class=\"vc_column-inner\"><section class=\"l-section wpb_row height_auto\"><div class=\"l-section-h i-cf\"><div class=\"g-cols vc_row via_grid cols_1 laptops-cols_inherit tablets-cols_inherit mobiles-cols_1 valign_middle type_default stacking_default\"><div class=\"wpb_column vc_column_container\"><div class=\"vc_column-inner\">[vc_raw_html]PGEgaHJlZj0iaHR0cHM6Ly90ZXN0LnByb21pbi5pdC9mci9kb21haW5lcy10aGVyYXBldXRpcXVlcy8iPjx0b3JuYSBhbGxlPSIiIGFyZWU9IiIgdGVyYXBldXRpY2hlPSIiPjwvdG9ybmE+PC9hPg==[\/vc_raw_html]<\/div><\/div><\/div><\/div><\/section>\n<\/div><\/div><\/div><\/div><\/section><section class=\"l-section wpb_row btn-news-correlati height_small\"><div class=\"l-section-h i-cf\"><div class=\"g-cols vc_row via_grid cols_2 laptops-cols_inherit tablets-cols_inherit mobiles-cols_1 valign_top type_default stacking_default\"><div class=\"wpb_column vc_column_container\"><div class=\"vc_column-inner\"><div class=\"w-btn-wrapper align_center\"><a class=\"w-btn us-btn-style_1\" href=\"#news_correlate\"><span class=\"w-btn-label\">Regarder les actualit\u00e9s associ\u00e9es<\/span><\/a><\/div><\/div><\/div><div class=\"wpb_column vc_column_container\"><div class=\"vc_column-inner\"><div class=\"w-btn-wrapper align_center\"><a class=\"w-btn us-btn-style_1\" href=\"#prodotti_correlati\"><span class=\"w-btn-label\">Voir les produits associ\u00e9s<\/span><\/a><\/div><\/div><\/div><\/div><\/div><\/section><section class=\"l-section wpb_row height_medium\" id=\"prodotti_correlati\"><div class=\"l-section-h i-cf\"><div class=\"g-cols vc_row via_grid cols_1 laptops-cols_inherit tablets-cols_inherit mobiles-cols_1 valign_top type_default stacking_default\"><div class=\"wpb_column vc_column_container\"><div class=\"vc_column-inner\"><div class=\"wpb_text_column\"><div class=\"wpb_wrapper\"><h3>Produits <span class=\"azzurro\">connexes<\/span><\/h3>\n<\/div><\/div><div class=\"w-separator size_medium\"><\/div><div class=\"w-grid fascia-elenco-prodotti-ecom type_grid layout_17271 cols_3\" id=\"us_grid_1\" style=\"--gap:1.5rem;\"><style>@media (max-width:1024px){#us_grid_1 .w-grid-item{width:50%}}@media (max-width:600px){#us_grid_1 .w-grid-list{margin:0}#us_grid_1 .w-grid-item{width:100%;padding:0;margin-bottom:var(--gap,0px)}}.layout_17271 .w-grid-item-h{}<\/style><div class=\"w-grid-list\">\t<article class=\"w-grid-item size_1x1 post-19216 schede_prodotto type-schede_prodotto status-publish has-post-thumbnail hentry\" data-id=\"19216\">\r\n\t\t<div class=\"w-grid-item-h\">\r\n\t\t\t\t\t\t<div class=\"w-vwrapper usg_vwrapper_1 box-prodotto scheda align_none valign_top\"><div class=\"w-post-elm post_image usg_post_image_1 has_ratio\"><a href=\"https:\/\/www.promin.it\/fr\/schede_prodotto\/foie-sec\/\" aria-label=\"Foie sec\"><img decoding=\"async\" width=\"600\" height=\"600\" src=\"https:\/\/www.promin.it\/wp-content\/uploads\/2024\/10\/fegato-secco-oroterapico-fegato-bovino-vitamina-b.jpg\" class=\"attachment-full size-full wp-post-image\" alt=\"\" srcset=\"https:\/\/www.promin.it\/wp-content\/uploads\/2024\/10\/fegato-secco-oroterapico-fegato-bovino-vitamina-b.jpg 600w, https:\/\/www.promin.it\/wp-content\/uploads\/2024\/10\/fegato-secco-oroterapico-fegato-bovino-vitamina-b-300x300.jpg 300w, https:\/\/www.promin.it\/wp-content\/uploads\/2024\/10\/fegato-secco-oroterapico-fegato-bovino-vitamina-b-150x150.jpg 150w\" sizes=\"(max-width: 600px) 100vw, 600px\" \/><\/a><div style=\"padding-bottom:100%\"><\/div><\/div><h2 class=\"w-post-elm post_title usg_post_title_1 entry-title color_link_inherit\"><a href=\"https:\/\/www.promin.it\/fr\/schede_prodotto\/foie-sec\/\">Foie sec<\/a><\/h2><div class=\"w-hwrapper usg_hwrapper_1 align_none valign_top\"><a class=\"w-btn us-btn-style_2 usg_btn_1\" href=\"https:\/\/www.promin.it\/fr\/schede_prodotto\/foie-sec\/\"><span class=\"w-btn-label\">Aper\u00e7u<\/span><\/a><\/div><\/div>\t\t<\/div>\r\n\t\t\t<\/article>\r\n\t<article class=\"w-grid-item size_1x1 post-19228 schede_prodotto type-schede_prodotto status-publish has-post-thumbnail hentry\" data-id=\"19228\">\r\n\t\t<div class=\"w-grid-item-h\">\r\n\t\t\t\t\t\t<div class=\"w-vwrapper usg_vwrapper_1 box-prodotto scheda align_none valign_top\"><div class=\"w-post-elm post_image usg_post_image_1 has_ratio\"><a href=\"https:\/\/www.promin.it\/fr\/schede_prodotto\/poumon-sec\/\" aria-label=\"Poumon sec\"><img decoding=\"async\" width=\"600\" height=\"600\" src=\"https:\/\/www.promin.it\/wp-content\/uploads\/2024\/10\/polmone-secco-opoterapico-polmone-di-suino.jpg\" class=\"attachment-full size-full wp-post-image\" alt=\"\" srcset=\"https:\/\/www.promin.it\/wp-content\/uploads\/2024\/10\/polmone-secco-opoterapico-polmone-di-suino.jpg 600w, https:\/\/www.promin.it\/wp-content\/uploads\/2024\/10\/polmone-secco-opoterapico-polmone-di-suino-300x300.jpg 300w, https:\/\/www.promin.it\/wp-content\/uploads\/2024\/10\/polmone-secco-opoterapico-polmone-di-suino-150x150.jpg 150w\" sizes=\"(max-width: 600px) 100vw, 600px\" \/><\/a><div style=\"padding-bottom:100%\"><\/div><\/div><h2 class=\"w-post-elm post_title usg_post_title_1 entry-title color_link_inherit\"><a href=\"https:\/\/www.promin.it\/fr\/schede_prodotto\/poumon-sec\/\">Poumon sec<\/a><\/h2><div class=\"w-hwrapper usg_hwrapper_1 align_none valign_top\"><a class=\"w-btn us-btn-style_2 usg_btn_1\" href=\"https:\/\/www.promin.it\/fr\/schede_prodotto\/poumon-sec\/\"><span class=\"w-btn-label\">Aper\u00e7u<\/span><\/a><\/div><\/div>\t\t<\/div>\r\n\t\t\t<\/article>\r\n<\/div><div class=\"w-grid-preloader\">\t<div class=\"g-preloader type_1\">\r\n\t\t<div><\/div>\r\n\t<\/div>\r\n\t<\/div>\t<div class=\"w-grid-json hidden\" onclick='return {&quot;action&quot;:&quot;us_ajax_grid&quot;,&quot;infinite_scroll&quot;:0,&quot;max_num_pages&quot;:1,&quot;pagination&quot;:&quot;none&quot;,&quot;template_vars&quot;:{&quot;columns&quot;:&quot;3&quot;,&quot;exclude_items&quot;:&quot;none&quot;,&quot;img_size&quot;:&quot;default&quot;,&quot;ignore_items_size&quot;:0,&quot;items_layout&quot;:&quot;17271&quot;,&quot;items_offset&quot;:&quot;1&quot;,&quot;load_animation&quot;:&quot;none&quot;,&quot;overriding_link&quot;:&quot;{\\&quot;url\\&quot;:\\&quot;\\&quot;}&quot;,&quot;post_id&quot;:0,&quot;query_args&quot;:{&quot;ignore_sticky_posts&quot;:1,&quot;post_type&quot;:&quot;any&quot;,&quot;post__in&quot;:[&quot;17238&quot;,&quot;17257&quot;],&quot;tax_query&quot;:[{&quot;taxonomy&quot;:&quot;product_visibility&quot;,&quot;field&quot;:&quot;slug&quot;,&quot;terms&quot;:[&quot;exclude-from-catalog&quot;],&quot;operator&quot;:&quot;NOT IN&quot;}],&quot;posts_per_page&quot;:&quot;6&quot;},&quot;orderby_query_args&quot;:{&quot;orderby&quot;:{&quot;post__in&quot;:&quot;ASC&quot;},&quot;order&quot;:&quot;ASC&quot;},&quot;type&quot;:&quot;grid&quot;,&quot;us_grid_post_type&quot;:&quot;ids&quot;,&quot;us_grid_ajax_index&quot;:1,&quot;us_grid_filter_query_string&quot;:null,&quot;us_grid_index&quot;:1,&quot;page_args&quot;:[],&quot;lang&quot;:&quot;fr&quot;}}'><\/div>\r\n\t<\/div><\/div><\/div><\/div><\/div><\/section><section class=\"l-section wpb_row fascia-elenco-news-due height_medium\" id=\"news_correlate\"><div class=\"l-section-h i-cf\"><div class=\"g-cols vc_row via_grid cols_1 laptops-cols_inherit tablets-cols_inherit mobiles-cols_1 valign_top type_default stacking_default\"><div class=\"wpb_column vc_column_container\"><div class=\"vc_column-inner\"><div class=\"wpb_text_column\"><div class=\"wpb_wrapper\"><h3><span class=\"azzurro\">Actualit\u00e9s connexes<\/span><\/h3>\n<\/div><\/div><div class=\"w-separator size_medium\"><\/div><div class=\"w-grid hide_on_default hide_on_laptops hide_on_tablets hide_on_mobiles type_grid layout_16987 cols_3 pagination_ajax\" id=\"us_grid_2\" style=\"--gap:1.5rem;\" data-filterable=\"true\"><style>@media (max-width:1024px){#us_grid_2 .w-grid-item{width:50%}}@media (max-width:600px){#us_grid_2 .w-grid-list{margin:0}#us_grid_2 .w-grid-item{width:100%;padding:0;margin-bottom:var(--gap,0px)}}.layout_16987 .w-grid-item-h{}<\/style><div class=\"w-grid-list\">\t<article class=\"w-grid-item size_1x1 post-19432 post type-post status-publish format-aside has-post-thumbnail hentry category-non-classifiee tag-ascopromine-mg tag-ascorbate-de-magnesium tag-ascorbates-mineraux tag-changements-de-temperature tag-ck-promin-fr tag-systeme-immunitaire tag-voix-et-gorge post_format-post-format-aside\" data-id=\"19432\">\r\n\t\t<div class=\"w-grid-item-h\">\r\n\t\t\t\t\t\t<div class=\"w-vwrapper usg_vwrapper_1 align_none valign_top\"><div class=\"w-post-elm post_image usg_post_image_1 has_ratio\"><a href=\"https:\/\/www.promin.it\/fr\/changements-de-temperature-et-pollinose-les-defenses-immunitaires-sont-attaquees\/\" aria-label=\"Changements de temp\u00e9rature et pollen : le syst\u00e8me immunitaire est attaqu\u00e9\"><img decoding=\"async\" width=\"1000\" height=\"606\" src=\"https:\/\/www.promin.it\/wp-content\/uploads\/2017\/12\/Atuttac-1000.webp\" class=\"attachment-full size-full wp-post-image\" alt=\"\" srcset=\"https:\/\/www.promin.it\/wp-content\/uploads\/2017\/12\/Atuttac-1000.webp 1000w, https:\/\/www.promin.it\/wp-content\/uploads\/2017\/12\/Atuttac-1000-300x182.webp 300w, https:\/\/www.promin.it\/wp-content\/uploads\/2017\/12\/Atuttac-1000-600x364.webp 600w\" sizes=\"(max-width: 1000px) 100vw, 1000px\" \/><\/a><div style=\"padding-bottom:75%\"><\/div><\/div><time class=\"w-post-elm post_date usg_post_date_1 entry-date published\" datetime=\"2025-10-30T13:01:12+01:00\">30.10.2025<\/time><h2 class=\"w-post-elm post_title usg_post_title_1 entry-title color_link_inherit\"><a href=\"https:\/\/www.promin.it\/fr\/changements-de-temperature-et-pollinose-les-defenses-immunitaires-sont-attaquees\/\">Changements de temp\u00e9rature et pollen : le syst\u00e8me immunitaire est attaqu\u00e9<\/a><\/h2><div class=\"w-post-elm post_content usg_post_content_1\">Ces derni\u00e8res semaines, les changements de temp\u00e9rature ont favoris\u00e9 la prolif\u00e9ration et la propagation\u2026<\/div><a class=\"w-btn us-btn-style_2 usg_btn_1\" href=\"https:\/\/www.promin.it\/fr\/changements-de-temperature-et-pollinose-les-defenses-immunitaires-sont-attaquees\/\"><span class=\"w-btn-label\">Lire plus<\/span><\/a><\/div>\t\t<\/div>\r\n\t\t\t<\/article>\r\n\t<article class=\"w-grid-item size_1x1 post-19434 post type-post status-publish format-aside has-post-thumbnail hentry category-non-classifiee tag-bien-etre-du-foie tag-complexe-inosima tag-desintoxication tag-foie tag-gastro-intestinal tag-inosima-500-fr tag-inositolo-fr tag-ligne-dinositol tag-purification post_format-post-format-aside\" data-id=\"19434\">\r\n\t\t<div class=\"w-grid-item-h\">\r\n\t\t\t\t\t\t<div class=\"w-vwrapper usg_vwrapper_1 align_none valign_top\"><div class=\"w-post-elm post_image usg_post_image_1 has_ratio\"><a href=\"https:\/\/www.promin.it\/fr\/stress-hepatique-et-metabolisme-ralenti\/\" aria-label=\"Foie stress\u00e9 et m\u00e9tabolisme ralenti\"><img decoding=\"async\" width=\"1599\" height=\"2465\" src=\"https:\/\/www.promin.it\/wp-content\/uploads\/2024\/04\/Inosima-Complex_2025.jpg\" class=\"attachment-full size-full wp-post-image\" alt=\"\" srcset=\"https:\/\/www.promin.it\/wp-content\/uploads\/2024\/04\/Inosima-Complex_2025.jpg 1599w, https:\/\/www.promin.it\/wp-content\/uploads\/2024\/04\/Inosima-Complex_2025-195x300.jpg 195w, https:\/\/www.promin.it\/wp-content\/uploads\/2024\/04\/Inosima-Complex_2025-664x1024.jpg 664w, https:\/\/www.promin.it\/wp-content\/uploads\/2024\/04\/Inosima-Complex_2025-600x925.jpg 600w\" sizes=\"(max-width: 1599px) 100vw, 1599px\" \/><\/a><div style=\"padding-bottom:75%\"><\/div><\/div><time class=\"w-post-elm post_date usg_post_date_1 entry-date published\" datetime=\"2025-09-02T11:46:12+02:00\">02.9.2025<\/time><h2 class=\"w-post-elm post_title usg_post_title_1 entry-title color_link_inherit\"><a href=\"https:\/\/www.promin.it\/fr\/stress-hepatique-et-metabolisme-ralenti\/\">Foie stress\u00e9 et m\u00e9tabolisme ralenti<\/a><\/h2><div class=\"w-post-elm post_content usg_post_content_1\">INOSIMA COMPLEX de Promin : comprim\u00e9s brevet\u00e9s \u00e0 lib\u00e9ration lente d\u2019Inositol, de Choline et\u2026<\/div><a class=\"w-btn us-btn-style_2 usg_btn_1\" href=\"https:\/\/www.promin.it\/fr\/stress-hepatique-et-metabolisme-ralenti\/\"><span class=\"w-btn-label\">Lire plus<\/span><\/a><\/div>\t\t<\/div>\r\n\t\t\t<\/article>\r\n\t<article class=\"w-grid-item size_1x1 post-19444 post type-post status-publish format-aside has-post-thumbnail hentry category-non-classifiee category-points-forts tag-ascopromine-mg tag-ck-promin-fr tag-inflammation tag-joints tag-prele tag-quisedol-fr post_format-post-format-aside\" data-id=\"19444\">\r\n\t\t<div class=\"w-grid-item-h\">\r\n\t\t\t\t\t\t<div class=\"w-vwrapper usg_vwrapper_1 align_none valign_top\"><div class=\"w-post-elm post_image usg_post_image_1 has_ratio\"><a href=\"https:\/\/www.promin.it\/fr\/troubles-osteoarticulaires\/\" aria-label=\"Troubles ost\u00e9oarticulaires\"><img decoding=\"async\" width=\"728\" height=\"476\" src=\"https:\/\/www.promin.it\/wp-content\/uploads\/2023\/02\/mal-di-schiena-dolore.jpg\" class=\"attachment-full size-full wp-post-image\" alt=\"\" srcset=\"https:\/\/www.promin.it\/wp-content\/uploads\/2023\/02\/mal-di-schiena-dolore.jpg 728w, https:\/\/www.promin.it\/wp-content\/uploads\/2023\/02\/mal-di-schiena-dolore-300x196.jpg 300w, https:\/\/www.promin.it\/wp-content\/uploads\/2023\/02\/mal-di-schiena-dolore-600x392.jpg 600w\" sizes=\"(max-width: 728px) 100vw, 728px\" \/><\/a><div style=\"padding-bottom:75%\"><\/div><\/div><time class=\"w-post-elm post_date usg_post_date_1 entry-date published\" datetime=\"2025-09-02T10:42:53+02:00\">02.9.2025<\/time><h2 class=\"w-post-elm post_title usg_post_title_1 entry-title color_link_inherit\"><a href=\"https:\/\/www.promin.it\/fr\/troubles-osteoarticulaires\/\">Troubles ost\u00e9oarticulaires<\/a><\/h2><div class=\"w-post-elm post_content usg_post_content_1\">Est-il possible de g\u00e9rer l\u2019inflammation et les douleurs articulaires naturellement, sans recourir \u00e0 l\u2019utilisation\u2026<\/div><a class=\"w-btn us-btn-style_2 usg_btn_1\" href=\"https:\/\/www.promin.it\/fr\/troubles-osteoarticulaires\/\"><span class=\"w-btn-label\">Lire plus<\/span><\/a><\/div>\t\t<\/div>\r\n\t\t\t<\/article>\r\n\t<article class=\"w-grid-item size_1x1 post-19430 post type-post status-publish format-aside has-post-thumbnail hentry category-non-classifiee category-points-forts post_format-post-format-aside\" data-id=\"19430\">\r\n\t\t<div class=\"w-grid-item-h\">\r\n\t\t\t\t\t\t<div class=\"w-vwrapper usg_vwrapper_1 align_none valign_top\"><div class=\"w-post-elm post_image usg_post_image_1 has_ratio\"><a href=\"https:\/\/www.promin.it\/fr\/choeur-de-moutarde-de-promettre-la-ligne-complete-formulee-pour-le-bien-etre-de-la-voix-et-de-la-gorge\/\" aria-label=\"Coro Erisimo de Promin, la ligne compl\u00e8te formul\u00e9e pour le bien-\u00eatre de la voix et de la gorge\"><img decoding=\"async\" width=\"960\" height=\"719\" src=\"https:\/\/www.promin.it\/wp-content\/uploads\/2024\/04\/CORO-ERISIMO-PROMIN.webp\" class=\"attachment-full size-full wp-post-image\" alt=\"\" srcset=\"https:\/\/www.promin.it\/wp-content\/uploads\/2024\/04\/CORO-ERISIMO-PROMIN.webp 960w, https:\/\/www.promin.it\/wp-content\/uploads\/2024\/04\/CORO-ERISIMO-PROMIN-300x225.webp 300w, https:\/\/www.promin.it\/wp-content\/uploads\/2024\/04\/CORO-ERISIMO-PROMIN-600x449.webp 600w\" sizes=\"(max-width: 960px) 100vw, 960px\" \/><\/a><div style=\"padding-bottom:75%\"><\/div><\/div><time class=\"w-post-elm post_date usg_post_date_1 entry-date published\" datetime=\"2024-11-21T12:20:38+01:00\">21.11.2024<\/time><h2 class=\"w-post-elm post_title usg_post_title_1 entry-title color_link_inherit\"><a href=\"https:\/\/www.promin.it\/fr\/choeur-de-moutarde-de-promettre-la-ligne-complete-formulee-pour-le-bien-etre-de-la-voix-et-de-la-gorge\/\">Coro Erisimo de Promin, la ligne compl\u00e8te formul\u00e9e pour le bien-\u00eatre de la voix et de la gorge<\/a><\/h2><div class=\"w-post-elm post_content usg_post_content_1\">D\u00e9di\u00e9 \u00e0 ceux qui parlent, agissent, chantent, ou simplement \u00e0 ceux qui ont des\u2026<\/div><a class=\"w-btn us-btn-style_2 usg_btn_1\" href=\"https:\/\/www.promin.it\/fr\/choeur-de-moutarde-de-promettre-la-ligne-complete-formulee-pour-le-bien-etre-de-la-voix-et-de-la-gorge\/\"><span class=\"w-btn-label\">Lire plus<\/span><\/a><\/div>\t\t<\/div>\r\n\t\t\t<\/article>\r\n\t<article class=\"w-grid-item size_1x1 post-19919 post type-post status-publish format-aside has-post-thumbnail hentry category-non-classifiee tag-inosame-cerveau tag-inositolo-fr tag-ligne-dinositol tag-magnesium tag-meme tag-systeme-nerveux-central tag-troubles-de-lhumeur tag-troubles-du-sommeil post_format-post-format-aside\" data-id=\"19919\">\r\n\t\t<div class=\"w-grid-item-h\">\r\n\t\t\t\t\t\t<div class=\"w-vwrapper usg_vwrapper_1 align_none valign_top\"><div class=\"w-post-elm post_image usg_post_image_1 has_ratio\"><a href=\"https:\/\/www.promin.it\/fr\/si-lhumeur-est-plus-fragile-en-automne\/\" aria-label=\"Si l\u2019humeur est plus fragile en automne\"><img decoding=\"async\" width=\"698\" height=\"699\" src=\"https:\/\/www.promin.it\/wp-content\/uploads\/2024\/11\/img-autunno.webp\" class=\"attachment-full size-full wp-post-image\" alt=\"\" srcset=\"https:\/\/www.promin.it\/wp-content\/uploads\/2024\/11\/img-autunno.webp 698w, https:\/\/www.promin.it\/wp-content\/uploads\/2024\/11\/img-autunno-300x300.webp 300w, https:\/\/www.promin.it\/wp-content\/uploads\/2024\/11\/img-autunno-150x150.webp 150w, https:\/\/www.promin.it\/wp-content\/uploads\/2024\/11\/img-autunno-600x601.webp 600w\" sizes=\"(max-width: 698px) 100vw, 698px\" \/><\/a><div style=\"padding-bottom:75%\"><\/div><\/div><time class=\"w-post-elm post_date usg_post_date_1 entry-date published\" datetime=\"2024-11-07T16:21:09+01:00\">07.11.2024<\/time><h2 class=\"w-post-elm post_title usg_post_title_1 entry-title color_link_inherit\"><a href=\"https:\/\/www.promin.it\/fr\/si-lhumeur-est-plus-fragile-en-automne\/\">Si l\u2019humeur est plus fragile en automne<\/a><\/h2><div class=\"w-post-elm post_content usg_post_content_1\">Les troubles de l\u2019humeur peuvent survenir \u00e0 tout moment de l\u2019ann\u00e9e et \u00e0 tout\u2026<\/div><a class=\"w-btn us-btn-style_2 usg_btn_1\" href=\"https:\/\/www.promin.it\/fr\/si-lhumeur-est-plus-fragile-en-automne\/\"><span class=\"w-btn-label\">Lire plus<\/span><\/a><\/div>\t\t<\/div>\r\n\t\t\t<\/article>\r\n\t<article class=\"w-grid-item size_1x1 post-19439 post type-post status-publish format-aside has-post-thumbnail hentry category-non-classifiee category-points-forts tag-ascorbates-mineraux tag-chorus-hedge-spray-moutarde tag-chorus-line-moutarde-des-haies tag-ck-promin-fr tag-ligne-ascorbate tag-moutarde-des-haies tag-protection-hivernale post_format-post-format-aside\" data-id=\"19439\">\r\n\t\t<div class=\"w-grid-item-h\">\r\n\t\t\t\t\t\t<div class=\"w-vwrapper usg_vwrapper_1 align_none valign_top\"><div class=\"w-post-elm post_image usg_post_image_1 has_ratio\"><a href=\"https:\/\/www.promin.it\/fr\/virus-de-la-grippe-et-le-rhume-maladie\/\" aria-label=\"Virus de la grippe et rhume\"><img decoding=\"async\" width=\"853\" height=\"1280\" src=\"https:\/\/www.promin.it\/wp-content\/uploads\/2024\/05\/allergy-18656_1280.webp\" class=\"attachment-full size-full wp-post-image\" alt=\"\" srcset=\"https:\/\/www.promin.it\/wp-content\/uploads\/2024\/05\/allergy-18656_1280.webp 853w, https:\/\/www.promin.it\/wp-content\/uploads\/2024\/05\/allergy-18656_1280-200x300.webp 200w, https:\/\/www.promin.it\/wp-content\/uploads\/2024\/05\/allergy-18656_1280-682x1024.webp 682w, https:\/\/www.promin.it\/wp-content\/uploads\/2024\/05\/allergy-18656_1280-600x900.webp 600w\" sizes=\"(max-width: 853px) 100vw, 853px\" \/><\/a><div style=\"padding-bottom:75%\"><\/div><\/div><time class=\"w-post-elm post_date usg_post_date_1 entry-date published\" datetime=\"2024-09-01T12:48:36+02:00\">01.9.2024<\/time><h2 class=\"w-post-elm post_title usg_post_title_1 entry-title color_link_inherit\"><a href=\"https:\/\/www.promin.it\/fr\/virus-de-la-grippe-et-le-rhume-maladie\/\">Virus de la grippe et rhume<\/a><\/h2><div class=\"w-post-elm post_content usg_post_content_1\">Pour une protection naturelle, la vitamine C et les herbes m\u00e9dicinales adapt\u00e9es \u00e0 l\u2019hiver\u2026<\/div><a class=\"w-btn us-btn-style_2 usg_btn_1\" href=\"https:\/\/www.promin.it\/fr\/virus-de-la-grippe-et-le-rhume-maladie\/\"><span class=\"w-btn-label\">Lire plus<\/span><\/a><\/div>\t\t<\/div>\r\n\t\t\t<\/article>\r\n<\/div><div class=\"w-grid-preloader\">\t<div class=\"g-preloader type_1\">\r\n\t\t<div><\/div>\r\n\t<\/div>\r\n\t<\/div>\t\t\t<div class=\"g-loadmore \">\r\n\t\t\t\t<div class=\"g-preloader type_1\">\r\n\t\t\t\t\t<div><\/div>\r\n\t\t\t\t<\/div>\r\n\t\t\t\t<button class=\"w-btn us-btn-style_1\">\r\n\t\t\t\t\t<span class=\"w-btn-label\">Voir plus d\u2019actualit\u00e9s<\/span>\r\n\t\t\t\t<\/button>\r\n\t\t\t<\/div>\r\n\t\t\t\t<div class=\"w-grid-json hidden\" onclick='return {&quot;action&quot;:&quot;us_ajax_grid&quot;,&quot;infinite_scroll&quot;:0,&quot;max_num_pages&quot;:6,&quot;pagination&quot;:&quot;ajax&quot;,&quot;template_vars&quot;:{&quot;columns&quot;:&quot;3&quot;,&quot;exclude_items&quot;:&quot;none&quot;,&quot;img_size&quot;:&quot;default&quot;,&quot;ignore_items_size&quot;:0,&quot;items_layout&quot;:&quot;16987&quot;,&quot;items_offset&quot;:&quot;1&quot;,&quot;load_animation&quot;:&quot;none&quot;,&quot;overriding_link&quot;:&quot;{\\&quot;url\\&quot;:\\&quot;\\&quot;}&quot;,&quot;post_id&quot;:0,&quot;query_args&quot;:{&quot;post_type&quot;:[&quot;post&quot;],&quot;post_status&quot;:[&quot;publish&quot;,&quot;acf-disabled&quot;,&quot;mapped&quot;,&quot;needs_update&quot;],&quot;posts_per_page&quot;:&quot;6&quot;},&quot;orderby_query_args&quot;:{&quot;orderby&quot;:{&quot;date&quot;:&quot;DESC&quot;}},&quot;type&quot;:&quot;grid&quot;,&quot;us_grid_post_type&quot;:&quot;post&quot;,&quot;us_grid_ajax_index&quot;:2,&quot;us_grid_filter_query_string&quot;:null,&quot;us_grid_index&quot;:2,&quot;page_args&quot;:[],&quot;lang&quot;:&quot;fr&quot;}}'><\/div>\r\n\t<\/div><\/div><\/div><\/div><\/div><\/section>\n","protected":false},"excerpt":{"rendered":"Pour une protection naturelle, la vitamine C et les herbes m\u00e9dicinales adapt\u00e9es \u00e0 l\u2019hiver sont en pole position. C\u2019est toujours la protection de base, recommand\u00e9e pour sa fonction antioxydante et pour son action de stimulation du syst\u00e8me immunitaire. La vitamine C est adapt\u00e9e pour nous prot\u00e9ger des infections virales, des bact\u00e9ries, des substances toxiques, du...","protected":false},"author":5,"featured_media":19304,"parent":0,"menu_order":0,"comment_status":"closed","ping_status":"closed","template":"","meta":{"_acf_changed":false,"jetpack_post_was_ever_published":false,"footnotes":""},"class_list":["post-19243","page","type-page","status-publish","has-post-thumbnail","hentry"],"acf":[],"yoast_head":"<!-- This site is optimized with the Yoast SEO plugin v23.4 - https:\/\/yoast.com\/wordpress\/plugins\/seo\/ -->\n<title>Opoth\u00e9rapie - Promin<\/title>\n<meta name=\"robots\" content=\"index, follow, max-snippet:-1, max-image-preview:large, max-video-preview:-1\" \/>\n<link rel=\"canonical\" href=\"https:\/\/www.promin.it\/fr\/opotherapie\/\" \/>\n<meta property=\"og:locale\" content=\"fr_FR\" \/>\n<meta property=\"og:type\" content=\"article\" \/>\n<meta property=\"og:title\" content=\"Opoth\u00e9rapie - Promin\" \/>\n<meta property=\"og:url\" content=\"https:\/\/www.promin.it\/fr\/opotherapie\/\" \/>\n<meta property=\"og:site_name\" content=\"Promin\" \/>\n<meta property=\"article:publisher\" content=\"https:\/\/www.facebook.com\/prominmed\" \/>\n<meta property=\"article:modified_time\" content=\"2024-11-11T10:40:21+00:00\" \/>\n<meta property=\"og:image\" content=\"https:\/\/www.promin.it\/wp-content\/uploads\/2024\/10\/opoterapia.webp\" \/>\n\t<meta property=\"og:image:width\" content=\"1632\" \/>\n\t<meta property=\"og:image:height\" content=\"1632\" \/>\n\t<meta property=\"og:image:type\" content=\"image\/webp\" \/>\n<meta name=\"twitter:card\" content=\"summary_large_image\" \/>\n<script type=\"application\/ld+json\" class=\"yoast-schema-graph\">{\"@context\":\"https:\/\/schema.org\",\"@graph\":[{\"@type\":\"WebPage\",\"@id\":\"https:\/\/www.promin.it\/fr\/opotherapie\/\",\"url\":\"https:\/\/www.promin.it\/fr\/opotherapie\/\",\"name\":\"Opoth\u00e9rapie - Promin\",\"isPartOf\":{\"@id\":\"https:\/\/www.promin.it\/#website\"},\"primaryImageOfPage\":{\"@id\":\"https:\/\/www.promin.it\/fr\/opotherapie\/#primaryimage\"},\"image\":{\"@id\":\"https:\/\/www.promin.it\/fr\/opotherapie\/#primaryimage\"},\"thumbnailUrl\":\"https:\/\/www.promin.it\/wp-content\/uploads\/2024\/10\/opoterapia.webp\",\"datePublished\":\"2018-01-18T10:13:40+00:00\",\"dateModified\":\"2024-11-11T10:40:21+00:00\",\"breadcrumb\":{\"@id\":\"https:\/\/www.promin.it\/fr\/opotherapie\/#breadcrumb\"},\"inLanguage\":\"fr-FR\",\"potentialAction\":[{\"@type\":\"ReadAction\",\"target\":[\"https:\/\/www.promin.it\/fr\/opotherapie\/\"]}]},{\"@type\":\"ImageObject\",\"inLanguage\":\"fr-FR\",\"@id\":\"https:\/\/www.promin.it\/fr\/opotherapie\/#primaryimage\",\"url\":\"https:\/\/www.promin.it\/wp-content\/uploads\/2024\/10\/opoterapia.webp\",\"contentUrl\":\"https:\/\/www.promin.it\/wp-content\/uploads\/2024\/10\/opoterapia.webp\",\"width\":1632,\"height\":1632},{\"@type\":\"BreadcrumbList\",\"@id\":\"https:\/\/www.promin.it\/fr\/opotherapie\/#breadcrumb\",\"itemListElement\":[{\"@type\":\"ListItem\",\"position\":1,\"name\":\"Accueil\",\"item\":\"https:\/\/www.promin.it\/fr\/\"},{\"@type\":\"ListItem\",\"position\":2,\"name\":\"Opoth\u00e9rapie\"}]},{\"@type\":\"WebSite\",\"@id\":\"https:\/\/www.promin.it\/#website\",\"url\":\"https:\/\/www.promin.it\/\",\"name\":\"Promin\",\"description\":\"Prodotti Medicina Integrata\",\"publisher\":{\"@id\":\"https:\/\/www.promin.it\/#organization\"},\"potentialAction\":[{\"@type\":\"SearchAction\",\"target\":{\"@type\":\"EntryPoint\",\"urlTemplate\":\"https:\/\/www.promin.it\/?s={search_term_string}\"},\"query-input\":{\"@type\":\"PropertyValueSpecification\",\"valueRequired\":true,\"valueName\":\"search_term_string\"}}],\"inLanguage\":\"fr-FR\"},{\"@type\":\"Organization\",\"@id\":\"https:\/\/www.promin.it\/#organization\",\"name\":\"Promin Srl\",\"alternateName\":\"Promin - Prodotti Medicina Integrata\",\"url\":\"https:\/\/www.promin.it\/\",\"logo\":{\"@type\":\"ImageObject\",\"inLanguage\":\"fr-FR\",\"@id\":\"https:\/\/www.promin.it\/#\/schema\/logo\/image\/\",\"url\":\"https:\/\/www.promin.it\/wp-content\/uploads\/2024\/11\/logo-promin-seo.jpg\",\"contentUrl\":\"https:\/\/www.promin.it\/wp-content\/uploads\/2024\/11\/logo-promin-seo.jpg\",\"width\":512,\"height\":512,\"caption\":\"Promin Srl\"},\"image\":{\"@id\":\"https:\/\/www.promin.it\/#\/schema\/logo\/image\/\"},\"sameAs\":[\"https:\/\/www.facebook.com\/prominmed\",\"https:\/\/www.instagram.com\/promin_medicina_integrata\/\",\"https:\/\/www.linkedin.com\/company\/promin-prodotti-medicina-integrata\/\"]}]}<\/script>\n<!-- \/ Yoast SEO plugin. -->","yoast_head_json":{"title":"Opoth\u00e9rapie - Promin","robots":{"index":"index","follow":"follow","max-snippet":"max-snippet:-1","max-image-preview":"max-image-preview:large","max-video-preview":"max-video-preview:-1"},"canonical":"https:\/\/www.promin.it\/fr\/opotherapie\/","og_locale":"fr_FR","og_type":"article","og_title":"Opoth\u00e9rapie - Promin","og_url":"https:\/\/www.promin.it\/fr\/opotherapie\/","og_site_name":"Promin","article_publisher":"https:\/\/www.facebook.com\/prominmed","article_modified_time":"2024-11-11T10:40:21+00:00","og_image":[{"width":1632,"height":1632,"url":"https:\/\/www.promin.it\/wp-content\/uploads\/2024\/10\/opoterapia.webp","type":"image\/webp"}],"twitter_card":"summary_large_image","schema":{"@context":"https:\/\/schema.org","@graph":[{"@type":"WebPage","@id":"https:\/\/www.promin.it\/fr\/opotherapie\/","url":"https:\/\/www.promin.it\/fr\/opotherapie\/","name":"Opoth\u00e9rapie - Promin","isPartOf":{"@id":"https:\/\/www.promin.it\/#website"},"primaryImageOfPage":{"@id":"https:\/\/www.promin.it\/fr\/opotherapie\/#primaryimage"},"image":{"@id":"https:\/\/www.promin.it\/fr\/opotherapie\/#primaryimage"},"thumbnailUrl":"https:\/\/www.promin.it\/wp-content\/uploads\/2024\/10\/opoterapia.webp","datePublished":"2018-01-18T10:13:40+00:00","dateModified":"2024-11-11T10:40:21+00:00","breadcrumb":{"@id":"https:\/\/www.promin.it\/fr\/opotherapie\/#breadcrumb"},"inLanguage":"fr-FR","potentialAction":[{"@type":"ReadAction","target":["https:\/\/www.promin.it\/fr\/opotherapie\/"]}]},{"@type":"ImageObject","inLanguage":"fr-FR","@id":"https:\/\/www.promin.it\/fr\/opotherapie\/#primaryimage","url":"https:\/\/www.promin.it\/wp-content\/uploads\/2024\/10\/opoterapia.webp","contentUrl":"https:\/\/www.promin.it\/wp-content\/uploads\/2024\/10\/opoterapia.webp","width":1632,"height":1632},{"@type":"BreadcrumbList","@id":"https:\/\/www.promin.it\/fr\/opotherapie\/#breadcrumb","itemListElement":[{"@type":"ListItem","position":1,"name":"Accueil","item":"https:\/\/www.promin.it\/fr\/"},{"@type":"ListItem","position":2,"name":"Opoth\u00e9rapie"}]},{"@type":"WebSite","@id":"https:\/\/www.promin.it\/#website","url":"https:\/\/www.promin.it\/","name":"Promin","description":"Prodotti Medicina Integrata","publisher":{"@id":"https:\/\/www.promin.it\/#organization"},"potentialAction":[{"@type":"SearchAction","target":{"@type":"EntryPoint","urlTemplate":"https:\/\/www.promin.it\/?s={search_term_string}"},"query-input":{"@type":"PropertyValueSpecification","valueRequired":true,"valueName":"search_term_string"}}],"inLanguage":"fr-FR"},{"@type":"Organization","@id":"https:\/\/www.promin.it\/#organization","name":"Promin Srl","alternateName":"Promin - Prodotti Medicina Integrata","url":"https:\/\/www.promin.it\/","logo":{"@type":"ImageObject","inLanguage":"fr-FR","@id":"https:\/\/www.promin.it\/#\/schema\/logo\/image\/","url":"https:\/\/www.promin.it\/wp-content\/uploads\/2024\/11\/logo-promin-seo.jpg","contentUrl":"https:\/\/www.promin.it\/wp-content\/uploads\/2024\/11\/logo-promin-seo.jpg","width":512,"height":512,"caption":"Promin Srl"},"image":{"@id":"https:\/\/www.promin.it\/#\/schema\/logo\/image\/"},"sameAs":["https:\/\/www.facebook.com\/prominmed","https:\/\/www.instagram.com\/promin_medicina_integrata\/","https:\/\/www.linkedin.com\/company\/promin-prodotti-medicina-integrata\/"]}]}},"jetpack_sharing_enabled":true,"jetpack_shortlink":"https:\/\/wp.me\/PaiRmh-50n","_links":{"self":[{"href":"https:\/\/www.promin.it\/fr\/wp-json\/wp\/v2\/pages\/19243"}],"collection":[{"href":"https:\/\/www.promin.it\/fr\/wp-json\/wp\/v2\/pages"}],"about":[{"href":"https:\/\/www.promin.it\/fr\/wp-json\/wp\/v2\/types\/page"}],"author":[{"embeddable":true,"href":"https:\/\/www.promin.it\/fr\/wp-json\/wp\/v2\/users\/5"}],"replies":[{"embeddable":true,"href":"https:\/\/www.promin.it\/fr\/wp-json\/wp\/v2\/comments?post=19243"}],"version-history":[{"count":1,"href":"https:\/\/www.promin.it\/fr\/wp-json\/wp\/v2\/pages\/19243\/revisions"}],"predecessor-version":[{"id":19244,"href":"https:\/\/www.promin.it\/fr\/wp-json\/wp\/v2\/pages\/19243\/revisions\/19244"}],"wp:featuredmedia":[{"embeddable":true,"href":"https:\/\/www.promin.it\/fr\/wp-json\/wp\/v2\/media\/19304"}],"wp:attachment":[{"href":"https:\/\/www.promin.it\/fr\/wp-json\/wp\/v2\/media?parent=19243"}],"curies":[{"name":"wp","href":"https:\/\/api.w.org\/{rel}","templated":true}]}}