{"id":19253,"date":"2018-01-18T11:26:16","date_gmt":"2018-01-18T10:26:16","guid":{"rendered":"https:\/\/www.promin.it\/?page_id=19253"},"modified":"2024-11-11T11:40:23","modified_gmt":"2024-11-11T10:40:23","slug":"systeme-nerveux-central","status":"publish","type":"page","link":"https:\/\/www.promin.it\/fr\/systeme-nerveux-central\/","title":{"rendered":"Syst\u00e8me nerveux central"},"content":{"rendered":"<section class=\"l-section wpb_row visore-interno height_auto width_full\"><div class=\"l-section-h i-cf\"><div class=\"g-cols vc_row via_grid cols_1-3 laptops-cols_inherit tablets-cols_inherit mobiles-cols_1 valign_middle type_default stacking_default\" style=\"--gap:0rem;\"><div class=\"wpb_column vc_column_container col-visore\"><div class=\"vc_column-inner\"><div class=\"w-image logo-promin-v align_none\"><div class=\"w-image-h\"><img decoding=\"async\" width=\"268\" height=\"117\" src=\"https:\/\/www.promin.it\/wp-content\/uploads\/2024\/09\/promin-logo-v.svg\" class=\"attachment-large size-large\" alt=\"\" loading=\"lazy\" \/><\/div><\/div><\/div><\/div><div class=\"wpb_column vc_column_container col-img chi-siamo\"><div class=\"vc_column-inner\"><div class=\"wpb_text_column\"><div class=\"wpb_wrapper\"><h1>Syst\u00e8me nerveux central<\/h1>\n<\/div><\/div><\/div><\/div><\/div><\/div><\/section><section class=\"l-section wpb_row fascia-breadcrums height_auto\"><div class=\"l-section-h i-cf\"><div class=\"g-cols vc_row via_grid cols_1 laptops-cols_inherit tablets-cols_inherit mobiles-cols_1 valign_top type_default stacking_default\"><div class=\"wpb_column vc_column_container\"><div class=\"vc_column-inner\"><section class=\"l-section wpb_row height_auto\"><div class=\"l-section-h i-cf\"><div class=\"g-cols vc_row via_grid cols_1 laptops-cols_inherit tablets-cols_inherit mobiles-cols_1 valign_middle type_default stacking_default\"><div class=\"wpb_column vc_column_container\"><div class=\"vc_column-inner\">[vc_raw_html]PGEgaHJlZj0iaHR0cHM6Ly90ZXN0LnByb21pbi5pdC9mci9kb21haW5lcy10aGVyYXBldXRpcXVlcy8iPjx0b3JuYSBhbGxlPSIiIGFyZWU9IiIgdGVyYXBldXRpY2hlPSIiPjwvdG9ybmE+PC9hPg==[\/vc_raw_html]<\/div><\/div><\/div><\/div><\/section>\n<\/div><\/div><\/div><\/div><\/section><section class=\"l-section wpb_row btn-news-correlati height_small\"><div class=\"l-section-h i-cf\"><div class=\"g-cols vc_row via_grid cols_2 laptops-cols_inherit tablets-cols_inherit mobiles-cols_1 valign_top type_default stacking_default\"><div class=\"wpb_column vc_column_container\"><div class=\"vc_column-inner\"><div class=\"w-btn-wrapper align_center\"><a class=\"w-btn us-btn-style_1\" href=\"#news_correlate\"><span class=\"w-btn-label\">Regarder les actualit\u00e9s associ\u00e9es<\/span><\/a><\/div><\/div><\/div><div class=\"wpb_column vc_column_container\"><div class=\"vc_column-inner\"><div class=\"w-btn-wrapper align_center\"><a class=\"w-btn us-btn-style_1\" href=\"#prodotti_correlati\"><span class=\"w-btn-label\">Voir les produits associ\u00e9s<\/span><\/a><\/div><\/div><\/div><\/div><\/div><\/section><section class=\"l-section wpb_row height_medium\" id=\"prodotti_correlati\"><div class=\"l-section-h i-cf\"><div class=\"g-cols vc_row via_grid cols_1 laptops-cols_inherit tablets-cols_inherit mobiles-cols_1 valign_top type_default stacking_default\"><div class=\"wpb_column vc_column_container\"><div class=\"vc_column-inner\"><div class=\"wpb_text_column\"><div class=\"wpb_wrapper\"><h3>Produits <span class=\"azzurro\">connexes<\/span><\/h3>\n<\/div><\/div><div class=\"w-separator size_medium\"><\/div><div class=\"w-grid fascia-elenco-prodotti-ecom type_grid layout_17271 cols_3\" id=\"us_grid_1\" style=\"--gap:1.5rem;\"><style>@media (max-width:1024px){#us_grid_1 .w-grid-item{width:50%}}@media (max-width:600px){#us_grid_1 .w-grid-list{margin:0}#us_grid_1 .w-grid-item{width:100%;padding:0;margin-bottom:var(--gap,0px)}}.layout_17271 .w-grid-item-h{}<\/style><div class=\"w-grid-list\">\t<article class=\"w-grid-item size_1x1 post-19218 schede_prodotto type-schede_prodotto status-publish has-post-thumbnail hentry\" data-id=\"19218\">\r\n\t\t<div class=\"w-grid-item-h\">\r\n\t\t\t\t\t\t<div class=\"w-vwrapper usg_vwrapper_1 box-prodotto scheda align_none valign_top\"><div class=\"w-post-elm post_image usg_post_image_1 has_ratio\"><a href=\"https:\/\/www.promin.it\/fr\/schede_prodotto\/cerveau-inegal\/\" aria-label=\"InoSAMe Cerveau\"><img decoding=\"async\" width=\"600\" height=\"600\" src=\"https:\/\/www.promin.it\/wp-content\/uploads\/2024\/10\/inosame-brain-same-inositolo-magnesio.jpg\" class=\"attachment-full size-full wp-post-image\" alt=\"\" srcset=\"https:\/\/www.promin.it\/wp-content\/uploads\/2024\/10\/inosame-brain-same-inositolo-magnesio.jpg 600w, https:\/\/www.promin.it\/wp-content\/uploads\/2024\/10\/inosame-brain-same-inositolo-magnesio-300x300.jpg 300w, https:\/\/www.promin.it\/wp-content\/uploads\/2024\/10\/inosame-brain-same-inositolo-magnesio-150x150.jpg 150w\" sizes=\"(max-width: 600px) 100vw, 600px\" \/><\/a><div style=\"padding-bottom:100%\"><\/div><\/div><h2 class=\"w-post-elm post_title usg_post_title_1 entry-title color_link_inherit\"><a href=\"https:\/\/www.promin.it\/fr\/schede_prodotto\/cerveau-inegal\/\">InoSAMe Cerveau<\/a><\/h2><div class=\"w-hwrapper usg_hwrapper_1 align_none valign_top\"><a class=\"w-btn us-btn-style_2 usg_btn_1\" href=\"https:\/\/www.promin.it\/fr\/schede_prodotto\/cerveau-inegal\/\"><span class=\"w-btn-label\">Aper\u00e7u<\/span><\/a><\/div><\/div>\t\t<\/div>\r\n\t\t\t<\/article>\r\n\t<article class=\"w-grid-item size_1x1 post-19206 schede_prodotto type-schede_prodotto status-publish has-post-thumbnail hentry schede_prodotto_in_evidenza-in-evidenza\" data-id=\"19206\">\r\n\t\t<div class=\"w-grid-item-h\">\r\n\t\t\t\t\t\t<div class=\"w-vwrapper usg_vwrapper_1 box-prodotto scheda align_none valign_top\"><div class=\"w-post-elm post_image usg_post_image_1 has_ratio\"><a href=\"https:\/\/www.promin.it\/fr\/schede_prodotto\/ascopromine-mg\/\" aria-label=\"Ascopromin MG\"><img decoding=\"async\" width=\"600\" height=\"600\" src=\"https:\/\/www.promin.it\/wp-content\/uploads\/2024\/10\/ascopromin-mg-ascorbato-di-magnesio-vitamina-c_02.jpg\" class=\"attachment-full size-full wp-post-image\" alt=\"\" srcset=\"https:\/\/www.promin.it\/wp-content\/uploads\/2024\/10\/ascopromin-mg-ascorbato-di-magnesio-vitamina-c_02.jpg 600w, https:\/\/www.promin.it\/wp-content\/uploads\/2024\/10\/ascopromin-mg-ascorbato-di-magnesio-vitamina-c_02-300x300.jpg 300w, https:\/\/www.promin.it\/wp-content\/uploads\/2024\/10\/ascopromin-mg-ascorbato-di-magnesio-vitamina-c_02-150x150.jpg 150w\" sizes=\"(max-width: 600px) 100vw, 600px\" \/><\/a><div style=\"padding-bottom:100%\"><\/div><\/div><h2 class=\"w-post-elm post_title usg_post_title_1 entry-title color_link_inherit\"><a href=\"https:\/\/www.promin.it\/fr\/schede_prodotto\/ascopromine-mg\/\">Ascopromin MG<\/a><\/h2><div class=\"w-hwrapper usg_hwrapper_1 align_none valign_top\"><a class=\"w-btn us-btn-style_2 usg_btn_1\" href=\"https:\/\/www.promin.it\/fr\/schede_prodotto\/ascopromine-mg\/\"><span class=\"w-btn-label\">Aper\u00e7u<\/span><\/a><\/div><\/div>\t\t<\/div>\r\n\t\t\t<\/article>\r\n<\/div><div class=\"w-grid-preloader\">\t<div class=\"g-preloader type_1\">\r\n\t\t<div><\/div>\r\n\t<\/div>\r\n\t<\/div>\t<div class=\"w-grid-json hidden\" onclick='return {&quot;action&quot;:&quot;us_ajax_grid&quot;,&quot;infinite_scroll&quot;:0,&quot;max_num_pages&quot;:1,&quot;pagination&quot;:&quot;none&quot;,&quot;template_vars&quot;:{&quot;columns&quot;:&quot;3&quot;,&quot;exclude_items&quot;:&quot;none&quot;,&quot;img_size&quot;:&quot;default&quot;,&quot;ignore_items_size&quot;:0,&quot;items_layout&quot;:&quot;17271&quot;,&quot;items_offset&quot;:&quot;1&quot;,&quot;load_animation&quot;:&quot;none&quot;,&quot;overriding_link&quot;:&quot;{\\&quot;url\\&quot;:\\&quot;\\&quot;}&quot;,&quot;post_id&quot;:0,&quot;query_args&quot;:{&quot;ignore_sticky_posts&quot;:1,&quot;post_type&quot;:&quot;any&quot;,&quot;post__in&quot;:[&quot;17245&quot;,&quot;17218&quot;],&quot;tax_query&quot;:[{&quot;taxonomy&quot;:&quot;product_visibility&quot;,&quot;field&quot;:&quot;slug&quot;,&quot;terms&quot;:[&quot;exclude-from-catalog&quot;],&quot;operator&quot;:&quot;NOT IN&quot;}],&quot;posts_per_page&quot;:&quot;6&quot;},&quot;orderby_query_args&quot;:{&quot;orderby&quot;:{&quot;post__in&quot;:&quot;ASC&quot;},&quot;order&quot;:&quot;ASC&quot;},&quot;type&quot;:&quot;grid&quot;,&quot;us_grid_post_type&quot;:&quot;ids&quot;,&quot;us_grid_ajax_index&quot;:1,&quot;us_grid_filter_query_string&quot;:null,&quot;us_grid_index&quot;:1,&quot;page_args&quot;:[],&quot;lang&quot;:&quot;fr&quot;}}'><\/div>\r\n\t<\/div><\/div><\/div><\/div><\/div><\/section><section class=\"l-section wpb_row fascia-elenco-news-due height_medium\" id=\"news_correlate\"><div class=\"l-section-h i-cf\"><div class=\"g-cols vc_row via_grid cols_1 laptops-cols_inherit tablets-cols_inherit mobiles-cols_1 valign_top type_default stacking_default\"><div class=\"wpb_column vc_column_container\"><div class=\"vc_column-inner\"><div class=\"wpb_text_column\"><div class=\"wpb_wrapper\"><h3><span class=\"azzurro\">Actualit\u00e9s connexes<\/span><\/h3>\n<\/div><\/div><div class=\"w-separator size_medium\"><\/div><div class=\"w-grid type_grid layout_16987 cols_3 pagination_ajax\" id=\"us_grid_2\" style=\"--gap:1.5rem;\" data-filterable=\"true\"><style>@media (max-width:1024px){#us_grid_2 .w-grid-item{width:50%}}@media (max-width:600px){#us_grid_2 .w-grid-list{margin:0}#us_grid_2 .w-grid-item{width:100%;padding:0;margin-bottom:var(--gap,0px)}}.layout_16987 .w-grid-item-h{}<\/style><div class=\"w-grid-list\">\t<article class=\"w-grid-item size_1x1 post-19919 post type-post status-publish format-aside has-post-thumbnail hentry category-non-classifiee tag-inosame-cerveau tag-inositolo-fr tag-ligne-dinositol tag-magnesium tag-meme tag-systeme-nerveux-central tag-troubles-de-lhumeur tag-troubles-du-sommeil post_format-post-format-aside\" data-id=\"19919\">\r\n\t\t<div class=\"w-grid-item-h\">\r\n\t\t\t\t\t\t<div class=\"w-vwrapper usg_vwrapper_1 align_none valign_top\"><div class=\"w-post-elm post_image usg_post_image_1 has_ratio\"><a href=\"https:\/\/www.promin.it\/fr\/si-lhumeur-est-plus-fragile-en-automne\/\" aria-label=\"Si l\u2019humeur est plus fragile en automne\"><img decoding=\"async\" width=\"698\" height=\"699\" src=\"https:\/\/www.promin.it\/wp-content\/uploads\/2024\/11\/img-autunno.webp\" class=\"attachment-full size-full wp-post-image\" alt=\"\" srcset=\"https:\/\/www.promin.it\/wp-content\/uploads\/2024\/11\/img-autunno.webp 698w, https:\/\/www.promin.it\/wp-content\/uploads\/2024\/11\/img-autunno-300x300.webp 300w, https:\/\/www.promin.it\/wp-content\/uploads\/2024\/11\/img-autunno-150x150.webp 150w, https:\/\/www.promin.it\/wp-content\/uploads\/2024\/11\/img-autunno-600x601.webp 600w\" sizes=\"(max-width: 698px) 100vw, 698px\" \/><\/a><div style=\"padding-bottom:75%\"><\/div><\/div><time class=\"w-post-elm post_date usg_post_date_1 entry-date published\" datetime=\"2024-11-07T16:21:09+01:00\">07.11.2024<\/time><h2 class=\"w-post-elm post_title usg_post_title_1 entry-title color_link_inherit\"><a href=\"https:\/\/www.promin.it\/fr\/si-lhumeur-est-plus-fragile-en-automne\/\">Si l\u2019humeur est plus fragile en automne<\/a><\/h2><div class=\"w-post-elm post_content usg_post_content_1\">Les troubles de l\u2019humeur peuvent survenir \u00e0 tout moment de l\u2019ann\u00e9e et \u00e0 tout\u2026<\/div><a class=\"w-btn us-btn-style_2 usg_btn_1\" href=\"https:\/\/www.promin.it\/fr\/si-lhumeur-est-plus-fragile-en-automne\/\"><span class=\"w-btn-label\">Lire plus<\/span><\/a><\/div>\t\t<\/div>\r\n\t\t\t<\/article>\r\n\t<article class=\"w-grid-item size_1x1 post-19437 post type-post status-publish format-aside has-post-thumbnail hentry category-non-classifiee tag-inosame-cerveau tag-inositolo-fr tag-ligne-dinositol tag-magnesium tag-meme tag-systeme-nerveux-central tag-troubles-de-lhumeur tag-troubles-du-sommeil post_format-post-format-aside\" data-id=\"19437\">\r\n\t\t<div class=\"w-grid-item-h\">\r\n\t\t\t\t\t\t<div class=\"w-vwrapper usg_vwrapper_1 align_none valign_top\"><div class=\"w-post-elm post_image usg_post_image_1 has_ratio\"><a href=\"https:\/\/www.promin.it\/fr\/inosame-cerveau-de-l-equilibre-de-l-humeur-et-efficacite-mentale\/\" aria-label=\"InoSAMe Brain : \u00e9quilibre de l\u2019humeur et efficacit\u00e9 mentale\"><img decoding=\"async\" width=\"1157\" height=\"794\" src=\"https:\/\/www.promin.it\/wp-content\/uploads\/2024\/04\/Bruciore-di-stomaco-rimedi.webp\" class=\"attachment-full size-full wp-post-image\" alt=\"\" srcset=\"https:\/\/www.promin.it\/wp-content\/uploads\/2024\/04\/Bruciore-di-stomaco-rimedi.webp 1157w, https:\/\/www.promin.it\/wp-content\/uploads\/2024\/04\/Bruciore-di-stomaco-rimedi-300x206.webp 300w, https:\/\/www.promin.it\/wp-content\/uploads\/2024\/04\/Bruciore-di-stomaco-rimedi-1024x703.webp 1024w, https:\/\/www.promin.it\/wp-content\/uploads\/2024\/04\/Bruciore-di-stomaco-rimedi-600x412.webp 600w\" sizes=\"(max-width: 1157px) 100vw, 1157px\" \/><\/a><div style=\"padding-bottom:75%\"><\/div><\/div><time class=\"w-post-elm post_date usg_post_date_1 entry-date published\" datetime=\"2024-04-12T12:42:59+02:00\">12.4.2024<\/time><h2 class=\"w-post-elm post_title usg_post_title_1 entry-title color_link_inherit\"><a href=\"https:\/\/www.promin.it\/fr\/inosame-cerveau-de-l-equilibre-de-l-humeur-et-efficacite-mentale\/\">InoSAMe Brain : \u00e9quilibre de l\u2019humeur et efficacit\u00e9 mentale<\/a><\/h2><div class=\"w-post-elm post_content usg_post_content_1\">Les moments de stress, de tristesse, d\u2019anxi\u00e9t\u00e9, de sommeil perturb\u00e9, les passages critiques de\u2026<\/div><a class=\"w-btn us-btn-style_2 usg_btn_1\" href=\"https:\/\/www.promin.it\/fr\/inosame-cerveau-de-l-equilibre-de-l-humeur-et-efficacite-mentale\/\"><span class=\"w-btn-label\">Lire plus<\/span><\/a><\/div>\t\t<\/div>\r\n\t\t\t<\/article>\r\n\t<article class=\"w-grid-item size_1x1 post-19445 post type-post status-publish format-aside has-post-thumbnail hentry category-non-classifiee tag-anxiete tag-depression tag-inosame-cerveau tag-inositolo-fr tag-magnesium tag-meme tag-menopausa-fr tag-systeme-nerveux-central post_format-post-format-aside\" data-id=\"19445\">\r\n\t\t<div class=\"w-grid-item-h\">\r\n\t\t\t\t\t\t<div class=\"w-vwrapper usg_vwrapper_1 align_none valign_top\"><div class=\"w-post-elm post_image usg_post_image_1 has_ratio\"><a href=\"https:\/\/www.promin.it\/fr\/inosame-cerveau-di-promin\/\" aria-label=\"InoSAMe Brain par Promin\"><img decoding=\"async\" width=\"1280\" height=\"960\" src=\"https:\/\/www.promin.it\/wp-content\/uploads\/2023\/03\/stanchezza.webp\" class=\"attachment-full size-full wp-post-image\" alt=\"\" srcset=\"https:\/\/www.promin.it\/wp-content\/uploads\/2023\/03\/stanchezza.webp 1280w, https:\/\/www.promin.it\/wp-content\/uploads\/2023\/03\/stanchezza-300x225.webp 300w, https:\/\/www.promin.it\/wp-content\/uploads\/2023\/03\/stanchezza-1024x768.webp 1024w, https:\/\/www.promin.it\/wp-content\/uploads\/2023\/03\/stanchezza-600x450.webp 600w\" sizes=\"(max-width: 1280px) 100vw, 1280px\" \/><\/a><div style=\"padding-bottom:75%\"><\/div><\/div><time class=\"w-post-elm post_date usg_post_date_1 entry-date published\" datetime=\"2023-03-17T11:36:18+01:00\">17.3.2023<\/time><h2 class=\"w-post-elm post_title usg_post_title_1 entry-title color_link_inherit\"><a href=\"https:\/\/www.promin.it\/fr\/inosame-cerveau-di-promin\/\">InoSAMe Brain par Promin<\/a><\/h2><div class=\"w-post-elm post_content usg_post_content_1\">Comprim\u00e9s orodispersibles de SAMe (S-ad\u00e9nosyl L-m\u00e9thionine), Inositol, Magn\u00e9sium Avec InoSAMe Brain, comprim\u00e9s orodispersibles \u00e0\u2026<\/div><a class=\"w-btn us-btn-style_2 usg_btn_1\" href=\"https:\/\/www.promin.it\/fr\/inosame-cerveau-di-promin\/\"><span class=\"w-btn-label\">Lire plus<\/span><\/a><\/div>\t\t<\/div>\r\n\t\t\t<\/article>\r\n\t<article class=\"w-grid-item size_1x1 post-20012 post type-post status-publish format-aside has-post-thumbnail hentry category-non-classifiee tag-difficulte-a-dormir tag-inosame-cerveau tag-inositolo-fr tag-insomnie tag-ligne-dinositol tag-magnesium tag-meme tag-systeme-nerveux-central tag-troubles-du-sommeil post_format-post-format-aside\" data-id=\"20012\">\r\n\t\t<div class=\"w-grid-item-h\">\r\n\t\t\t\t\t\t<div class=\"w-vwrapper usg_vwrapper_1 align_none valign_top\"><div class=\"w-post-elm post_image usg_post_image_1 has_ratio\"><a href=\"https:\/\/www.promin.it\/fr\/insomnie-et-troubles-de-lhumeur\/\" aria-label=\"Insomnie et troubles de l\u2019humeur\"><img decoding=\"async\" width=\"1280\" height=\"853\" src=\"https:\/\/www.promin.it\/wp-content\/uploads\/2021\/05\/woman-2197947_1280.jpg\" class=\"attachment-full size-full wp-post-image\" alt=\"\" srcset=\"https:\/\/www.promin.it\/wp-content\/uploads\/2021\/05\/woman-2197947_1280.jpg 1280w, https:\/\/www.promin.it\/wp-content\/uploads\/2021\/05\/woman-2197947_1280-300x200.jpg 300w, https:\/\/www.promin.it\/wp-content\/uploads\/2021\/05\/woman-2197947_1280-1024x682.jpg 1024w, https:\/\/www.promin.it\/wp-content\/uploads\/2021\/05\/woman-2197947_1280-768x512.jpg 768w, https:\/\/www.promin.it\/wp-content\/uploads\/2021\/05\/woman-2197947_1280-1170x780.jpg 1170w, https:\/\/www.promin.it\/wp-content\/uploads\/2021\/05\/woman-2197947_1280-600x400.jpg 600w, https:\/\/www.promin.it\/wp-content\/uploads\/2021\/05\/woman-2197947_1280-272x182.jpg 272w\" sizes=\"(max-width: 1280px) 100vw, 1280px\" \/><\/a><div style=\"padding-bottom:75%\"><\/div><\/div><time class=\"w-post-elm post_date usg_post_date_1 entry-date published\" datetime=\"2022-05-04T11:15:29+02:00\">04.5.2022<\/time><h2 class=\"w-post-elm post_title usg_post_title_1 entry-title color_link_inherit\"><a href=\"https:\/\/www.promin.it\/fr\/insomnie-et-troubles-de-lhumeur\/\">Insomnie et troubles de l\u2019humeur<\/a><\/h2><div class=\"w-post-elm post_content usg_post_content_1\">INOSAME BRAIN par PROMIN Suppl\u00e9ment brevet\u00e9 en comprim\u00e9s orodispersibles \u00e0 base de SAMe, d\u2019Inositol\u2026<\/div><a class=\"w-btn us-btn-style_2 usg_btn_1\" href=\"https:\/\/www.promin.it\/fr\/insomnie-et-troubles-de-lhumeur\/\"><span class=\"w-btn-label\">Lire plus<\/span><\/a><\/div>\t\t<\/div>\r\n\t\t\t<\/article>\r\n\t<article class=\"w-grid-item size_1x1 post-20021 post type-post status-publish format-aside has-post-thumbnail hentry category-non-classifiee tag-anxiete tag-attaques-de-panique tag-inosame-cerveau tag-inositolo-fr tag-magnesium tag-meme tag-systeme-nerveux-central tag-troubles-de-lhumeur post_format-post-format-aside\" data-id=\"20021\">\r\n\t\t<div class=\"w-grid-item-h\">\r\n\t\t\t\t\t\t<div class=\"w-vwrapper usg_vwrapper_1 align_none valign_top\"><div class=\"w-post-elm post_image usg_post_image_1 has_ratio\"><a href=\"https:\/\/www.promin.it\/fr\/humeur-automnale-dedans-dans-et-irregulier-sommeil\/\" aria-label=\"L\u2019automne, humeur d\u00e9pressive et sommeil irr\u00e9gulier\"><img decoding=\"async\" width=\"1280\" height=\"960\" src=\"https:\/\/www.promin.it\/wp-content\/uploads\/2021\/10\/woman-3275328_1280.webp\" class=\"attachment-full size-full wp-post-image\" alt=\"\" srcset=\"https:\/\/www.promin.it\/wp-content\/uploads\/2021\/10\/woman-3275328_1280.webp 1280w, https:\/\/www.promin.it\/wp-content\/uploads\/2021\/10\/woman-3275328_1280-300x225.webp 300w, https:\/\/www.promin.it\/wp-content\/uploads\/2021\/10\/woman-3275328_1280-1024x768.webp 1024w, https:\/\/www.promin.it\/wp-content\/uploads\/2021\/10\/woman-3275328_1280-600x450.webp 600w\" sizes=\"(max-width: 1280px) 100vw, 1280px\" \/><\/a><div style=\"padding-bottom:75%\"><\/div><\/div><time class=\"w-post-elm post_date usg_post_date_1 entry-date published\" datetime=\"2021-10-26T10:55:39+02:00\">26.10.2021<\/time><h2 class=\"w-post-elm post_title usg_post_title_1 entry-title color_link_inherit\"><a href=\"https:\/\/www.promin.it\/fr\/humeur-automnale-dedans-dans-et-irregulier-sommeil\/\">L\u2019automne, humeur d\u00e9pressive et sommeil irr\u00e9gulier<\/a><\/h2><div class=\"w-post-elm post_content usg_post_content_1\">Combattons-les avec InoSAMe Brain, des comprim\u00e9s orodispersibles brevet\u00e9s de SAMe, d\u2019Inositol et de Magn\u00e9sium\u2026<\/div><a class=\"w-btn us-btn-style_2 usg_btn_1\" href=\"https:\/\/www.promin.it\/fr\/humeur-automnale-dedans-dans-et-irregulier-sommeil\/\"><span class=\"w-btn-label\">Lire plus<\/span><\/a><\/div>\t\t<\/div>\r\n\t\t\t<\/article>\r\n<\/div><div class=\"w-grid-preloader\">\t<div class=\"g-preloader type_1\">\r\n\t\t<div><\/div>\r\n\t<\/div>\r\n\t<\/div>\t<div class=\"w-grid-json hidden\" onclick='return {&quot;action&quot;:&quot;us_ajax_grid&quot;,&quot;infinite_scroll&quot;:0,&quot;max_num_pages&quot;:1,&quot;pagination&quot;:&quot;ajax&quot;,&quot;template_vars&quot;:{&quot;columns&quot;:&quot;3&quot;,&quot;exclude_items&quot;:&quot;none&quot;,&quot;img_size&quot;:&quot;default&quot;,&quot;ignore_items_size&quot;:0,&quot;items_layout&quot;:&quot;16987&quot;,&quot;items_offset&quot;:&quot;1&quot;,&quot;load_animation&quot;:&quot;none&quot;,&quot;overriding_link&quot;:&quot;{\\&quot;url\\&quot;:\\&quot;\\&quot;}&quot;,&quot;post_id&quot;:0,&quot;query_args&quot;:{&quot;post_type&quot;:[&quot;post&quot;],&quot;tax_query&quot;:[{&quot;taxonomy&quot;:&quot;post_tag&quot;,&quot;field&quot;:&quot;slug&quot;,&quot;terms&quot;:[&quot;systeme-nerveux-central&quot;]}],&quot;post_status&quot;:[&quot;publish&quot;,&quot;acf-disabled&quot;,&quot;mapped&quot;,&quot;needs_update&quot;],&quot;posts_per_page&quot;:&quot;6&quot;},&quot;orderby_query_args&quot;:{&quot;orderby&quot;:{&quot;date&quot;:&quot;DESC&quot;}},&quot;type&quot;:&quot;grid&quot;,&quot;us_grid_post_type&quot;:&quot;post&quot;,&quot;us_grid_ajax_index&quot;:2,&quot;us_grid_filter_query_string&quot;:null,&quot;us_grid_index&quot;:2,&quot;page_args&quot;:[],&quot;lang&quot;:&quot;fr&quot;}}'><\/div>\r\n\t<\/div><\/div><\/div><\/div><\/div><\/section>\n","protected":false},"excerpt":{"rendered":"Combattons-les avec InoSAMe Brain, des comprim\u00e9s orodispersibles brevet\u00e9s de SAMe, d\u2019Inositol et de Magn\u00e9sium Id\u00e9es Dans InoSAMe Brain l\u2019effet combin\u00e9 des vitamines, des min\u00e9raux, des nutriments fonctionnels pour contrer naturellement la d\u00e9pression, l\u2019anxi\u00e9t\u00e9, le sommeil irr\u00e9gulier. SAMe, INOSITOL et MAGN\u00c9SIUM ne sont pas des m\u00e9dicaments, mais des vitamines, des min\u00e9raux et des nutriments fonctionnels utiles...","protected":false},"author":5,"featured_media":19329,"parent":0,"menu_order":0,"comment_status":"closed","ping_status":"closed","template":"","meta":{"_acf_changed":false,"jetpack_post_was_ever_published":false,"footnotes":""},"class_list":["post-19253","page","type-page","status-publish","has-post-thumbnail","hentry"],"acf":[],"yoast_head":"<!-- This site is optimized with the Yoast SEO plugin v23.4 - https:\/\/yoast.com\/wordpress\/plugins\/seo\/ -->\n<title>Syst\u00e8me nerveux central - Promin<\/title>\n<meta name=\"robots\" content=\"index, follow, max-snippet:-1, max-image-preview:large, max-video-preview:-1\" \/>\n<link rel=\"canonical\" href=\"https:\/\/www.promin.it\/fr\/systeme-nerveux-central\/\" \/>\n<meta property=\"og:locale\" content=\"fr_FR\" \/>\n<meta property=\"og:type\" content=\"article\" \/>\n<meta property=\"og:title\" content=\"Syst\u00e8me nerveux central - Promin\" \/>\n<meta property=\"og:url\" content=\"https:\/\/www.promin.it\/fr\/systeme-nerveux-central\/\" \/>\n<meta property=\"og:site_name\" content=\"Promin\" \/>\n<meta property=\"article:publisher\" content=\"https:\/\/www.facebook.com\/prominmed\" \/>\n<meta property=\"article:modified_time\" content=\"2024-11-11T10:40:23+00:00\" \/>\n<meta property=\"og:image\" content=\"https:\/\/www.promin.it\/wp-content\/uploads\/2024\/10\/sistema-nervoso-centrale.webp\" \/>\n\t<meta property=\"og:image:width\" content=\"1632\" \/>\n\t<meta property=\"og:image:height\" content=\"1632\" \/>\n\t<meta property=\"og:image:type\" content=\"image\/webp\" \/>\n<meta name=\"twitter:card\" content=\"summary_large_image\" \/>\n<script type=\"application\/ld+json\" class=\"yoast-schema-graph\">{\"@context\":\"https:\/\/schema.org\",\"@graph\":[{\"@type\":\"WebPage\",\"@id\":\"https:\/\/www.promin.it\/fr\/systeme-nerveux-central\/\",\"url\":\"https:\/\/www.promin.it\/fr\/systeme-nerveux-central\/\",\"name\":\"Syst\u00e8me nerveux central - Promin\",\"isPartOf\":{\"@id\":\"https:\/\/www.promin.it\/#website\"},\"primaryImageOfPage\":{\"@id\":\"https:\/\/www.promin.it\/fr\/systeme-nerveux-central\/#primaryimage\"},\"image\":{\"@id\":\"https:\/\/www.promin.it\/fr\/systeme-nerveux-central\/#primaryimage\"},\"thumbnailUrl\":\"https:\/\/www.promin.it\/wp-content\/uploads\/2024\/10\/sistema-nervoso-centrale.webp\",\"datePublished\":\"2018-01-18T10:26:16+00:00\",\"dateModified\":\"2024-11-11T10:40:23+00:00\",\"breadcrumb\":{\"@id\":\"https:\/\/www.promin.it\/fr\/systeme-nerveux-central\/#breadcrumb\"},\"inLanguage\":\"fr-FR\",\"potentialAction\":[{\"@type\":\"ReadAction\",\"target\":[\"https:\/\/www.promin.it\/fr\/systeme-nerveux-central\/\"]}]},{\"@type\":\"ImageObject\",\"inLanguage\":\"fr-FR\",\"@id\":\"https:\/\/www.promin.it\/fr\/systeme-nerveux-central\/#primaryimage\",\"url\":\"https:\/\/www.promin.it\/wp-content\/uploads\/2024\/10\/sistema-nervoso-centrale.webp\",\"contentUrl\":\"https:\/\/www.promin.it\/wp-content\/uploads\/2024\/10\/sistema-nervoso-centrale.webp\",\"width\":1632,\"height\":1632},{\"@type\":\"BreadcrumbList\",\"@id\":\"https:\/\/www.promin.it\/fr\/systeme-nerveux-central\/#breadcrumb\",\"itemListElement\":[{\"@type\":\"ListItem\",\"position\":1,\"name\":\"Accueil\",\"item\":\"https:\/\/www.promin.it\/fr\/\"},{\"@type\":\"ListItem\",\"position\":2,\"name\":\"Syst\u00e8me nerveux central\"}]},{\"@type\":\"WebSite\",\"@id\":\"https:\/\/www.promin.it\/#website\",\"url\":\"https:\/\/www.promin.it\/\",\"name\":\"Promin\",\"description\":\"Prodotti Medicina Integrata\",\"publisher\":{\"@id\":\"https:\/\/www.promin.it\/#organization\"},\"potentialAction\":[{\"@type\":\"SearchAction\",\"target\":{\"@type\":\"EntryPoint\",\"urlTemplate\":\"https:\/\/www.promin.it\/?s={search_term_string}\"},\"query-input\":{\"@type\":\"PropertyValueSpecification\",\"valueRequired\":true,\"valueName\":\"search_term_string\"}}],\"inLanguage\":\"fr-FR\"},{\"@type\":\"Organization\",\"@id\":\"https:\/\/www.promin.it\/#organization\",\"name\":\"Promin Srl\",\"alternateName\":\"Promin - Prodotti Medicina Integrata\",\"url\":\"https:\/\/www.promin.it\/\",\"logo\":{\"@type\":\"ImageObject\",\"inLanguage\":\"fr-FR\",\"@id\":\"https:\/\/www.promin.it\/#\/schema\/logo\/image\/\",\"url\":\"https:\/\/www.promin.it\/wp-content\/uploads\/2024\/11\/logo-promin-seo.jpg\",\"contentUrl\":\"https:\/\/www.promin.it\/wp-content\/uploads\/2024\/11\/logo-promin-seo.jpg\",\"width\":512,\"height\":512,\"caption\":\"Promin Srl\"},\"image\":{\"@id\":\"https:\/\/www.promin.it\/#\/schema\/logo\/image\/\"},\"sameAs\":[\"https:\/\/www.facebook.com\/prominmed\",\"https:\/\/www.instagram.com\/promin_medicina_integrata\/\",\"https:\/\/www.linkedin.com\/company\/promin-prodotti-medicina-integrata\/\"]}]}<\/script>\n<!-- \/ Yoast SEO plugin. -->","yoast_head_json":{"title":"Syst\u00e8me nerveux central - Promin","robots":{"index":"index","follow":"follow","max-snippet":"max-snippet:-1","max-image-preview":"max-image-preview:large","max-video-preview":"max-video-preview:-1"},"canonical":"https:\/\/www.promin.it\/fr\/systeme-nerveux-central\/","og_locale":"fr_FR","og_type":"article","og_title":"Syst\u00e8me nerveux central - Promin","og_url":"https:\/\/www.promin.it\/fr\/systeme-nerveux-central\/","og_site_name":"Promin","article_publisher":"https:\/\/www.facebook.com\/prominmed","article_modified_time":"2024-11-11T10:40:23+00:00","og_image":[{"width":1632,"height":1632,"url":"https:\/\/www.promin.it\/wp-content\/uploads\/2024\/10\/sistema-nervoso-centrale.webp","type":"image\/webp"}],"twitter_card":"summary_large_image","schema":{"@context":"https:\/\/schema.org","@graph":[{"@type":"WebPage","@id":"https:\/\/www.promin.it\/fr\/systeme-nerveux-central\/","url":"https:\/\/www.promin.it\/fr\/systeme-nerveux-central\/","name":"Syst\u00e8me nerveux central - Promin","isPartOf":{"@id":"https:\/\/www.promin.it\/#website"},"primaryImageOfPage":{"@id":"https:\/\/www.promin.it\/fr\/systeme-nerveux-central\/#primaryimage"},"image":{"@id":"https:\/\/www.promin.it\/fr\/systeme-nerveux-central\/#primaryimage"},"thumbnailUrl":"https:\/\/www.promin.it\/wp-content\/uploads\/2024\/10\/sistema-nervoso-centrale.webp","datePublished":"2018-01-18T10:26:16+00:00","dateModified":"2024-11-11T10:40:23+00:00","breadcrumb":{"@id":"https:\/\/www.promin.it\/fr\/systeme-nerveux-central\/#breadcrumb"},"inLanguage":"fr-FR","potentialAction":[{"@type":"ReadAction","target":["https:\/\/www.promin.it\/fr\/systeme-nerveux-central\/"]}]},{"@type":"ImageObject","inLanguage":"fr-FR","@id":"https:\/\/www.promin.it\/fr\/systeme-nerveux-central\/#primaryimage","url":"https:\/\/www.promin.it\/wp-content\/uploads\/2024\/10\/sistema-nervoso-centrale.webp","contentUrl":"https:\/\/www.promin.it\/wp-content\/uploads\/2024\/10\/sistema-nervoso-centrale.webp","width":1632,"height":1632},{"@type":"BreadcrumbList","@id":"https:\/\/www.promin.it\/fr\/systeme-nerveux-central\/#breadcrumb","itemListElement":[{"@type":"ListItem","position":1,"name":"Accueil","item":"https:\/\/www.promin.it\/fr\/"},{"@type":"ListItem","position":2,"name":"Syst\u00e8me nerveux central"}]},{"@type":"WebSite","@id":"https:\/\/www.promin.it\/#website","url":"https:\/\/www.promin.it\/","name":"Promin","description":"Prodotti Medicina Integrata","publisher":{"@id":"https:\/\/www.promin.it\/#organization"},"potentialAction":[{"@type":"SearchAction","target":{"@type":"EntryPoint","urlTemplate":"https:\/\/www.promin.it\/?s={search_term_string}"},"query-input":{"@type":"PropertyValueSpecification","valueRequired":true,"valueName":"search_term_string"}}],"inLanguage":"fr-FR"},{"@type":"Organization","@id":"https:\/\/www.promin.it\/#organization","name":"Promin Srl","alternateName":"Promin - Prodotti Medicina Integrata","url":"https:\/\/www.promin.it\/","logo":{"@type":"ImageObject","inLanguage":"fr-FR","@id":"https:\/\/www.promin.it\/#\/schema\/logo\/image\/","url":"https:\/\/www.promin.it\/wp-content\/uploads\/2024\/11\/logo-promin-seo.jpg","contentUrl":"https:\/\/www.promin.it\/wp-content\/uploads\/2024\/11\/logo-promin-seo.jpg","width":512,"height":512,"caption":"Promin Srl"},"image":{"@id":"https:\/\/www.promin.it\/#\/schema\/logo\/image\/"},"sameAs":["https:\/\/www.facebook.com\/prominmed","https:\/\/www.instagram.com\/promin_medicina_integrata\/","https:\/\/www.linkedin.com\/company\/promin-prodotti-medicina-integrata\/"]}]}},"jetpack_sharing_enabled":true,"jetpack_shortlink":"https:\/\/wp.me\/PaiRmh-50x","_links":{"self":[{"href":"https:\/\/www.promin.it\/fr\/wp-json\/wp\/v2\/pages\/19253"}],"collection":[{"href":"https:\/\/www.promin.it\/fr\/wp-json\/wp\/v2\/pages"}],"about":[{"href":"https:\/\/www.promin.it\/fr\/wp-json\/wp\/v2\/types\/page"}],"author":[{"embeddable":true,"href":"https:\/\/www.promin.it\/fr\/wp-json\/wp\/v2\/users\/5"}],"replies":[{"embeddable":true,"href":"https:\/\/www.promin.it\/fr\/wp-json\/wp\/v2\/comments?post=19253"}],"version-history":[{"count":1,"href":"https:\/\/www.promin.it\/fr\/wp-json\/wp\/v2\/pages\/19253\/revisions"}],"predecessor-version":[{"id":19254,"href":"https:\/\/www.promin.it\/fr\/wp-json\/wp\/v2\/pages\/19253\/revisions\/19254"}],"wp:featuredmedia":[{"embeddable":true,"href":"https:\/\/www.promin.it\/fr\/wp-json\/wp\/v2\/media\/19329"}],"wp:attachment":[{"href":"https:\/\/www.promin.it\/fr\/wp-json\/wp\/v2\/media?parent=19253"}],"curies":[{"name":"wp","href":"https:\/\/api.w.org\/{rel}","templated":true}]}}