{"id":19255,"date":"2018-01-18T11:29:31","date_gmt":"2018-01-18T10:29:31","guid":{"rendered":"https:\/\/www.promin.it\/?page_id=19255"},"modified":"2024-12-09T09:27:08","modified_gmt":"2024-12-09T08:27:08","slug":"appareil-vocal-respiratoire","status":"publish","type":"page","link":"https:\/\/www.promin.it\/fr\/appareil-vocal-respiratoire\/","title":{"rendered":"Appareil vocal\/respiratoire"},"content":{"rendered":"<section class=\"l-section wpb_row visore-interno height_auto width_full\"><div class=\"l-section-h i-cf\"><div class=\"g-cols vc_row via_grid cols_1-3 laptops-cols_inherit tablets-cols_inherit mobiles-cols_1 valign_middle type_default stacking_default\" style=\"--gap:0rem;\"><div class=\"wpb_column vc_column_container col-visore\"><div class=\"vc_column-inner\"><div class=\"w-image logo-promin-v align_none\"><div class=\"w-image-h\"><img decoding=\"async\" width=\"268\" height=\"117\" src=\"https:\/\/www.promin.it\/wp-content\/uploads\/2024\/09\/promin-logo-v.svg\" class=\"attachment-large size-large\" alt=\"\" loading=\"lazy\" \/><\/div><\/div><\/div><\/div><div class=\"wpb_column vc_column_container col-img chi-siamo\"><div class=\"vc_column-inner\"><div class=\"wpb_text_column\"><div class=\"wpb_wrapper\"><h1>Appareil vocal\/respiratoire<\/h1>\n<\/div><\/div><\/div><\/div><\/div><\/div><\/section><section class=\"l-section wpb_row fascia-breadcrums height_auto\"><div class=\"l-section-h i-cf\"><div class=\"g-cols vc_row via_grid cols_1 laptops-cols_inherit tablets-cols_inherit mobiles-cols_1 valign_top type_default stacking_default\"><div class=\"wpb_column vc_column_container\"><div class=\"vc_column-inner\"><section class=\"l-section wpb_row height_auto\"><div class=\"l-section-h i-cf\"><div class=\"g-cols vc_row via_grid cols_1 laptops-cols_inherit tablets-cols_inherit mobiles-cols_1 valign_middle type_default stacking_default\"><div class=\"wpb_column vc_column_container\"><div class=\"vc_column-inner\">[vc_raw_html]PGEgaHJlZj0iaHR0cHM6Ly90ZXN0LnByb21pbi5pdC9mci9kb21haW5lcy10aGVyYXBldXRpcXVlcy8iPjx0b3JuYSBhbGxlPSIiIGFyZWU9IiIgdGVyYXBldXRpY2hlPSIiPjwvdG9ybmE+PC9hPg==[\/vc_raw_html]<\/div><\/div><\/div><\/div><\/section>\n<\/div><\/div><\/div><\/div><\/section><section class=\"l-section wpb_row btn-news-correlati height_small\"><div class=\"l-section-h i-cf\"><div class=\"g-cols vc_row via_grid cols_2 laptops-cols_inherit tablets-cols_inherit mobiles-cols_1 valign_top type_default stacking_default\"><div class=\"wpb_column vc_column_container\"><div class=\"vc_column-inner\"><div class=\"w-btn-wrapper align_center\"><a class=\"w-btn us-btn-style_1\" href=\"#news_correlate\"><span class=\"w-btn-label\">Regarder les actualit\u00e9s associ\u00e9es<\/span><\/a><\/div><\/div><\/div><div class=\"wpb_column vc_column_container\"><div class=\"vc_column-inner\"><div class=\"w-btn-wrapper align_center\"><a class=\"w-btn us-btn-style_1\" href=\"#prodotti_correlati\"><span class=\"w-btn-label\">Voir les produits associ\u00e9s<\/span><\/a><\/div><\/div><\/div><\/div><\/div><\/section><section class=\"l-section wpb_row height_medium\" id=\"prodotti_correlati\"><div class=\"l-section-h i-cf\"><div class=\"g-cols vc_row via_grid cols_1 laptops-cols_inherit tablets-cols_inherit mobiles-cols_1 valign_top type_default stacking_default\"><div class=\"wpb_column vc_column_container\"><div class=\"vc_column-inner\"><div class=\"wpb_text_column\"><div class=\"wpb_wrapper\"><h3>Produits <span class=\"azzurro\">connexes<\/span><\/h3>\n<\/div><\/div><div class=\"w-separator size_medium\"><\/div><div class=\"w-grid fascia-elenco-prodotti-ecom type_grid layout_17271 cols_3\" id=\"us_grid_1\" style=\"--gap:1.5rem;\"><style>@media (max-width:1024px){#us_grid_1 .w-grid-item{width:50%}}@media (max-width:600px){#us_grid_1 .w-grid-list{margin:0}#us_grid_1 .w-grid-item{width:100%;padding:0;margin-bottom:var(--gap,0px)}}.layout_17271 .w-grid-item-h{}<\/style><div class=\"w-grid-list\">\t<article class=\"w-grid-item size_1x1 post-19209 schede_prodotto type-schede_prodotto status-publish has-post-thumbnail hentry\" data-id=\"19209\">\r\n\t\t<div class=\"w-grid-item-h\">\r\n\t\t\t\t\t\t<div class=\"w-vwrapper usg_vwrapper_1 box-prodotto scheda align_none valign_top\"><div class=\"w-post-elm post_image usg_post_image_1 has_ratio\"><a href=\"https:\/\/www.promin.it\/fr\/schede_prodotto\/chorus-comprimes-de-supplement-moutarde\/\" aria-label=\"Chorus Hedge Moutarde Comprim\u00e9s\"><img decoding=\"async\" width=\"1969\" height=\"1476\" src=\"https:\/\/www.promin.it\/wp-content\/uploads\/2018\/01\/CORO-ERISIMO-24-CPRS-1.jpg\" class=\"attachment-full size-full wp-post-image\" alt=\"\" srcset=\"https:\/\/www.promin.it\/wp-content\/uploads\/2018\/01\/CORO-ERISIMO-24-CPRS-1.jpg 1969w, https:\/\/www.promin.it\/wp-content\/uploads\/2018\/01\/CORO-ERISIMO-24-CPRS-1-300x225.jpg 300w, https:\/\/www.promin.it\/wp-content\/uploads\/2018\/01\/CORO-ERISIMO-24-CPRS-1-1024x768.jpg 1024w, https:\/\/www.promin.it\/wp-content\/uploads\/2018\/01\/CORO-ERISIMO-24-CPRS-1-600x450.jpg 600w\" sizes=\"(max-width: 1969px) 100vw, 1969px\" \/><\/a><div style=\"padding-bottom:100%\"><\/div><\/div><h2 class=\"w-post-elm post_title usg_post_title_1 entry-title color_link_inherit\"><a href=\"https:\/\/www.promin.it\/fr\/schede_prodotto\/chorus-comprimes-de-supplement-moutarde\/\">Chorus Hedge Moutarde Comprim\u00e9s<\/a><\/h2><div class=\"w-hwrapper usg_hwrapper_1 align_none valign_top\"><a class=\"w-btn us-btn-style_2 usg_btn_1\" href=\"https:\/\/www.promin.it\/fr\/schede_prodotto\/chorus-comprimes-de-supplement-moutarde\/\"><span class=\"w-btn-label\">Aper\u00e7u<\/span><\/a><\/div><\/div>\t\t<\/div>\r\n\t\t\t<\/article>\r\n\t<article class=\"w-grid-item size_1x1 post-19213 schede_prodotto type-schede_prodotto status-publish has-post-thumbnail hentry\" data-id=\"19213\">\r\n\t\t<div class=\"w-grid-item-h\">\r\n\t\t\t\t\t\t<div class=\"w-vwrapper usg_vwrapper_1 box-prodotto scheda align_none valign_top\"><div class=\"w-post-elm post_image usg_post_image_1 has_ratio\"><a href=\"https:\/\/www.promin.it\/fr\/schede_prodotto\/sirop-corotuss-naturel\/\" aria-label=\"Corotuss\"><img decoding=\"async\" width=\"600\" height=\"600\" src=\"https:\/\/www.promin.it\/wp-content\/uploads\/2024\/10\/corotuss-erisimo-castagna-vesca-timo-serpillo.jpg\" class=\"attachment-full size-full wp-post-image\" alt=\"\" srcset=\"https:\/\/www.promin.it\/wp-content\/uploads\/2024\/10\/corotuss-erisimo-castagna-vesca-timo-serpillo.jpg 600w, https:\/\/www.promin.it\/wp-content\/uploads\/2024\/10\/corotuss-erisimo-castagna-vesca-timo-serpillo-300x300.jpg 300w, https:\/\/www.promin.it\/wp-content\/uploads\/2024\/10\/corotuss-erisimo-castagna-vesca-timo-serpillo-150x150.jpg 150w\" sizes=\"(max-width: 600px) 100vw, 600px\" \/><\/a><div style=\"padding-bottom:100%\"><\/div><\/div><h2 class=\"w-post-elm post_title usg_post_title_1 entry-title color_link_inherit\"><a href=\"https:\/\/www.promin.it\/fr\/schede_prodotto\/sirop-corotuss-naturel\/\">Corotuss<\/a><\/h2><div class=\"w-hwrapper usg_hwrapper_1 align_none valign_top\"><a class=\"w-btn us-btn-style_2 usg_btn_1\" href=\"https:\/\/www.promin.it\/fr\/schede_prodotto\/sirop-corotuss-naturel\/\"><span class=\"w-btn-label\">Aper\u00e7u<\/span><\/a><\/div><\/div>\t\t<\/div>\r\n\t\t\t<\/article>\r\n\t<article class=\"w-grid-item size_1x1 post-19214 schede_prodotto type-schede_prodotto status-publish has-post-thumbnail hentry schede_prodotto_in_evidenza-in-evidenza\" data-id=\"19214\">\r\n\t\t<div class=\"w-grid-item-h\">\r\n\t\t\t\t\t\t<div class=\"w-vwrapper usg_vwrapper_1 box-prodotto scheda align_none valign_top\"><div class=\"w-post-elm post_image usg_post_image_1 has_ratio\"><a href=\"https:\/\/www.promin.it\/fr\/schede_prodotto\/rainrain-haie-moutarde-zero\/\" aria-label=\"Chorus Haie Moutarde Z\u00e9ro\"><img decoding=\"async\" width=\"600\" height=\"600\" src=\"https:\/\/www.promin.it\/wp-content\/uploads\/2024\/10\/coro-erisimo-zero-compresse-orosolubili-1.jpg\" class=\"attachment-full size-full wp-post-image\" alt=\"\" srcset=\"https:\/\/www.promin.it\/wp-content\/uploads\/2024\/10\/coro-erisimo-zero-compresse-orosolubili-1.jpg 600w, https:\/\/www.promin.it\/wp-content\/uploads\/2024\/10\/coro-erisimo-zero-compresse-orosolubili-1-300x300.jpg 300w, https:\/\/www.promin.it\/wp-content\/uploads\/2024\/10\/coro-erisimo-zero-compresse-orosolubili-1-150x150.jpg 150w\" sizes=\"(max-width: 600px) 100vw, 600px\" \/><\/a><div style=\"padding-bottom:100%\"><\/div><\/div><h2 class=\"w-post-elm post_title usg_post_title_1 entry-title color_link_inherit\"><a href=\"https:\/\/www.promin.it\/fr\/schede_prodotto\/rainrain-haie-moutarde-zero\/\">Chorus Haie Moutarde Z\u00e9ro<\/a><\/h2><div class=\"w-hwrapper usg_hwrapper_1 align_none valign_top\"><a class=\"w-btn us-btn-style_2 usg_btn_1\" href=\"https:\/\/www.promin.it\/fr\/schede_prodotto\/rainrain-haie-moutarde-zero\/\"><span class=\"w-btn-label\">Aper\u00e7u<\/span><\/a><\/div><\/div>\t\t<\/div>\r\n\t\t\t<\/article>\r\n\t<article class=\"w-grid-item size_1x1 post-19210 schede_prodotto type-schede_prodotto status-publish has-post-thumbnail hentry\" data-id=\"19210\">\r\n\t\t<div class=\"w-grid-item-h\">\r\n\t\t\t\t\t\t<div class=\"w-vwrapper usg_vwrapper_1 box-prodotto scheda align_none valign_top\"><div class=\"w-post-elm post_image usg_post_image_1 has_ratio\"><a href=\"https:\/\/www.promin.it\/fr\/schede_prodotto\/a-base-de-moutarde\/\" aria-label=\"Chorus Hedge Spray Moutarde\"><img decoding=\"async\" width=\"600\" height=\"600\" src=\"https:\/\/www.promin.it\/wp-content\/uploads\/2024\/10\/coro-erisimo-spray-erisimo-timo-serpillo-melaleuca.jpg\" class=\"attachment-full size-full wp-post-image\" alt=\"\" srcset=\"https:\/\/www.promin.it\/wp-content\/uploads\/2024\/10\/coro-erisimo-spray-erisimo-timo-serpillo-melaleuca.jpg 600w, https:\/\/www.promin.it\/wp-content\/uploads\/2024\/10\/coro-erisimo-spray-erisimo-timo-serpillo-melaleuca-300x300.jpg 300w, https:\/\/www.promin.it\/wp-content\/uploads\/2024\/10\/coro-erisimo-spray-erisimo-timo-serpillo-melaleuca-150x150.jpg 150w\" sizes=\"(max-width: 600px) 100vw, 600px\" \/><\/a><div style=\"padding-bottom:100%\"><\/div><\/div><h2 class=\"w-post-elm post_title usg_post_title_1 entry-title color_link_inherit\"><a href=\"https:\/\/www.promin.it\/fr\/schede_prodotto\/a-base-de-moutarde\/\">Chorus Hedge Spray Moutarde<\/a><\/h2><div class=\"w-hwrapper usg_hwrapper_1 align_none valign_top\"><a class=\"w-btn us-btn-style_2 usg_btn_1\" href=\"https:\/\/www.promin.it\/fr\/schede_prodotto\/a-base-de-moutarde\/\"><span class=\"w-btn-label\">Aper\u00e7u<\/span><\/a><\/div><\/div>\t\t<\/div>\r\n\t\t\t<\/article>\r\n\t<article class=\"w-grid-item size_1x1 post-19211 schede_prodotto type-schede_prodotto status-publish has-post-thumbnail hentry\" data-id=\"19211\">\r\n\t\t<div class=\"w-grid-item-h\">\r\n\t\t\t\t\t\t<div class=\"w-vwrapper usg_vwrapper_1 box-prodotto scheda align_none valign_top\"><div class=\"w-post-elm post_image usg_post_image_1 has_ratio\"><a href=\"https:\/\/www.promin.it\/fr\/schede_prodotto\/chorus-moutarde-gouttes\/\" aria-label=\"Chorus Hedge Gouttes de moutarde\"><img decoding=\"async\" width=\"600\" height=\"600\" src=\"https:\/\/www.promin.it\/wp-content\/uploads\/2024\/10\/coro-erisimo-gocce-corde-vocali-erisimo-malva.webp\" class=\"attachment-full size-full wp-post-image\" alt=\"\" srcset=\"https:\/\/www.promin.it\/wp-content\/uploads\/2024\/10\/coro-erisimo-gocce-corde-vocali-erisimo-malva.webp 600w, https:\/\/www.promin.it\/wp-content\/uploads\/2024\/10\/coro-erisimo-gocce-corde-vocali-erisimo-malva-300x300.webp 300w, https:\/\/www.promin.it\/wp-content\/uploads\/2024\/10\/coro-erisimo-gocce-corde-vocali-erisimo-malva-150x150.webp 150w\" sizes=\"(max-width: 600px) 100vw, 600px\" \/><\/a><div style=\"padding-bottom:100%\"><\/div><\/div><h2 class=\"w-post-elm post_title usg_post_title_1 entry-title color_link_inherit\"><a href=\"https:\/\/www.promin.it\/fr\/schede_prodotto\/chorus-moutarde-gouttes\/\">Chorus Hedge Gouttes de moutarde<\/a><\/h2><div class=\"w-hwrapper usg_hwrapper_1 align_none valign_top\"><a class=\"w-btn us-btn-style_2 usg_btn_1\" href=\"https:\/\/www.promin.it\/fr\/schede_prodotto\/chorus-moutarde-gouttes\/\"><span class=\"w-btn-label\">Aper\u00e7u<\/span><\/a><\/div><\/div>\t\t<\/div>\r\n\t\t\t<\/article>\r\n<\/div><div class=\"w-grid-preloader\">\t<div class=\"g-preloader type_1\">\r\n\t\t<div><\/div>\r\n\t<\/div>\r\n\t<\/div>\t<div class=\"w-grid-json hidden\" onclick='return {&quot;action&quot;:&quot;us_ajax_grid&quot;,&quot;infinite_scroll&quot;:0,&quot;max_num_pages&quot;:1,&quot;pagination&quot;:&quot;none&quot;,&quot;template_vars&quot;:{&quot;columns&quot;:&quot;3&quot;,&quot;exclude_items&quot;:&quot;none&quot;,&quot;img_size&quot;:&quot;default&quot;,&quot;ignore_items_size&quot;:0,&quot;items_layout&quot;:&quot;17271&quot;,&quot;items_offset&quot;:&quot;1&quot;,&quot;load_animation&quot;:&quot;none&quot;,&quot;overriding_link&quot;:&quot;{\\&quot;url\\&quot;:\\&quot;\\&quot;}&quot;,&quot;post_id&quot;:0,&quot;query_args&quot;:{&quot;ignore_sticky_posts&quot;:1,&quot;post_type&quot;:&quot;any&quot;,&quot;post__in&quot;:[&quot;17224&quot;,&quot;17233&quot;,&quot;17231&quot;,&quot;17228&quot;,&quot;17226&quot;],&quot;tax_query&quot;:[{&quot;taxonomy&quot;:&quot;product_visibility&quot;,&quot;field&quot;:&quot;slug&quot;,&quot;terms&quot;:[&quot;exclude-from-catalog&quot;],&quot;operator&quot;:&quot;NOT IN&quot;}],&quot;posts_per_page&quot;:&quot;6&quot;},&quot;orderby_query_args&quot;:{&quot;orderby&quot;:{&quot;post__in&quot;:&quot;ASC&quot;},&quot;order&quot;:&quot;ASC&quot;},&quot;type&quot;:&quot;grid&quot;,&quot;us_grid_post_type&quot;:&quot;ids&quot;,&quot;us_grid_ajax_index&quot;:1,&quot;us_grid_filter_query_string&quot;:null,&quot;us_grid_index&quot;:1,&quot;page_args&quot;:[],&quot;lang&quot;:&quot;fr&quot;}}'><\/div>\r\n\t<\/div><\/div><\/div><\/div><\/div><\/section><section class=\"l-section wpb_row fascia-elenco-news-due height_medium\" id=\"news_correlate\"><div class=\"l-section-h i-cf\"><div class=\"g-cols vc_row via_grid cols_1 laptops-cols_inherit tablets-cols_inherit mobiles-cols_1 valign_top type_default stacking_default\"><div class=\"wpb_column vc_column_container\"><div class=\"vc_column-inner\"><div class=\"wpb_text_column\"><div class=\"wpb_wrapper\"><h3><span class=\"azzurro\">Actualit\u00e9s connexes<\/span><\/h3>\n<\/div><\/div><div class=\"w-separator size_medium\"><\/div><div class=\"w-grid type_grid layout_16987 hidden cols_3 pagination_ajax\" id=\"us_grid_2\" style=\"--gap:1.5rem;\" data-filterable=\"true\"><style>@media (max-width:1024px){#us_grid_2 .w-grid-item{width:50%}}@media (max-width:600px){#us_grid_2 .w-grid-list{margin:0}#us_grid_2 .w-grid-item{width:100%;padding:0;margin-bottom:var(--gap,0px)}}.layout_16987 .w-grid-item-h{}<\/style><div class=\"w-grid-list\"><\/div><div class=\"w-grid-preloader\">\t<div class=\"g-preloader type_1\">\r\n\t\t<div><\/div>\r\n\t<\/div>\r\n\t<\/div>\t<div class=\"w-grid-json hidden\" onclick='return {&quot;action&quot;:&quot;us_ajax_grid&quot;,&quot;infinite_scroll&quot;:0,&quot;max_num_pages&quot;:0,&quot;pagination&quot;:&quot;ajax&quot;,&quot;template_vars&quot;:{&quot;columns&quot;:&quot;3&quot;,&quot;exclude_items&quot;:&quot;none&quot;,&quot;img_size&quot;:&quot;default&quot;,&quot;ignore_items_size&quot;:0,&quot;items_layout&quot;:&quot;16987&quot;,&quot;items_offset&quot;:&quot;1&quot;,&quot;load_animation&quot;:&quot;none&quot;,&quot;overriding_link&quot;:&quot;{\\&quot;url\\&quot;:\\&quot;\\&quot;}&quot;,&quot;post_id&quot;:0,&quot;query_args&quot;:{&quot;post_type&quot;:[&quot;post&quot;],&quot;tax_query&quot;:[{&quot;taxonomy&quot;:&quot;post_tag&quot;,&quot;field&quot;:&quot;slug&quot;,&quot;terms&quot;:[&quot;gorge-et-voix&quot;,&quot;abaissement-de-la-voix&quot;]}],&quot;post_status&quot;:[&quot;publish&quot;,&quot;acf-disabled&quot;,&quot;mapped&quot;,&quot;needs_update&quot;],&quot;posts_per_page&quot;:&quot;6&quot;},&quot;orderby_query_args&quot;:{&quot;orderby&quot;:{&quot;date&quot;:&quot;DESC&quot;}},&quot;type&quot;:&quot;grid&quot;,&quot;us_grid_post_type&quot;:&quot;post&quot;,&quot;us_grid_ajax_index&quot;:2,&quot;us_grid_filter_query_string&quot;:null,&quot;us_grid_index&quot;:2,&quot;page_args&quot;:[],&quot;lang&quot;:&quot;fr&quot;}}'><\/div>\r\n\t<\/div><div class=\"w-grid-none type_message\">Aucun r\u00e9sultat.<\/div><\/div><\/div><\/div><\/div><\/section>\n","protected":false},"excerpt":{"rendered":"Coro Erisimo Gocce, compl\u00e9ment alimentaire \u00e0 base d\u2019extraits glycoliques de moutarde des haies, de mauve, de guimauve et de sauge, des ingr\u00e9dients actifs qui soutiennent la fonctionnalit\u00e9 de la voix et contribuent au bien-\u00eatre de la gorge et des voies respiratoires sup\u00e9rieures. La moutarde des haies (Sisymbrium officinale scop), ou \u00ab herbe des chanteurs \u00bb,...","protected":false},"author":5,"featured_media":19340,"parent":0,"menu_order":0,"comment_status":"closed","ping_status":"closed","template":"","meta":{"_acf_changed":false,"jetpack_post_was_ever_published":false,"footnotes":""},"class_list":["post-19255","page","type-page","status-publish","has-post-thumbnail","hentry"],"acf":[],"yoast_head":"<!-- This site is optimized with the Yoast SEO plugin v23.4 - https:\/\/yoast.com\/wordpress\/plugins\/seo\/ -->\n<title>Appareil Vocal et Respiratoire : Soins et Bien-\u00eatre | Promin<\/title>\n<meta name=\"description\" content=\"D\u00e9couvrez comment prendre soin de votre appareil vocal et respiratoire avec des solutions naturelles pour am\u00e9liorer votre confort et bien-\u00eatre.\" \/>\n<meta name=\"robots\" content=\"index, follow, max-snippet:-1, max-image-preview:large, max-video-preview:-1\" \/>\n<link rel=\"canonical\" href=\"https:\/\/www.promin.it\/fr\/appareil-vocal-respiratoire\/\" \/>\n<meta property=\"og:locale\" content=\"fr_FR\" \/>\n<meta property=\"og:type\" content=\"article\" \/>\n<meta property=\"og:title\" content=\"Appareil Vocal et Respiratoire : Soins et Bien-\u00eatre | Promin\" \/>\n<meta property=\"og:description\" content=\"D\u00e9couvrez comment prendre soin de votre appareil vocal et respiratoire avec des solutions naturelles pour am\u00e9liorer votre confort et bien-\u00eatre.\" \/>\n<meta property=\"og:url\" content=\"https:\/\/www.promin.it\/fr\/appareil-vocal-respiratoire\/\" \/>\n<meta property=\"og:site_name\" content=\"Promin\" \/>\n<meta property=\"article:publisher\" content=\"https:\/\/www.facebook.com\/prominmed\" \/>\n<meta property=\"article:modified_time\" content=\"2024-12-09T08:27:08+00:00\" \/>\n<meta property=\"og:image\" content=\"https:\/\/www.promin.it\/wp-content\/uploads\/2024\/10\/voce-apparato-respiratorio.webp\" \/>\n\t<meta property=\"og:image:width\" content=\"1632\" \/>\n\t<meta property=\"og:image:height\" content=\"1632\" \/>\n\t<meta property=\"og:image:type\" content=\"image\/webp\" \/>\n<meta name=\"twitter:card\" content=\"summary_large_image\" \/>\n<script type=\"application\/ld+json\" class=\"yoast-schema-graph\">{\"@context\":\"https:\/\/schema.org\",\"@graph\":[{\"@type\":\"WebPage\",\"@id\":\"https:\/\/www.promin.it\/fr\/appareil-vocal-respiratoire\/\",\"url\":\"https:\/\/www.promin.it\/fr\/appareil-vocal-respiratoire\/\",\"name\":\"Appareil Vocal et Respiratoire : Soins et Bien-\u00eatre | Promin\",\"isPartOf\":{\"@id\":\"https:\/\/www.promin.it\/#website\"},\"primaryImageOfPage\":{\"@id\":\"https:\/\/www.promin.it\/fr\/appareil-vocal-respiratoire\/#primaryimage\"},\"image\":{\"@id\":\"https:\/\/www.promin.it\/fr\/appareil-vocal-respiratoire\/#primaryimage\"},\"thumbnailUrl\":\"https:\/\/www.promin.it\/wp-content\/uploads\/2024\/10\/voce-apparato-respiratorio.webp\",\"datePublished\":\"2018-01-18T10:29:31+00:00\",\"dateModified\":\"2024-12-09T08:27:08+00:00\",\"description\":\"D\u00e9couvrez comment prendre soin de votre appareil vocal et respiratoire avec des solutions naturelles pour am\u00e9liorer votre confort et bien-\u00eatre.\",\"breadcrumb\":{\"@id\":\"https:\/\/www.promin.it\/fr\/appareil-vocal-respiratoire\/#breadcrumb\"},\"inLanguage\":\"fr-FR\",\"potentialAction\":[{\"@type\":\"ReadAction\",\"target\":[\"https:\/\/www.promin.it\/fr\/appareil-vocal-respiratoire\/\"]}]},{\"@type\":\"ImageObject\",\"inLanguage\":\"fr-FR\",\"@id\":\"https:\/\/www.promin.it\/fr\/appareil-vocal-respiratoire\/#primaryimage\",\"url\":\"https:\/\/www.promin.it\/wp-content\/uploads\/2024\/10\/voce-apparato-respiratorio.webp\",\"contentUrl\":\"https:\/\/www.promin.it\/wp-content\/uploads\/2024\/10\/voce-apparato-respiratorio.webp\",\"width\":1632,\"height\":1632},{\"@type\":\"BreadcrumbList\",\"@id\":\"https:\/\/www.promin.it\/fr\/appareil-vocal-respiratoire\/#breadcrumb\",\"itemListElement\":[{\"@type\":\"ListItem\",\"position\":1,\"name\":\"Accueil\",\"item\":\"https:\/\/www.promin.it\/fr\/\"},{\"@type\":\"ListItem\",\"position\":2,\"name\":\"Appareil vocal\/respiratoire\"}]},{\"@type\":\"WebSite\",\"@id\":\"https:\/\/www.promin.it\/#website\",\"url\":\"https:\/\/www.promin.it\/\",\"name\":\"Promin\",\"description\":\"Prodotti Medicina Integrata\",\"publisher\":{\"@id\":\"https:\/\/www.promin.it\/#organization\"},\"potentialAction\":[{\"@type\":\"SearchAction\",\"target\":{\"@type\":\"EntryPoint\",\"urlTemplate\":\"https:\/\/www.promin.it\/?s={search_term_string}\"},\"query-input\":{\"@type\":\"PropertyValueSpecification\",\"valueRequired\":true,\"valueName\":\"search_term_string\"}}],\"inLanguage\":\"fr-FR\"},{\"@type\":\"Organization\",\"@id\":\"https:\/\/www.promin.it\/#organization\",\"name\":\"Promin Srl\",\"alternateName\":\"Promin - Prodotti Medicina Integrata\",\"url\":\"https:\/\/www.promin.it\/\",\"logo\":{\"@type\":\"ImageObject\",\"inLanguage\":\"fr-FR\",\"@id\":\"https:\/\/www.promin.it\/#\/schema\/logo\/image\/\",\"url\":\"https:\/\/www.promin.it\/wp-content\/uploads\/2024\/11\/logo-promin-seo.jpg\",\"contentUrl\":\"https:\/\/www.promin.it\/wp-content\/uploads\/2024\/11\/logo-promin-seo.jpg\",\"width\":512,\"height\":512,\"caption\":\"Promin Srl\"},\"image\":{\"@id\":\"https:\/\/www.promin.it\/#\/schema\/logo\/image\/\"},\"sameAs\":[\"https:\/\/www.facebook.com\/prominmed\",\"https:\/\/www.instagram.com\/promin_medicina_integrata\/\",\"https:\/\/www.linkedin.com\/company\/promin-prodotti-medicina-integrata\/\"]}]}<\/script>\n<!-- \/ Yoast SEO plugin. -->","yoast_head_json":{"title":"Appareil Vocal et Respiratoire : Soins et Bien-\u00eatre | Promin","description":"D\u00e9couvrez comment prendre soin de votre appareil vocal et respiratoire avec des solutions naturelles pour am\u00e9liorer votre confort et bien-\u00eatre.","robots":{"index":"index","follow":"follow","max-snippet":"max-snippet:-1","max-image-preview":"max-image-preview:large","max-video-preview":"max-video-preview:-1"},"canonical":"https:\/\/www.promin.it\/fr\/appareil-vocal-respiratoire\/","og_locale":"fr_FR","og_type":"article","og_title":"Appareil Vocal et Respiratoire : Soins et Bien-\u00eatre | Promin","og_description":"D\u00e9couvrez comment prendre soin de votre appareil vocal et respiratoire avec des solutions naturelles pour am\u00e9liorer votre confort et bien-\u00eatre.","og_url":"https:\/\/www.promin.it\/fr\/appareil-vocal-respiratoire\/","og_site_name":"Promin","article_publisher":"https:\/\/www.facebook.com\/prominmed","article_modified_time":"2024-12-09T08:27:08+00:00","og_image":[{"width":1632,"height":1632,"url":"https:\/\/www.promin.it\/wp-content\/uploads\/2024\/10\/voce-apparato-respiratorio.webp","type":"image\/webp"}],"twitter_card":"summary_large_image","schema":{"@context":"https:\/\/schema.org","@graph":[{"@type":"WebPage","@id":"https:\/\/www.promin.it\/fr\/appareil-vocal-respiratoire\/","url":"https:\/\/www.promin.it\/fr\/appareil-vocal-respiratoire\/","name":"Appareil Vocal et Respiratoire : Soins et Bien-\u00eatre | Promin","isPartOf":{"@id":"https:\/\/www.promin.it\/#website"},"primaryImageOfPage":{"@id":"https:\/\/www.promin.it\/fr\/appareil-vocal-respiratoire\/#primaryimage"},"image":{"@id":"https:\/\/www.promin.it\/fr\/appareil-vocal-respiratoire\/#primaryimage"},"thumbnailUrl":"https:\/\/www.promin.it\/wp-content\/uploads\/2024\/10\/voce-apparato-respiratorio.webp","datePublished":"2018-01-18T10:29:31+00:00","dateModified":"2024-12-09T08:27:08+00:00","description":"D\u00e9couvrez comment prendre soin de votre appareil vocal et respiratoire avec des solutions naturelles pour am\u00e9liorer votre confort et bien-\u00eatre.","breadcrumb":{"@id":"https:\/\/www.promin.it\/fr\/appareil-vocal-respiratoire\/#breadcrumb"},"inLanguage":"fr-FR","potentialAction":[{"@type":"ReadAction","target":["https:\/\/www.promin.it\/fr\/appareil-vocal-respiratoire\/"]}]},{"@type":"ImageObject","inLanguage":"fr-FR","@id":"https:\/\/www.promin.it\/fr\/appareil-vocal-respiratoire\/#primaryimage","url":"https:\/\/www.promin.it\/wp-content\/uploads\/2024\/10\/voce-apparato-respiratorio.webp","contentUrl":"https:\/\/www.promin.it\/wp-content\/uploads\/2024\/10\/voce-apparato-respiratorio.webp","width":1632,"height":1632},{"@type":"BreadcrumbList","@id":"https:\/\/www.promin.it\/fr\/appareil-vocal-respiratoire\/#breadcrumb","itemListElement":[{"@type":"ListItem","position":1,"name":"Accueil","item":"https:\/\/www.promin.it\/fr\/"},{"@type":"ListItem","position":2,"name":"Appareil vocal\/respiratoire"}]},{"@type":"WebSite","@id":"https:\/\/www.promin.it\/#website","url":"https:\/\/www.promin.it\/","name":"Promin","description":"Prodotti Medicina Integrata","publisher":{"@id":"https:\/\/www.promin.it\/#organization"},"potentialAction":[{"@type":"SearchAction","target":{"@type":"EntryPoint","urlTemplate":"https:\/\/www.promin.it\/?s={search_term_string}"},"query-input":{"@type":"PropertyValueSpecification","valueRequired":true,"valueName":"search_term_string"}}],"inLanguage":"fr-FR"},{"@type":"Organization","@id":"https:\/\/www.promin.it\/#organization","name":"Promin Srl","alternateName":"Promin - Prodotti Medicina Integrata","url":"https:\/\/www.promin.it\/","logo":{"@type":"ImageObject","inLanguage":"fr-FR","@id":"https:\/\/www.promin.it\/#\/schema\/logo\/image\/","url":"https:\/\/www.promin.it\/wp-content\/uploads\/2024\/11\/logo-promin-seo.jpg","contentUrl":"https:\/\/www.promin.it\/wp-content\/uploads\/2024\/11\/logo-promin-seo.jpg","width":512,"height":512,"caption":"Promin Srl"},"image":{"@id":"https:\/\/www.promin.it\/#\/schema\/logo\/image\/"},"sameAs":["https:\/\/www.facebook.com\/prominmed","https:\/\/www.instagram.com\/promin_medicina_integrata\/","https:\/\/www.linkedin.com\/company\/promin-prodotti-medicina-integrata\/"]}]}},"jetpack_sharing_enabled":true,"jetpack_shortlink":"https:\/\/wp.me\/PaiRmh-50z","_links":{"self":[{"href":"https:\/\/www.promin.it\/fr\/wp-json\/wp\/v2\/pages\/19255"}],"collection":[{"href":"https:\/\/www.promin.it\/fr\/wp-json\/wp\/v2\/pages"}],"about":[{"href":"https:\/\/www.promin.it\/fr\/wp-json\/wp\/v2\/types\/page"}],"author":[{"embeddable":true,"href":"https:\/\/www.promin.it\/fr\/wp-json\/wp\/v2\/users\/5"}],"replies":[{"embeddable":true,"href":"https:\/\/www.promin.it\/fr\/wp-json\/wp\/v2\/comments?post=19255"}],"version-history":[{"count":2,"href":"https:\/\/www.promin.it\/fr\/wp-json\/wp\/v2\/pages\/19255\/revisions"}],"predecessor-version":[{"id":20378,"href":"https:\/\/www.promin.it\/fr\/wp-json\/wp\/v2\/pages\/19255\/revisions\/20378"}],"wp:featuredmedia":[{"embeddable":true,"href":"https:\/\/www.promin.it\/fr\/wp-json\/wp\/v2\/media\/19340"}],"wp:attachment":[{"href":"https:\/\/www.promin.it\/fr\/wp-json\/wp\/v2\/media?parent=19255"}],"curies":[{"name":"wp","href":"https:\/\/api.w.org\/{rel}","templated":true}]}}